{"id":19596,"date":"2024-10-31T08:40:00","date_gmt":"2024-10-31T08:40:00","guid":{"rendered":"https:\/\/birdinginspainswildwest.com\/que-ver\/"},"modified":"2025-03-28T20:18:33","modified_gmt":"2025-03-28T20:18:33","slug":"que-ver","status":"publish","type":"page","link":"https:\/\/birdinginspainswildwest.com\/es\/que-ver\/","title":{"rendered":"Qu\u00e9 ver"},"content":{"rendered":"\t\t<div data-elementor-type=\"wp-page\" data-elementor-id=\"19596\" class=\"elementor elementor-19596 elementor-18877\">\n\t\t\t\t\t\t<section class=\"elementor-section elementor-top-section elementor-element elementor-element-6398c36 elementor-section-height-min-height elementor-section-boxed elementor-section-height-default elementor-section-items-middle sc_fly_static\" data-id=\"6398c36\" data-element_type=\"section\" data-e-type=\"section\" data-settings=\"{&quot;background_background&quot;:&quot;classic&quot;}\">\n\t\t\t\t\t\t<div class=\"elementor-container elementor-column-gap-extended\">\n\t\t\t\t\t<div class=\"elementor-column elementor-col-100 elementor-top-column elementor-element elementor-element-9f80994 sc_content_align_inherit sc_layouts_column_icons_position_left sc_fly_static\" data-id=\"9f80994\" data-element_type=\"column\" data-e-type=\"column\">\n\t\t\t<div class=\"elementor-widget-wrap elementor-element-populated\">\n\t\t\t\t\t\t<div class=\"elementor-element elementor-element-5aa6418 sc_height_large sc_fly_static elementor-widget elementor-widget-spacer\" data-id=\"5aa6418\" data-element_type=\"widget\" data-e-type=\"widget\" data-widget_type=\"spacer.default\">\n\t\t\t\t<div class=\"elementor-widget-container\">\n\t\t\t\t\t\t\t<div class=\"elementor-spacer\">\n\t\t\t<div class=\"elementor-spacer-inner\"><\/div>\n\t\t<\/div>\n\t\t\t\t\t\t<\/div>\n\t\t\t\t<\/div>\n\t\t\t\t<div class=\"elementor-element elementor-element-1d5d91d sc_fly_static elementor-widget elementor-widget-trx_sc_title\" data-id=\"1d5d91d\" data-element_type=\"widget\" data-e-type=\"widget\" data-widget_type=\"trx_sc_title.default\">\n\t\t\t\t<div class=\"elementor-widget-container\">\n\t\t\t\t\t<div\t\tclass=\"sc_title sc_title_default\" ><h1 class=\"sc_item_title sc_title_title sc_align_center sc_item_title_style_default sc_item_title_tag trx_addons_inline_2080874591\"\n\t\t\t><span class=\"sc_item_title_text\">Qu\u00e9 ver<\/span><\/h1><\/div>\t\t\t\t<\/div>\n\t\t\t\t<\/div>\n\t\t\t\t<div class=\"elementor-element elementor-element-e687251 sc_height_small sc_fly_static elementor-widget elementor-widget-spacer\" data-id=\"e687251\" data-element_type=\"widget\" data-e-type=\"widget\" data-widget_type=\"spacer.default\">\n\t\t\t\t<div class=\"elementor-widget-container\">\n\t\t\t\t\t\t\t<div class=\"elementor-spacer\">\n\t\t\t<div class=\"elementor-spacer-inner\"><\/div>\n\t\t<\/div>\n\t\t\t\t\t\t<\/div>\n\t\t\t\t<\/div>\n\t\t\t\t<div class=\"elementor-element elementor-element-0a7807f sc_fly_static elementor-widget elementor-widget-trx_sc_button\" data-id=\"0a7807f\" data-element_type=\"widget\" data-e-type=\"widget\" data-widget_type=\"trx_sc_button.default\">\n\t\t\t\t<div class=\"elementor-widget-container\">\n\t\t\t\t\t<div\tclass=\"sc_item_button sc_button_wrap sc_align_center\" ><a href=\"https:\/\/birdinginspainswildwest.com\/es\/fotografias-de-clientes\/\" class=\"sc_button sc_button_default sc_button_size_small sc_button_icon_left\" ><span class=\"sc_button_text\"><span class=\"sc_button_title\">Fotograf\u00edas de clientes<\/span><\/span><\/a><\/div>\t\t\t\t<\/div>\n\t\t\t\t<\/div>\n\t\t\t\t<div class=\"elementor-element elementor-element-20b1561 sc_height_large sc_fly_static elementor-widget elementor-widget-spacer\" data-id=\"20b1561\" data-element_type=\"widget\" data-e-type=\"widget\" data-widget_type=\"spacer.default\">\n\t\t\t\t<div class=\"elementor-widget-container\">\n\t\t\t\t\t\t\t<div class=\"elementor-spacer\">\n\t\t\t<div class=\"elementor-spacer-inner\"><\/div>\n\t\t<\/div>\n\t\t\t\t\t\t<\/div>\n\t\t\t\t<\/div>\n\t\t\t\t\t<\/div>\n\t\t<\/div>\n\t\t\t\t\t<\/div>\n\t\t<\/section>\n\t\t\t\t<section class=\"elementor-section elementor-top-section elementor-element elementor-element-050d098 elementor-section-boxed elementor-section-height-default elementor-section-height-default sc_fly_static\" data-id=\"050d098\" data-element_type=\"section\" data-e-type=\"section\" data-settings=\"{&quot;background_background&quot;:&quot;classic&quot;}\">\n\t\t\t\t\t\t<div class=\"elementor-container elementor-column-gap-no\">\n\t\t\t\t\t<div class=\"elementor-column elementor-col-100 elementor-top-column elementor-element elementor-element-f496e16 sc_content_align_inherit sc_layouts_column_icons_position_left sc_fly_static\" data-id=\"f496e16\" data-element_type=\"column\" data-e-type=\"column\">\n\t\t\t<div class=\"elementor-widget-wrap elementor-element-populated\">\n\t\t\t\t\t\t<div class=\"elementor-element elementor-element-cb46098 sc_height_large sc_fly_static elementor-widget elementor-widget-spacer\" data-id=\"cb46098\" data-element_type=\"widget\" data-e-type=\"widget\" data-widget_type=\"spacer.default\">\n\t\t\t\t<div class=\"elementor-widget-container\">\n\t\t\t\t\t\t\t<div class=\"elementor-spacer\">\n\t\t\t<div class=\"elementor-spacer-inner\"><\/div>\n\t\t<\/div>\n\t\t\t\t\t\t<\/div>\n\t\t\t\t<\/div>\n\t\t\t\t<div class=\"elementor-element elementor-element-e13d098 sc_fly_static elementor-widget elementor-widget-text-editor\" data-id=\"e13d098\" data-element_type=\"widget\" data-e-type=\"widget\" data-widget_type=\"text-editor.default\">\n\t\t\t\t<div class=\"elementor-widget-container\">\n\t\t\t\t\t\t\t\t\t<p style=\"margin: 0cm 0cm 12.0pt 0cm;\"><span style=\"font-size: 13.0pt; font-family: 'Arial',sans-serif; color: #6b6e71;\">A lo largo de m\u00e1s de un a\u00f1o Vega ha recorrido gran parte de la Reserva de la Biosfera\u00a0identificando,\u00a0inventariando\u00a0y fotografiando flora y fauna de especial inter\u00e9s para el ecoturismo.\u00a0 Puedes ver el resultado aqu\u00ed:\u00a0<\/span><\/p><p style=\"margin: 0cm; margin-bottom: .0001pt;\"><a href=\"https:\/\/reservadelabiosferasierrasdebejaryfrancia.wordpress.com\/\" target=\"_blank\" rel=\"noopener noreferrer nofollow\"><strong><span style=\"font-size: 13.0pt; font-family: 'Arial',sans-serif; color: #6b6e71;\">Inventario de Fauna y Flora de la Reserva de la Biosfera Sierras de B\u00e9jar y Francia <\/span><\/strong><\/a><span style=\"font-size: 13.0pt; font-family: 'Arial',sans-serif; color: #6b6e71;\">o <\/span><span style=\"font-size: 13.0pt; font-family: 'Arial',sans-serif; color: #6b6e71;\">descargar los PDF:<\/span><\/p><ul><li><a href=\"https:\/\/birdinginspainswildwest.com\/wp-content\/uploads\/2025\/03\/PDF-AVES-1-1.pdf\" target=\"_blank\" rel=\"noopener\">PDF AVES<\/a><\/li><li><a href=\"https:\/\/birdinginspainswildwest.com\/wp-content\/uploads\/2025\/03\/PDF-FAUNA.pdf\" target=\"_blank\" rel=\"noopener\">PDF FAUNA<\/a><\/li><li><a href=\"https:\/\/birdinginspainswildwest.com\/wp-content\/uploads\/2025\/03\/PDF-FLORA-esp.-1-1.pdf\" target=\"_blank\" rel=\"noopener\">PDF FLORA<\/a><\/li><li><a href=\"https:\/\/birdinginspainswildwest.com\/wp-content\/uploads\/2025\/03\/PDF-MARIPOSAS-E-INVERTEBRADOS-para-descargar-1-4.pdf\">PDF MARIPOSAS E INVERTEBRADOS<\/a><\/li><\/ul>\t\t\t\t\t\t\t\t<\/div>\n\t\t\t\t<\/div>\n\t\t\t\t<div class=\"elementor-element elementor-element-c907f32 sc_fly_static elementor-widget elementor-widget-spacer\" data-id=\"c907f32\" data-element_type=\"widget\" data-e-type=\"widget\" data-widget_type=\"spacer.default\">\n\t\t\t\t<div class=\"elementor-widget-container\">\n\t\t\t\t\t\t\t<div class=\"elementor-spacer\">\n\t\t\t<div class=\"elementor-spacer-inner\"><\/div>\n\t\t<\/div>\n\t\t\t\t\t\t<\/div>\n\t\t\t\t<\/div>\n\t\t\t\t<div class=\"elementor-element elementor-element-7c62b69 sc_fly_static elementor-widget elementor-widget-heading\" data-id=\"7c62b69\" data-element_type=\"widget\" data-e-type=\"widget\" data-widget_type=\"heading.default\">\n\t\t\t\t<div class=\"elementor-widget-container\">\n\t\t\t\t\t<h2 class=\"elementor-heading-title elementor-size-default\">Algunas especies que podr\u00e1s ver en nuestras salidas.<\/h2>\t\t\t\t<\/div>\n\t\t\t\t<\/div>\n\t\t\t\t<div class=\"elementor-element elementor-element-684992c sc_fly_static elementor-widget elementor-widget-spacer\" data-id=\"684992c\" data-element_type=\"widget\" data-e-type=\"widget\" data-widget_type=\"spacer.default\">\n\t\t\t\t<div class=\"elementor-widget-container\">\n\t\t\t\t\t\t\t<div class=\"elementor-spacer\">\n\t\t\t<div class=\"elementor-spacer-inner\"><\/div>\n\t\t<\/div>\n\t\t\t\t\t\t<\/div>\n\t\t\t\t<\/div>\n\t\t\t\t<div class=\"elementor-element elementor-element-4d6e227 gallery-spacing-custom sc_fly_static elementor-widget elementor-widget-image-gallery\" data-id=\"4d6e227\" data-element_type=\"widget\" data-e-type=\"widget\" data-widget_type=\"image-gallery.default\">\n\t\t\t\t<div class=\"elementor-widget-container\">\n\t\t\t\t\t\t\t<div class=\"elementor-image-gallery\">\n\t\t\t<div id='gallery-1' class='gallery galleryid-19596 gallery-columns-3 gallery-size-full'><figure class='gallery-item'>\n\t\t\t<div class='gallery-icon landscape'>\n\t\t\t\t<a data-elementor-open-lightbox=\"yes\" data-elementor-lightbox-slideshow=\"4d6e227\" data-elementor-lightbox-title=\"Woodchat shrike Alcaud\u00f3n com\u00fan Lanius senator\" data-elementor-lightbox-description=\"Woodchat shrike on fence\" data-e-action-hash=\"#elementor-action%3Aaction%3Dlightbox%26settings%3DeyJpZCI6MTkzMDEsInVybCI6Imh0dHBzOlwvXC9iaXJkaW5naW5zcGFpbnN3aWxkd2VzdC5jb21cL3dwLWNvbnRlbnRcL3VwbG9hZHNcLzIwMjRcLzEwXC93b29kY2hhdC1zaHJpa2UtYWxjYXVkb24tY29tdW4tbGFuaXVzLXNlbmF0b3ItLndlYnAiLCJzbGlkZXNob3ciOiI0ZDZlMjI3In0%3D\" title=\"Woodchat shrike Alcaud\u00f3n com\u00fan \nBirding in Spains Wild WestLanius senator\" href='https:\/\/birdinginspainswildwest.com\/wp-content\/uploads\/2024\/10\/woodchat-shrike-alcaudon-comun-lanius-senator-.webp'><img fetchpriority=\"high\" decoding=\"async\" width=\"890\" height=\"668\" src=\"https:\/\/birdinginspainswildwest.com\/wp-content\/uploads\/2024\/10\/woodchat-shrike-alcaudon-comun-lanius-senator-.webp\" class=\"attachment-full size-full\" alt=\"Woodchat shrike Alcaud\u00f3n com\u00fan \nBirding in Spains Wild WestLanius senator\" aria-describedby=\"gallery-1-19301\" srcset=\"https:\/\/birdinginspainswildwest.com\/wp-content\/uploads\/2024\/10\/woodchat-shrike-alcaudon-comun-lanius-senator-.webp 890w, https:\/\/birdinginspainswildwest.com\/wp-content\/uploads\/2024\/10\/woodchat-shrike-alcaudon-comun-lanius-senator--300x225.webp 300w, https:\/\/birdinginspainswildwest.com\/wp-content\/uploads\/2024\/10\/woodchat-shrike-alcaudon-comun-lanius-senator--768x576.webp 768w, https:\/\/birdinginspainswildwest.com\/wp-content\/uploads\/2024\/10\/woodchat-shrike-alcaudon-comun-lanius-senator--370x278.webp 370w, https:\/\/birdinginspainswildwest.com\/wp-content\/uploads\/2024\/10\/woodchat-shrike-alcaudon-comun-lanius-senator--840x630.webp 840w, https:\/\/birdinginspainswildwest.com\/wp-content\/uploads\/2024\/10\/woodchat-shrike-alcaudon-comun-lanius-senator--410x308.webp 410w\" sizes=\"(max-width: 890px) 100vw, 890px\" \/><\/a>\n\t\t\t<\/div>\n\t\t\t\t<figcaption class='wp-caption-text gallery-caption' id='gallery-1-19301'>\n\t\t\t\tWoodchat shrike Alcaud\u00f3n com\u00fan Lanius senator \n\t\t\t\t<\/figcaption><\/figure><figure class='gallery-item'>\n\t\t\t<div class='gallery-icon landscape'>\n\t\t\t\t<a data-elementor-open-lightbox=\"yes\" data-elementor-lightbox-slideshow=\"4d6e227\" data-elementor-lightbox-title=\"Zitting cisticola Buitron Cisticola juncidis\" data-elementor-lightbox-description=\"Zitting cisticola Buitron Cisticola juncidis on fence\" data-e-action-hash=\"#elementor-action%3Aaction%3Dlightbox%26settings%3DeyJpZCI6MTkzMDMsInVybCI6Imh0dHBzOlwvXC9iaXJkaW5naW5zcGFpbnN3aWxkd2VzdC5jb21cL3dwLWNvbnRlbnRcL3VwbG9hZHNcLzIwMjRcLzEwXC96aXR0aW5nLWNpc3RpY29sYS1idWl0cm9uLWNpc3RpY29sYS1qdW5jaWRpcy53ZWJwIiwic2xpZGVzaG93IjoiNGQ2ZTIyNyJ9\" title=\"Zitting cisticola Buitron Cisticola juncidis\nBirding in Spains Wild West\" href='https:\/\/birdinginspainswildwest.com\/wp-content\/uploads\/2024\/10\/zitting-cisticola-buitron-cisticola-juncidis.webp'><img decoding=\"async\" width=\"890\" height=\"668\" src=\"https:\/\/birdinginspainswildwest.com\/wp-content\/uploads\/2024\/10\/zitting-cisticola-buitron-cisticola-juncidis.webp\" class=\"attachment-full size-full\" alt=\"Zitting cisticola Buitron Cisticola juncidis\nBirding in Spains Wild West\" aria-describedby=\"gallery-1-19303\" srcset=\"https:\/\/birdinginspainswildwest.com\/wp-content\/uploads\/2024\/10\/zitting-cisticola-buitron-cisticola-juncidis.webp 890w, https:\/\/birdinginspainswildwest.com\/wp-content\/uploads\/2024\/10\/zitting-cisticola-buitron-cisticola-juncidis-300x225.webp 300w, https:\/\/birdinginspainswildwest.com\/wp-content\/uploads\/2024\/10\/zitting-cisticola-buitron-cisticola-juncidis-768x576.webp 768w, https:\/\/birdinginspainswildwest.com\/wp-content\/uploads\/2024\/10\/zitting-cisticola-buitron-cisticola-juncidis-370x278.webp 370w, https:\/\/birdinginspainswildwest.com\/wp-content\/uploads\/2024\/10\/zitting-cisticola-buitron-cisticola-juncidis-840x630.webp 840w, https:\/\/birdinginspainswildwest.com\/wp-content\/uploads\/2024\/10\/zitting-cisticola-buitron-cisticola-juncidis-410x308.webp 410w\" sizes=\"(max-width: 890px) 100vw, 890px\" \/><\/a>\n\t\t\t<\/div>\n\t\t\t\t<figcaption class='wp-caption-text gallery-caption' id='gallery-1-19303'>\n\t\t\t\tZitting cisticola Buitron Cisticola juncidis \n\t\t\t\t<\/figcaption><\/figure><figure class='gallery-item'>\n\t\t\t<div class='gallery-icon landscape'>\n\t\t\t\t<a data-elementor-open-lightbox=\"yes\" data-elementor-lightbox-slideshow=\"4d6e227\" data-elementor-lightbox-title=\"White stork Cig\u00fce\u00f1a blanca Ciconia ciconia\" data-elementor-lightbox-description=\"White stork Cig\u00fce\u00f1a blanca Ciconia ciconia  in field\" data-e-action-hash=\"#elementor-action%3Aaction%3Dlightbox%26settings%3DeyJpZCI6MTkzMDUsInVybCI6Imh0dHBzOlwvXC9iaXJkaW5naW5zcGFpbnN3aWxkd2VzdC5jb21cL3dwLWNvbnRlbnRcL3VwbG9hZHNcLzIwMjRcLzEwXC93aGl0ZS1zdG9yay1jaWd1ZW5hLWJsYW5jYS1jaWNvbmlhLWNpY29uaWEud2VicCIsInNsaWRlc2hvdyI6IjRkNmUyMjcifQ%3D%3D\" title=\"White stork Cig\u00fce\u00f1a blanca Ciconia ciconia\nBirding in Spains Wild West\" href='https:\/\/birdinginspainswildwest.com\/wp-content\/uploads\/2024\/10\/white-stork-ciguena-blanca-ciconia-ciconia.webp'><img decoding=\"async\" width=\"890\" height=\"668\" src=\"https:\/\/birdinginspainswildwest.com\/wp-content\/uploads\/2024\/10\/white-stork-ciguena-blanca-ciconia-ciconia.webp\" class=\"attachment-full size-full\" alt=\"White stork Cig\u00fce\u00f1a blanca Ciconia ciconia\nBirding in Spains Wild West\" aria-describedby=\"gallery-1-19305\" srcset=\"https:\/\/birdinginspainswildwest.com\/wp-content\/uploads\/2024\/10\/white-stork-ciguena-blanca-ciconia-ciconia.webp 890w, https:\/\/birdinginspainswildwest.com\/wp-content\/uploads\/2024\/10\/white-stork-ciguena-blanca-ciconia-ciconia-300x225.webp 300w, https:\/\/birdinginspainswildwest.com\/wp-content\/uploads\/2024\/10\/white-stork-ciguena-blanca-ciconia-ciconia-768x576.webp 768w, https:\/\/birdinginspainswildwest.com\/wp-content\/uploads\/2024\/10\/white-stork-ciguena-blanca-ciconia-ciconia-370x278.webp 370w, https:\/\/birdinginspainswildwest.com\/wp-content\/uploads\/2024\/10\/white-stork-ciguena-blanca-ciconia-ciconia-840x630.webp 840w, https:\/\/birdinginspainswildwest.com\/wp-content\/uploads\/2024\/10\/white-stork-ciguena-blanca-ciconia-ciconia-410x308.webp 410w\" sizes=\"(max-width: 890px) 100vw, 890px\" \/><\/a>\n\t\t\t<\/div>\n\t\t\t\t<figcaption class='wp-caption-text gallery-caption' id='gallery-1-19305'>\n\t\t\t\tWhite stork Cig\u00fce\u00f1a blanca Ciconia ciconia \n\t\t\t\t<\/figcaption><\/figure><figure class='gallery-item'>\n\t\t\t<div class='gallery-icon landscape'>\n\t\t\t\t<a data-elementor-open-lightbox=\"yes\" data-elementor-lightbox-slideshow=\"4d6e227\" data-elementor-lightbox-title=\"Wild boar Jabal\u00ed Sus scrofa\" data-elementor-lightbox-description=\"Wild boar Jabal\u00ed Sus scrofa in field\" data-e-action-hash=\"#elementor-action%3Aaction%3Dlightbox%26settings%3DeyJpZCI6MTkzMDcsInVybCI6Imh0dHBzOlwvXC9iaXJkaW5naW5zcGFpbnN3aWxkd2VzdC5jb21cL3dwLWNvbnRlbnRcL3VwbG9hZHNcLzIwMjRcLzEwXC93aWxkLWJvYXItamFiYWxpLXN1cy1zY3JvZmEud2VicCIsInNsaWRlc2hvdyI6IjRkNmUyMjcifQ%3D%3D\" title=\"Wild boar Jabal\u00ed Sus scrofa Birding in Spains Wild West\" href='https:\/\/birdinginspainswildwest.com\/wp-content\/uploads\/2024\/10\/wild-boar-jabali-sus-scrofa.webp'><img loading=\"lazy\" decoding=\"async\" width=\"890\" height=\"668\" src=\"https:\/\/birdinginspainswildwest.com\/wp-content\/uploads\/2024\/10\/wild-boar-jabali-sus-scrofa.webp\" class=\"attachment-full size-full\" alt=\"Wild boar Jabal\u00ed Sus scrofa Birding in Spains Wild West\" aria-describedby=\"gallery-1-19307\" srcset=\"https:\/\/birdinginspainswildwest.com\/wp-content\/uploads\/2024\/10\/wild-boar-jabali-sus-scrofa.webp 890w, https:\/\/birdinginspainswildwest.com\/wp-content\/uploads\/2024\/10\/wild-boar-jabali-sus-scrofa-300x225.webp 300w, https:\/\/birdinginspainswildwest.com\/wp-content\/uploads\/2024\/10\/wild-boar-jabali-sus-scrofa-768x576.webp 768w, https:\/\/birdinginspainswildwest.com\/wp-content\/uploads\/2024\/10\/wild-boar-jabali-sus-scrofa-370x278.webp 370w, https:\/\/birdinginspainswildwest.com\/wp-content\/uploads\/2024\/10\/wild-boar-jabali-sus-scrofa-840x630.webp 840w, https:\/\/birdinginspainswildwest.com\/wp-content\/uploads\/2024\/10\/wild-boar-jabali-sus-scrofa-410x308.webp 410w\" sizes=\"(max-width: 890px) 100vw, 890px\" \/><\/a>\n\t\t\t<\/div>\n\t\t\t\t<figcaption class='wp-caption-text gallery-caption' id='gallery-1-19307'>\n\t\t\t\tWild boar Jabal\u00ed Sus scrofa\n\t\t\t\t<\/figcaption><\/figure><figure class='gallery-item'>\n\t\t\t<div class='gallery-icon landscape'>\n\t\t\t\t<a data-elementor-open-lightbox=\"yes\" data-elementor-lightbox-slideshow=\"4d6e227\" data-elementor-lightbox-title=\"Two-tailed pasha Madro\u00f1o   Charaxes jasius\" data-elementor-lightbox-description=\"Butterfly on stone\" data-e-action-hash=\"#elementor-action%3Aaction%3Dlightbox%26settings%3DeyJpZCI6MTkzMDksInVybCI6Imh0dHBzOlwvXC9iaXJkaW5naW5zcGFpbnN3aWxkd2VzdC5jb21cL3dwLWNvbnRlbnRcL3VwbG9hZHNcLzIwMjRcLzEwXC90d28tdGFpbGVkLXBhc2hhLW1hZHJvbm8tY2hhcmF4ZXMtamFzaXVzLndlYnAiLCJzbGlkZXNob3ciOiI0ZDZlMjI3In0%3D\" title=\"Two-tailed pasha Madro\u00f1o Charaxes jasius\nBirding in Spains Wild West\" href='https:\/\/birdinginspainswildwest.com\/wp-content\/uploads\/2024\/10\/two-tailed-pasha-madrono-charaxes-jasius.webp'><img loading=\"lazy\" decoding=\"async\" width=\"890\" height=\"668\" src=\"https:\/\/birdinginspainswildwest.com\/wp-content\/uploads\/2024\/10\/two-tailed-pasha-madrono-charaxes-jasius.webp\" class=\"attachment-full size-full\" alt=\"Two-tailed pasha Madro\u00f1o Charaxes jasius\nBirding in Spains Wild West\" aria-describedby=\"gallery-1-19309\" srcset=\"https:\/\/birdinginspainswildwest.com\/wp-content\/uploads\/2024\/10\/two-tailed-pasha-madrono-charaxes-jasius.webp 890w, https:\/\/birdinginspainswildwest.com\/wp-content\/uploads\/2024\/10\/two-tailed-pasha-madrono-charaxes-jasius-300x225.webp 300w, https:\/\/birdinginspainswildwest.com\/wp-content\/uploads\/2024\/10\/two-tailed-pasha-madrono-charaxes-jasius-768x576.webp 768w, https:\/\/birdinginspainswildwest.com\/wp-content\/uploads\/2024\/10\/two-tailed-pasha-madrono-charaxes-jasius-370x278.webp 370w, https:\/\/birdinginspainswildwest.com\/wp-content\/uploads\/2024\/10\/two-tailed-pasha-madrono-charaxes-jasius-840x630.webp 840w, https:\/\/birdinginspainswildwest.com\/wp-content\/uploads\/2024\/10\/two-tailed-pasha-madrono-charaxes-jasius-410x308.webp 410w\" sizes=\"(max-width: 890px) 100vw, 890px\" \/><\/a>\n\t\t\t<\/div>\n\t\t\t\t<figcaption class='wp-caption-text gallery-caption' id='gallery-1-19309'>\n\t\t\t\tTwo-tailed pasha Madro\u00f1o   Charaxes jasius \n\t\t\t\t<\/figcaption><\/figure><figure class='gallery-item'>\n\t\t\t<div class='gallery-icon landscape'>\n\t\t\t\t<a data-elementor-open-lightbox=\"yes\" data-elementor-lightbox-slideshow=\"4d6e227\" data-elementor-lightbox-title=\"Thekla lark Cogujada montesina Galerida theklae\" data-elementor-lightbox-description=\"Thekla lark on post Birding in Spains Wild West\" data-e-action-hash=\"#elementor-action%3Aaction%3Dlightbox%26settings%3DeyJpZCI6MTkzMTEsInVybCI6Imh0dHBzOlwvXC9iaXJkaW5naW5zcGFpbnN3aWxkd2VzdC5jb21cL3dwLWNvbnRlbnRcL3VwbG9hZHNcLzIwMjRcLzEwXC90aGVrbGEtbGFyay1jb2d1amFkYS1tb250ZXNpbmEtZ2FsZXJpZGEtdGhla2xhZS53ZWJwIiwic2xpZGVzaG93IjoiNGQ2ZTIyNyJ9\" title=\"Thekla lark Cogujada montesina Galerida theklae Birding in Spains Wild West\" href='https:\/\/birdinginspainswildwest.com\/wp-content\/uploads\/2024\/10\/thekla-lark-cogujada-montesina-galerida-theklae.webp'><img loading=\"lazy\" decoding=\"async\" width=\"890\" height=\"668\" src=\"https:\/\/birdinginspainswildwest.com\/wp-content\/uploads\/2024\/10\/thekla-lark-cogujada-montesina-galerida-theklae.webp\" class=\"attachment-full size-full\" alt=\"Thekla lark Cogujada montesina Galerida theklae Birding in Spains Wild West\" aria-describedby=\"gallery-1-19311\" srcset=\"https:\/\/birdinginspainswildwest.com\/wp-content\/uploads\/2024\/10\/thekla-lark-cogujada-montesina-galerida-theklae.webp 890w, https:\/\/birdinginspainswildwest.com\/wp-content\/uploads\/2024\/10\/thekla-lark-cogujada-montesina-galerida-theklae-300x225.webp 300w, https:\/\/birdinginspainswildwest.com\/wp-content\/uploads\/2024\/10\/thekla-lark-cogujada-montesina-galerida-theklae-768x576.webp 768w, https:\/\/birdinginspainswildwest.com\/wp-content\/uploads\/2024\/10\/thekla-lark-cogujada-montesina-galerida-theklae-370x278.webp 370w, https:\/\/birdinginspainswildwest.com\/wp-content\/uploads\/2024\/10\/thekla-lark-cogujada-montesina-galerida-theklae-840x630.webp 840w, https:\/\/birdinginspainswildwest.com\/wp-content\/uploads\/2024\/10\/thekla-lark-cogujada-montesina-galerida-theklae-410x308.webp 410w\" sizes=\"(max-width: 890px) 100vw, 890px\" \/><\/a>\n\t\t\t<\/div>\n\t\t\t\t<figcaption class='wp-caption-text gallery-caption' id='gallery-1-19311'>\n\t\t\t\tThekla lark Cogujada montesina Galerida theklae \n\t\t\t\t<\/figcaption><\/figure><figure class='gallery-item'>\n\t\t\t<div class='gallery-icon landscape'>\n\t\t\t\t<a data-elementor-open-lightbox=\"yes\" data-elementor-lightbox-slideshow=\"4d6e227\" data-elementor-lightbox-title=\"Tree frog Ranita San Antonio Hyla arborea\" data-elementor-lightbox-description=\"Tree frog Ranita San Antonio Hyla arborea \nThekla lark Cogujada montesina Galerida theklae Birding in Spains Wild West\" data-e-action-hash=\"#elementor-action%3Aaction%3Dlightbox%26settings%3DeyJpZCI6MTkzMTMsInVybCI6Imh0dHBzOlwvXC9iaXJkaW5naW5zcGFpbnN3aWxkd2VzdC5jb21cL3dwLWNvbnRlbnRcL3VwbG9hZHNcLzIwMjRcLzEwXC90cmVlLWZyb2ctcmFuaXRhLXNhbi1hbnRvbmlvLWh5bGEtYXJib3JlYS53ZWJwIiwic2xpZGVzaG93IjoiNGQ2ZTIyNyJ9\" title=\"Tree frog Ranita San Antonio Hyla arborea\nThekla lark Cogujada montesina Galerida theklae Birding in Spains Wild West\" href='https:\/\/birdinginspainswildwest.com\/wp-content\/uploads\/2024\/10\/tree-frog-ranita-san-antonio-hyla-arborea.webp'><img loading=\"lazy\" decoding=\"async\" width=\"890\" height=\"668\" src=\"https:\/\/birdinginspainswildwest.com\/wp-content\/uploads\/2024\/10\/tree-frog-ranita-san-antonio-hyla-arborea.webp\" class=\"attachment-full size-full\" alt=\"Tree frog Ranita San Antonio Hyla arborea\nThekla lark Cogujada montesina Galerida theklae Birding in Spains Wild West\" aria-describedby=\"gallery-1-19313\" srcset=\"https:\/\/birdinginspainswildwest.com\/wp-content\/uploads\/2024\/10\/tree-frog-ranita-san-antonio-hyla-arborea.webp 890w, https:\/\/birdinginspainswildwest.com\/wp-content\/uploads\/2024\/10\/tree-frog-ranita-san-antonio-hyla-arborea-300x225.webp 300w, https:\/\/birdinginspainswildwest.com\/wp-content\/uploads\/2024\/10\/tree-frog-ranita-san-antonio-hyla-arborea-768x576.webp 768w, https:\/\/birdinginspainswildwest.com\/wp-content\/uploads\/2024\/10\/tree-frog-ranita-san-antonio-hyla-arborea-370x278.webp 370w, https:\/\/birdinginspainswildwest.com\/wp-content\/uploads\/2024\/10\/tree-frog-ranita-san-antonio-hyla-arborea-840x630.webp 840w, https:\/\/birdinginspainswildwest.com\/wp-content\/uploads\/2024\/10\/tree-frog-ranita-san-antonio-hyla-arborea-410x308.webp 410w\" sizes=\"(max-width: 890px) 100vw, 890px\" \/><\/a>\n\t\t\t<\/div>\n\t\t\t\t<figcaption class='wp-caption-text gallery-caption' id='gallery-1-19313'>\n\t\t\t\tTree frog Ranita San Antonio Hyla arborea \n\t\t\t\t<\/figcaption><\/figure><figure class='gallery-item'>\n\t\t\t<div class='gallery-icon landscape'>\n\t\t\t\t<a data-elementor-open-lightbox=\"yes\" data-elementor-lightbox-slideshow=\"4d6e227\" data-elementor-lightbox-title=\"W. Bonellis Warbler Mosquitero papialbo Phylloscopus bonelli Birding in Spains Wild West\" data-elementor-lightbox-description=\"W. Bonellis Warbler Mosquitero papialbo Phylloscopus bonelli \nBirding in Spains Wild West\" data-e-action-hash=\"#elementor-action%3Aaction%3Dlightbox%26settings%3DeyJpZCI6MTkzMTUsInVybCI6Imh0dHBzOlwvXC9iaXJkaW5naW5zcGFpbnN3aWxkd2VzdC5jb21cL3dwLWNvbnRlbnRcL3VwbG9hZHNcLzIwMjRcLzEwXC93LWJvbmVsbGlzLXdhcmJsZXItbW9zcXVpdGVyby1wYXBpYWxiby1waHlsbG9zY29wdXMtYm9uZWxsaS53ZWJwIiwic2xpZGVzaG93IjoiNGQ2ZTIyNyJ9\" title=\"W. Bonellis Warbler Mosquitero papialbo Phylloscopus bonelli\" href='https:\/\/birdinginspainswildwest.com\/wp-content\/uploads\/2024\/10\/w-bonellis-warbler-mosquitero-papialbo-phylloscopus-bonelli.webp'><img loading=\"lazy\" decoding=\"async\" width=\"890\" height=\"668\" src=\"https:\/\/birdinginspainswildwest.com\/wp-content\/uploads\/2024\/10\/w-bonellis-warbler-mosquitero-papialbo-phylloscopus-bonelli.webp\" class=\"attachment-full size-full\" alt=\"W. Bonellis Warbler Mosquitero papialbo Phylloscopus bonelli\" aria-describedby=\"gallery-1-19315\" srcset=\"https:\/\/birdinginspainswildwest.com\/wp-content\/uploads\/2024\/10\/w-bonellis-warbler-mosquitero-papialbo-phylloscopus-bonelli.webp 890w, https:\/\/birdinginspainswildwest.com\/wp-content\/uploads\/2024\/10\/w-bonellis-warbler-mosquitero-papialbo-phylloscopus-bonelli-300x225.webp 300w, https:\/\/birdinginspainswildwest.com\/wp-content\/uploads\/2024\/10\/w-bonellis-warbler-mosquitero-papialbo-phylloscopus-bonelli-768x576.webp 768w, https:\/\/birdinginspainswildwest.com\/wp-content\/uploads\/2024\/10\/w-bonellis-warbler-mosquitero-papialbo-phylloscopus-bonelli-370x278.webp 370w, https:\/\/birdinginspainswildwest.com\/wp-content\/uploads\/2024\/10\/w-bonellis-warbler-mosquitero-papialbo-phylloscopus-bonelli-840x630.webp 840w, https:\/\/birdinginspainswildwest.com\/wp-content\/uploads\/2024\/10\/w-bonellis-warbler-mosquitero-papialbo-phylloscopus-bonelli-410x308.webp 410w\" sizes=\"(max-width: 890px) 100vw, 890px\" \/><\/a>\n\t\t\t<\/div>\n\t\t\t\t<figcaption class='wp-caption-text gallery-caption' id='gallery-1-19315'>\n\t\t\t\tW. Bonellis Warbler Mosquitero papialbo Phylloscopus bonelli \n\t\t\t\t<\/figcaption><\/figure><figure class='gallery-item'>\n\t\t\t<div class='gallery-icon landscape'>\n\t\t\t\t<a data-elementor-open-lightbox=\"yes\" data-elementor-lightbox-slideshow=\"4d6e227\" data-elementor-lightbox-title=\"Subalpine warbler Curruca carrasque\u00f1a Sylvia cantilans Birding in Spains Wild West\" data-elementor-lightbox-description=\"Subalpine warbler on branch Curruca carrasque\u00f1a Sylvia cantilans \" data-e-action-hash=\"#elementor-action%3Aaction%3Dlightbox%26settings%3DeyJpZCI6MTkzMTcsInVybCI6Imh0dHBzOlwvXC9iaXJkaW5naW5zcGFpbnN3aWxkd2VzdC5jb21cL3dwLWNvbnRlbnRcL3VwbG9hZHNcLzIwMjRcLzEwXC9zdWJhbHBpbmUtd2FyYmxlci1jdXJydWNhLWNhcnJhc3F1ZW5hLXN5bHZpYS1jYW50aWxhbnMud2VicCIsInNsaWRlc2hvdyI6IjRkNmUyMjcifQ%3D%3D\" title=\"Subalpine warbler Curruca carrasque\u00f1a Sylvia cantilans Birding in Spains Wild West\" href='https:\/\/birdinginspainswildwest.com\/wp-content\/uploads\/2024\/10\/subalpine-warbler-curruca-carrasquena-sylvia-cantilans.webp'><img loading=\"lazy\" decoding=\"async\" width=\"890\" height=\"668\" src=\"https:\/\/birdinginspainswildwest.com\/wp-content\/uploads\/2024\/10\/subalpine-warbler-curruca-carrasquena-sylvia-cantilans.webp\" class=\"attachment-full size-full\" alt=\"Subalpine warbler Curruca carrasque\u00f1a Sylvia cantilans Birding in Spains Wild West\" aria-describedby=\"gallery-1-19317\" srcset=\"https:\/\/birdinginspainswildwest.com\/wp-content\/uploads\/2024\/10\/subalpine-warbler-curruca-carrasquena-sylvia-cantilans.webp 890w, https:\/\/birdinginspainswildwest.com\/wp-content\/uploads\/2024\/10\/subalpine-warbler-curruca-carrasquena-sylvia-cantilans-300x225.webp 300w, https:\/\/birdinginspainswildwest.com\/wp-content\/uploads\/2024\/10\/subalpine-warbler-curruca-carrasquena-sylvia-cantilans-768x576.webp 768w, https:\/\/birdinginspainswildwest.com\/wp-content\/uploads\/2024\/10\/subalpine-warbler-curruca-carrasquena-sylvia-cantilans-370x278.webp 370w, https:\/\/birdinginspainswildwest.com\/wp-content\/uploads\/2024\/10\/subalpine-warbler-curruca-carrasquena-sylvia-cantilans-840x630.webp 840w, https:\/\/birdinginspainswildwest.com\/wp-content\/uploads\/2024\/10\/subalpine-warbler-curruca-carrasquena-sylvia-cantilans-410x308.webp 410w\" sizes=\"(max-width: 890px) 100vw, 890px\" \/><\/a>\n\t\t\t<\/div>\n\t\t\t\t<figcaption class='wp-caption-text gallery-caption' id='gallery-1-19317'>\n\t\t\t\tSubalpine warbler Curruca carrasque\u00f1a Sylvia cantilans Birding in Spains Wild West\n\t\t\t\t<\/figcaption><\/figure><figure class='gallery-item'>\n\t\t\t<div class='gallery-icon landscape'>\n\t\t\t\t<a data-elementor-open-lightbox=\"yes\" data-elementor-lightbox-slideshow=\"4d6e227\" data-elementor-lightbox-title=\"Spanish Purple hairstreak Moradilla del fresno Laeosopis roboris Birding in Spains Wild West\" data-elementor-lightbox-description=\"Spanish Purple hairstreak butterfly Moradilla del fresno Laeosopis roboris \" data-e-action-hash=\"#elementor-action%3Aaction%3Dlightbox%26settings%3DeyJpZCI6MTk3NjMsInVybCI6Imh0dHBzOlwvXC9iaXJkaW5naW5zcGFpbnN3aWxkd2VzdC5jb21cL3dwLWNvbnRlbnRcL3VwbG9hZHNcLzIwMjRcLzExXC9zcGFuaXNoLXB1cnBsZS1oYWlyc3RyZWFrLW1vcmFkaWxsYS1kZWwtZnJlc25vLWxhZW9zb3Bpcy1yb2JvcmlzLndlYnAiLCJzbGlkZXNob3ciOiI0ZDZlMjI3In0%3D\" title=\"Spanish Purple hairstreak Moradilla del fresno Laeosopis roboris Birding in Spains Wild West\" href='https:\/\/birdinginspainswildwest.com\/wp-content\/uploads\/2024\/11\/spanish-purple-hairstreak-moradilla-del-fresno-laeosopis-roboris.webp'><img loading=\"lazy\" decoding=\"async\" width=\"890\" height=\"668\" src=\"https:\/\/birdinginspainswildwest.com\/wp-content\/uploads\/2024\/11\/spanish-purple-hairstreak-moradilla-del-fresno-laeosopis-roboris.webp\" class=\"attachment-full size-full\" alt=\"Spanish Purple hairstreak Moradilla del fresno Laeosopis roboris Birding in Spains Wild West\" aria-describedby=\"gallery-1-19763\" srcset=\"https:\/\/birdinginspainswildwest.com\/wp-content\/uploads\/2024\/11\/spanish-purple-hairstreak-moradilla-del-fresno-laeosopis-roboris.webp 890w, https:\/\/birdinginspainswildwest.com\/wp-content\/uploads\/2024\/11\/spanish-purple-hairstreak-moradilla-del-fresno-laeosopis-roboris-300x225.webp 300w, https:\/\/birdinginspainswildwest.com\/wp-content\/uploads\/2024\/11\/spanish-purple-hairstreak-moradilla-del-fresno-laeosopis-roboris-768x576.webp 768w, https:\/\/birdinginspainswildwest.com\/wp-content\/uploads\/2024\/11\/spanish-purple-hairstreak-moradilla-del-fresno-laeosopis-roboris-370x278.webp 370w, https:\/\/birdinginspainswildwest.com\/wp-content\/uploads\/2024\/11\/spanish-purple-hairstreak-moradilla-del-fresno-laeosopis-roboris-840x630.webp 840w, https:\/\/birdinginspainswildwest.com\/wp-content\/uploads\/2024\/11\/spanish-purple-hairstreak-moradilla-del-fresno-laeosopis-roboris-410x308.webp 410w\" sizes=\"(max-width: 890px) 100vw, 890px\" \/><\/a>\n\t\t\t<\/div>\n\t\t\t\t<figcaption class='wp-caption-text gallery-caption' id='gallery-1-19763'>\n\t\t\t\tSpanish Purple hairstreak Moradilla del fresno Laeosopis roboris Birding in Spains Wild West\n\t\t\t\t<\/figcaption><\/figure><figure class='gallery-item'>\n\t\t\t<div class='gallery-icon landscape'>\n\t\t\t\t<a data-elementor-open-lightbox=\"yes\" data-elementor-lightbox-slideshow=\"4d6e227\" data-elementor-lightbox-title=\"Snake eagle Culebrera Circaetus gallicus Birding in Spains Wild West\" data-elementor-lightbox-description=\"Snake eagle on branch Culebrera Circaetus gallicus \" data-e-action-hash=\"#elementor-action%3Aaction%3Dlightbox%26settings%3DeyJpZCI6MTk3NjYsInVybCI6Imh0dHBzOlwvXC9iaXJkaW5naW5zcGFpbnN3aWxkd2VzdC5jb21cL3dwLWNvbnRlbnRcL3VwbG9hZHNcLzIwMjRcLzExXC9zbmFrZS1lYWdsZS1jdWxlYnJlcmEtY2lyY2FldHVzLWdhbGxpY3VzLndlYnAiLCJzbGlkZXNob3ciOiI0ZDZlMjI3In0%3D\" title=\"Snake eagle Culebrera Circaetus gallicus Birding in Spains Wild West\" href='https:\/\/birdinginspainswildwest.com\/wp-content\/uploads\/2024\/11\/snake-eagle-culebrera-circaetus-gallicus.webp'><img loading=\"lazy\" decoding=\"async\" width=\"890\" height=\"668\" src=\"https:\/\/birdinginspainswildwest.com\/wp-content\/uploads\/2024\/11\/snake-eagle-culebrera-circaetus-gallicus.webp\" class=\"attachment-full size-full\" alt=\"Snake eagle Culebrera Circaetus gallicus Birding in Spains Wild West\" aria-describedby=\"gallery-1-19766\" srcset=\"https:\/\/birdinginspainswildwest.com\/wp-content\/uploads\/2024\/11\/snake-eagle-culebrera-circaetus-gallicus.webp 890w, https:\/\/birdinginspainswildwest.com\/wp-content\/uploads\/2024\/11\/snake-eagle-culebrera-circaetus-gallicus-300x225.webp 300w, https:\/\/birdinginspainswildwest.com\/wp-content\/uploads\/2024\/11\/snake-eagle-culebrera-circaetus-gallicus-768x576.webp 768w, https:\/\/birdinginspainswildwest.com\/wp-content\/uploads\/2024\/11\/snake-eagle-culebrera-circaetus-gallicus-370x278.webp 370w, https:\/\/birdinginspainswildwest.com\/wp-content\/uploads\/2024\/11\/snake-eagle-culebrera-circaetus-gallicus-840x630.webp 840w, https:\/\/birdinginspainswildwest.com\/wp-content\/uploads\/2024\/11\/snake-eagle-culebrera-circaetus-gallicus-410x308.webp 410w\" sizes=\"(max-width: 890px) 100vw, 890px\" \/><\/a>\n\t\t\t<\/div>\n\t\t\t\t<figcaption class='wp-caption-text gallery-caption' id='gallery-1-19766'>\n\t\t\t\tSnake eagle Culebrera Circaetus gallicus Birding in Spains Wild West\n\t\t\t\t<\/figcaption><\/figure><figure class='gallery-item'>\n\t\t\t<div class='gallery-icon landscape'>\n\t\t\t\t<a data-elementor-open-lightbox=\"yes\" data-elementor-lightbox-slideshow=\"4d6e227\" data-elementor-lightbox-title=\"Serin Verdecillo Serinus serinusBirding in Spains Wild West\" data-elementor-lightbox-description=\"Serin Verdecillo Serinus serinus\" data-e-action-hash=\"#elementor-action%3Aaction%3Dlightbox%26settings%3DeyJpZCI6MTk3NjksInVybCI6Imh0dHBzOlwvXC9iaXJkaW5naW5zcGFpbnN3aWxkd2VzdC5jb21cL3dwLWNvbnRlbnRcL3VwbG9hZHNcLzIwMjRcLzExXC9zZXJpbi12ZXJkZWNpbGxvLXNlcmludXMtc2VyaW51cy53ZWJwIiwic2xpZGVzaG93IjoiNGQ2ZTIyNyJ9\" title=\"Serin Verdecillo Serinus serinus Birding in Spains Wild West\" href='https:\/\/birdinginspainswildwest.com\/wp-content\/uploads\/2024\/11\/serin-verdecillo-serinus-serinus.webp'><img loading=\"lazy\" decoding=\"async\" width=\"890\" height=\"668\" src=\"https:\/\/birdinginspainswildwest.com\/wp-content\/uploads\/2024\/11\/serin-verdecillo-serinus-serinus.webp\" class=\"attachment-full size-full\" alt=\"Serin Verdecillo Serinus serinus Birding in Spains Wild West\" aria-describedby=\"gallery-1-19769\" srcset=\"https:\/\/birdinginspainswildwest.com\/wp-content\/uploads\/2024\/11\/serin-verdecillo-serinus-serinus.webp 890w, https:\/\/birdinginspainswildwest.com\/wp-content\/uploads\/2024\/11\/serin-verdecillo-serinus-serinus-300x225.webp 300w, https:\/\/birdinginspainswildwest.com\/wp-content\/uploads\/2024\/11\/serin-verdecillo-serinus-serinus-768x576.webp 768w, https:\/\/birdinginspainswildwest.com\/wp-content\/uploads\/2024\/11\/serin-verdecillo-serinus-serinus-370x278.webp 370w, https:\/\/birdinginspainswildwest.com\/wp-content\/uploads\/2024\/11\/serin-verdecillo-serinus-serinus-840x630.webp 840w, https:\/\/birdinginspainswildwest.com\/wp-content\/uploads\/2024\/11\/serin-verdecillo-serinus-serinus-410x308.webp 410w\" sizes=\"(max-width: 890px) 100vw, 890px\" \/><\/a>\n\t\t\t<\/div>\n\t\t\t\t<figcaption class='wp-caption-text gallery-caption' id='gallery-1-19769'>\n\t\t\t\tSerin Verdecillo Serinus serinus Birding in Spains Wild West\n\t\t\t\t<\/figcaption><\/figure><figure class='gallery-item'>\n\t\t\t<div class='gallery-icon landscape'>\n\t\t\t\t<a data-elementor-open-lightbox=\"yes\" data-elementor-lightbox-slideshow=\"4d6e227\" data-elementor-lightbox-title=\"Rock bunting Escribano montesino Emberiza cia Birding in Spains Wild West\" data-elementor-lightbox-description=\"Rock bunting Escribano montesino Emberiza cia \" data-e-action-hash=\"#elementor-action%3Aaction%3Dlightbox%26settings%3DeyJpZCI6MTk3NzIsInVybCI6Imh0dHBzOlwvXC9iaXJkaW5naW5zcGFpbnN3aWxkd2VzdC5jb21cL3dwLWNvbnRlbnRcL3VwbG9hZHNcLzIwMjRcLzExXC9yb2NrLWJ1bnRpbmctZXNjcmliYW5vLW1vbnRlc2luby1lbWJlcml6YS1jaWEud2VicCIsInNsaWRlc2hvdyI6IjRkNmUyMjcifQ%3D%3D\" title=\"Rock bunting Escribano montesino Emberiza cia Birding in Spains Wild West\" href='https:\/\/birdinginspainswildwest.com\/wp-content\/uploads\/2024\/11\/rock-bunting-escribano-montesino-emberiza-cia.webp'><img loading=\"lazy\" decoding=\"async\" width=\"890\" height=\"668\" src=\"https:\/\/birdinginspainswildwest.com\/wp-content\/uploads\/2024\/11\/rock-bunting-escribano-montesino-emberiza-cia.webp\" class=\"attachment-full size-full\" alt=\"Rock bunting Escribano montesino Emberiza cia Birding in Spains Wild West\" aria-describedby=\"gallery-1-19772\" srcset=\"https:\/\/birdinginspainswildwest.com\/wp-content\/uploads\/2024\/11\/rock-bunting-escribano-montesino-emberiza-cia.webp 890w, https:\/\/birdinginspainswildwest.com\/wp-content\/uploads\/2024\/11\/rock-bunting-escribano-montesino-emberiza-cia-300x225.webp 300w, https:\/\/birdinginspainswildwest.com\/wp-content\/uploads\/2024\/11\/rock-bunting-escribano-montesino-emberiza-cia-768x576.webp 768w, https:\/\/birdinginspainswildwest.com\/wp-content\/uploads\/2024\/11\/rock-bunting-escribano-montesino-emberiza-cia-370x278.webp 370w, https:\/\/birdinginspainswildwest.com\/wp-content\/uploads\/2024\/11\/rock-bunting-escribano-montesino-emberiza-cia-840x630.webp 840w, https:\/\/birdinginspainswildwest.com\/wp-content\/uploads\/2024\/11\/rock-bunting-escribano-montesino-emberiza-cia-410x308.webp 410w\" sizes=\"(max-width: 890px) 100vw, 890px\" \/><\/a>\n\t\t\t<\/div>\n\t\t\t\t<figcaption class='wp-caption-text gallery-caption' id='gallery-1-19772'>\n\t\t\t\tRock bunting Escribano montesino Emberiza cia Birding in Spains Wild West\n\t\t\t\t<\/figcaption><\/figure><figure class='gallery-item'>\n\t\t\t<div class='gallery-icon landscape'>\n\t\t\t\t<a data-elementor-open-lightbox=\"yes\" data-elementor-lightbox-slideshow=\"4d6e227\" data-elementor-lightbox-title=\"Praying mantis Mantis religiosa Birding in Spains Wild West\" data-elementor-lightbox-description=\"Praying mantis mating\nMantis religiosa en c\u00f3pula\" data-e-action-hash=\"#elementor-action%3Aaction%3Dlightbox%26settings%3DeyJpZCI6MTk3NzUsInVybCI6Imh0dHBzOlwvXC9iaXJkaW5naW5zcGFpbnN3aWxkd2VzdC5jb21cL3dwLWNvbnRlbnRcL3VwbG9hZHNcLzIwMjRcLzExXC9wcmF5aW5nLW1hbnRpcy1tYW50aS1yZWxpZ2lvc2Eud2VicCIsInNsaWRlc2hvdyI6IjRkNmUyMjcifQ%3D%3D\" title=\"Praying mantis Mantis religiosa Birding in Spains Wild West\" href='https:\/\/birdinginspainswildwest.com\/wp-content\/uploads\/2024\/11\/praying-mantis-manti-religiosa.webp'><img loading=\"lazy\" decoding=\"async\" width=\"890\" height=\"668\" src=\"https:\/\/birdinginspainswildwest.com\/wp-content\/uploads\/2024\/11\/praying-mantis-manti-religiosa.webp\" class=\"attachment-full size-full\" alt=\"Praying mantis Mantis religiosa Birding in Spains Wild West\" aria-describedby=\"gallery-1-19775\" srcset=\"https:\/\/birdinginspainswildwest.com\/wp-content\/uploads\/2024\/11\/praying-mantis-manti-religiosa.webp 890w, https:\/\/birdinginspainswildwest.com\/wp-content\/uploads\/2024\/11\/praying-mantis-manti-religiosa-300x225.webp 300w, https:\/\/birdinginspainswildwest.com\/wp-content\/uploads\/2024\/11\/praying-mantis-manti-religiosa-768x576.webp 768w, https:\/\/birdinginspainswildwest.com\/wp-content\/uploads\/2024\/11\/praying-mantis-manti-religiosa-370x278.webp 370w, https:\/\/birdinginspainswildwest.com\/wp-content\/uploads\/2024\/11\/praying-mantis-manti-religiosa-840x630.webp 840w, https:\/\/birdinginspainswildwest.com\/wp-content\/uploads\/2024\/11\/praying-mantis-manti-religiosa-410x308.webp 410w\" sizes=\"(max-width: 890px) 100vw, 890px\" \/><\/a>\n\t\t\t<\/div>\n\t\t\t\t<figcaption class='wp-caption-text gallery-caption' id='gallery-1-19775'>\n\t\t\t\tPraying mantis Mantis religiosa Birding in Spains Wild West\n\t\t\t\t<\/figcaption><\/figure><figure class='gallery-item'>\n\t\t\t<div class='gallery-icon landscape'>\n\t\t\t\t<a data-elementor-open-lightbox=\"yes\" data-elementor-lightbox-slideshow=\"4d6e227\" data-elementor-lightbox-title=\"Nightingale Ruise\u00f1or Luscinia megarhynchosBirding in Spains Wild West\" data-elementor-lightbox-description=\"Nightingale Ruise\u00f1or singing Luscinia megarhynchos vantando\" data-e-action-hash=\"#elementor-action%3Aaction%3Dlightbox%26settings%3DeyJpZCI6MTk3NzgsInVybCI6Imh0dHBzOlwvXC9iaXJkaW5naW5zcGFpbnN3aWxkd2VzdC5jb21cL3dwLWNvbnRlbnRcL3VwbG9hZHNcLzIwMjRcLzExXC9uaWdodGluZ2FsZS1ydWlzZW5vci1sdXNjaW5pYS1tZWdhcmh5bmNob3Mud2VicCIsInNsaWRlc2hvdyI6IjRkNmUyMjcifQ%3D%3D\" title=\"Nightingale Ruise\u00f1or Luscinia megarhynchos Birding in Spains Wild West\" href='https:\/\/birdinginspainswildwest.com\/wp-content\/uploads\/2024\/11\/nightingale-ruisenor-luscinia-megarhynchos.webp'><img loading=\"lazy\" decoding=\"async\" width=\"890\" height=\"668\" src=\"https:\/\/birdinginspainswildwest.com\/wp-content\/uploads\/2024\/11\/nightingale-ruisenor-luscinia-megarhynchos.webp\" class=\"attachment-full size-full\" alt=\"Nightingale Ruise\u00f1or Luscinia megarhynchos Birding in Spains Wild West\" aria-describedby=\"gallery-1-19778\" srcset=\"https:\/\/birdinginspainswildwest.com\/wp-content\/uploads\/2024\/11\/nightingale-ruisenor-luscinia-megarhynchos.webp 890w, https:\/\/birdinginspainswildwest.com\/wp-content\/uploads\/2024\/11\/nightingale-ruisenor-luscinia-megarhynchos-300x225.webp 300w, https:\/\/birdinginspainswildwest.com\/wp-content\/uploads\/2024\/11\/nightingale-ruisenor-luscinia-megarhynchos-768x576.webp 768w, https:\/\/birdinginspainswildwest.com\/wp-content\/uploads\/2024\/11\/nightingale-ruisenor-luscinia-megarhynchos-370x278.webp 370w, https:\/\/birdinginspainswildwest.com\/wp-content\/uploads\/2024\/11\/nightingale-ruisenor-luscinia-megarhynchos-840x630.webp 840w, https:\/\/birdinginspainswildwest.com\/wp-content\/uploads\/2024\/11\/nightingale-ruisenor-luscinia-megarhynchos-410x308.webp 410w\" sizes=\"(max-width: 890px) 100vw, 890px\" \/><\/a>\n\t\t\t<\/div>\n\t\t\t\t<figcaption class='wp-caption-text gallery-caption' id='gallery-1-19778'>\n\t\t\t\tNightingale Ruise\u00f1or Luscinia megarhynchos \nBirding in Spains Wild West\n\t\t\t\t<\/figcaption><\/figure><figure class='gallery-item'>\n\t\t\t<div class='gallery-icon landscape'>\n\t\t\t\t<a data-elementor-open-lightbox=\"yes\" data-elementor-lightbox-slideshow=\"4d6e227\" data-elementor-lightbox-title=\"Nettle-tree butterfly  Almez Libythea celtis Birding in Spains Wild West\" data-elementor-lightbox-description=\"Nettle-tree butterfly Almez Libythea celtis\" data-e-action-hash=\"#elementor-action%3Aaction%3Dlightbox%26settings%3DeyJpZCI6MTk3ODEsInVybCI6Imh0dHBzOlwvXC9iaXJkaW5naW5zcGFpbnN3aWxkd2VzdC5jb21cL3dwLWNvbnRlbnRcL3VwbG9hZHNcLzIwMjRcLzExXC9uZXR0bGUtdHJlZS1hbG1lei1saWJ5dGhlYS1jZWx0aXMud2VicCIsInNsaWRlc2hvdyI6IjRkNmUyMjcifQ%3D%3D\" title=\"Nettle-tree butterfly Almez Libythea celtis Birding in Spains Wild West\" href='https:\/\/birdinginspainswildwest.com\/wp-content\/uploads\/2024\/11\/nettle-tree-almez-libythea-celtis.webp'><img loading=\"lazy\" decoding=\"async\" width=\"890\" height=\"668\" src=\"https:\/\/birdinginspainswildwest.com\/wp-content\/uploads\/2024\/11\/nettle-tree-almez-libythea-celtis.webp\" class=\"attachment-full size-full\" alt=\"Nettle-tree butterfly Almez Libythea celtis Birding in Spains Wild West\" aria-describedby=\"gallery-1-19781\" srcset=\"https:\/\/birdinginspainswildwest.com\/wp-content\/uploads\/2024\/11\/nettle-tree-almez-libythea-celtis.webp 890w, https:\/\/birdinginspainswildwest.com\/wp-content\/uploads\/2024\/11\/nettle-tree-almez-libythea-celtis-300x225.webp 300w, https:\/\/birdinginspainswildwest.com\/wp-content\/uploads\/2024\/11\/nettle-tree-almez-libythea-celtis-768x576.webp 768w, https:\/\/birdinginspainswildwest.com\/wp-content\/uploads\/2024\/11\/nettle-tree-almez-libythea-celtis-370x278.webp 370w, https:\/\/birdinginspainswildwest.com\/wp-content\/uploads\/2024\/11\/nettle-tree-almez-libythea-celtis-840x630.webp 840w, https:\/\/birdinginspainswildwest.com\/wp-content\/uploads\/2024\/11\/nettle-tree-almez-libythea-celtis-410x308.webp 410w\" sizes=\"(max-width: 890px) 100vw, 890px\" \/><\/a>\n\t\t\t<\/div>\n\t\t\t\t<figcaption class='wp-caption-text gallery-caption' id='gallery-1-19781'>\n\t\t\t\tNettle-tree butterfly Almez Libythea celtis Birding in Spains Wild West\n\t\t\t\t<\/figcaption><\/figure><figure class='gallery-item'>\n\t\t\t<div class='gallery-icon landscape'>\n\t\t\t\t<a data-elementor-open-lightbox=\"yes\" data-elementor-lightbox-slideshow=\"4d6e227\" data-elementor-lightbox-title=\"Melodious warbler Zarcero Hippolais polyglotta Birding in Spains Wild West\" data-elementor-lightbox-description=\"Melodious warbler singing Zarcero cantando Hippolais polyglotta\" data-e-action-hash=\"#elementor-action%3Aaction%3Dlightbox%26settings%3DeyJpZCI6MTk3ODQsInVybCI6Imh0dHBzOlwvXC9iaXJkaW5naW5zcGFpbnN3aWxkd2VzdC5jb21cL3dwLWNvbnRlbnRcL3VwbG9hZHNcLzIwMjRcLzExXC9tZWxvZGlvdS13YXJibGVyLXphcmNlcm8taGlwcG9sYWlzLXBvbHlnbG90dGEud2VicCIsInNsaWRlc2hvdyI6IjRkNmUyMjcifQ%3D%3D\" title=\"Melodious warbler Zarcero Hippolais polyglotta Birding in Spains Wild West\" href='https:\/\/birdinginspainswildwest.com\/wp-content\/uploads\/2024\/11\/melodiou-warbler-zarcero-hippolais-polyglotta.webp'><img loading=\"lazy\" decoding=\"async\" width=\"890\" height=\"668\" src=\"https:\/\/birdinginspainswildwest.com\/wp-content\/uploads\/2024\/11\/melodiou-warbler-zarcero-hippolais-polyglotta.webp\" class=\"attachment-full size-full\" alt=\"Melodious warbler Zarcero Hippolais polyglotta Birding in Spains Wild West\" aria-describedby=\"gallery-1-19784\" srcset=\"https:\/\/birdinginspainswildwest.com\/wp-content\/uploads\/2024\/11\/melodiou-warbler-zarcero-hippolais-polyglotta.webp 890w, https:\/\/birdinginspainswildwest.com\/wp-content\/uploads\/2024\/11\/melodiou-warbler-zarcero-hippolais-polyglotta-300x225.webp 300w, https:\/\/birdinginspainswildwest.com\/wp-content\/uploads\/2024\/11\/melodiou-warbler-zarcero-hippolais-polyglotta-768x576.webp 768w, https:\/\/birdinginspainswildwest.com\/wp-content\/uploads\/2024\/11\/melodiou-warbler-zarcero-hippolais-polyglotta-370x278.webp 370w, https:\/\/birdinginspainswildwest.com\/wp-content\/uploads\/2024\/11\/melodiou-warbler-zarcero-hippolais-polyglotta-840x630.webp 840w, https:\/\/birdinginspainswildwest.com\/wp-content\/uploads\/2024\/11\/melodiou-warbler-zarcero-hippolais-polyglotta-410x308.webp 410w\" sizes=\"(max-width: 890px) 100vw, 890px\" \/><\/a>\n\t\t\t<\/div>\n\t\t\t\t<figcaption class='wp-caption-text gallery-caption' id='gallery-1-19784'>\n\t\t\t\tMelodious warbler Zarcero Hippolais polyglotta Birding in Spains Wild West\n\t\t\t\t<\/figcaption><\/figure><figure class='gallery-item'>\n\t\t\t<div class='gallery-icon landscape'>\n\t\t\t\t<a data-elementor-open-lightbox=\"yes\" data-elementor-lightbox-slideshow=\"4d6e227\" data-elementor-lightbox-title=\"Lesser kestrel Cern\u00edcalo primillo Falco naumanni Birding in Spains Wild West\" data-elementor-lightbox-description=\"Lesser kestrel Cern\u00edcalo primillo Falco naumanni \" data-e-action-hash=\"#elementor-action%3Aaction%3Dlightbox%26settings%3DeyJpZCI6MTk3ODcsInVybCI6Imh0dHBzOlwvXC9iaXJkaW5naW5zcGFpbnN3aWxkd2VzdC5jb21cL3dwLWNvbnRlbnRcL3VwbG9hZHNcLzIwMjRcLzExXC9sZXNzZXIta2VzdHJlbC1jZXJuaWNhbG8tcHJpbWlsbG8tZmFsY28tbmF1bWFubmkud2VicCIsInNsaWRlc2hvdyI6IjRkNmUyMjcifQ%3D%3D\" title=\"Lesser kestrel Cern\u00edcalo primillo Falco naumanni Birding in Spains Wild West\" href='https:\/\/birdinginspainswildwest.com\/wp-content\/uploads\/2024\/11\/lesser-kestrel-cernicalo-primillo-falco-naumanni.webp'><img loading=\"lazy\" decoding=\"async\" width=\"890\" height=\"668\" src=\"https:\/\/birdinginspainswildwest.com\/wp-content\/uploads\/2024\/11\/lesser-kestrel-cernicalo-primillo-falco-naumanni.webp\" class=\"attachment-full size-full\" alt=\"Lesser kestrel Cern\u00edcalo primillo Falco naumanni Birding in Spains Wild West\" aria-describedby=\"gallery-1-19787\" srcset=\"https:\/\/birdinginspainswildwest.com\/wp-content\/uploads\/2024\/11\/lesser-kestrel-cernicalo-primillo-falco-naumanni.webp 890w, https:\/\/birdinginspainswildwest.com\/wp-content\/uploads\/2024\/11\/lesser-kestrel-cernicalo-primillo-falco-naumanni-300x225.webp 300w, https:\/\/birdinginspainswildwest.com\/wp-content\/uploads\/2024\/11\/lesser-kestrel-cernicalo-primillo-falco-naumanni-768x576.webp 768w, https:\/\/birdinginspainswildwest.com\/wp-content\/uploads\/2024\/11\/lesser-kestrel-cernicalo-primillo-falco-naumanni-370x278.webp 370w, https:\/\/birdinginspainswildwest.com\/wp-content\/uploads\/2024\/11\/lesser-kestrel-cernicalo-primillo-falco-naumanni-840x630.webp 840w, https:\/\/birdinginspainswildwest.com\/wp-content\/uploads\/2024\/11\/lesser-kestrel-cernicalo-primillo-falco-naumanni-410x308.webp 410w\" sizes=\"(max-width: 890px) 100vw, 890px\" \/><\/a>\n\t\t\t<\/div>\n\t\t\t\t<figcaption class='wp-caption-text gallery-caption' id='gallery-1-19787'>\n\t\t\t\tLesser kestrel Cern\u00edcalo primillo Falco naumanni Birding in Spains Wild West\n\t\t\t\t<\/figcaption><\/figure><figure class='gallery-item'>\n\t\t\t<div class='gallery-icon landscape'>\n\t\t\t\t<a data-elementor-open-lightbox=\"yes\" data-elementor-lightbox-slideshow=\"4d6e227\" data-elementor-lightbox-title=\"Iberian emerald lizard Lagarto verdinegro Lacerta Schreiberi Birding in Spains Wild West\" data-elementor-lightbox-description=\"Iberian emerald lizard Lagarto verdinegro Lacerta Schreiberi \" data-e-action-hash=\"#elementor-action%3Aaction%3Dlightbox%26settings%3DeyJpZCI6MTk3OTAsInVybCI6Imh0dHBzOlwvXC9iaXJkaW5naW5zcGFpbnN3aWxkd2VzdC5jb21cL3dwLWNvbnRlbnRcL3VwbG9hZHNcLzIwMjRcLzExXC9pYmVyaWFuLWVtZXJhbGQtbGl6YXJkLWxhZ2FydG8tdmVyZGluZWdyby1sYWNlcnRhLXNjaHJlaWJlcmkud2VicCIsInNsaWRlc2hvdyI6IjRkNmUyMjcifQ%3D%3D\" title=\"Iberian emerald lizard Lagarto verdinegro Lacerta Schreiberi Birding in Spains Wild West\" href='https:\/\/birdinginspainswildwest.com\/wp-content\/uploads\/2024\/11\/iberian-emerald-lizard-lagarto-verdinegro-lacerta-schreiberi.webp'><img loading=\"lazy\" decoding=\"async\" width=\"890\" height=\"668\" src=\"https:\/\/birdinginspainswildwest.com\/wp-content\/uploads\/2024\/11\/iberian-emerald-lizard-lagarto-verdinegro-lacerta-schreiberi.webp\" class=\"attachment-full size-full\" alt=\"Iberian emerald lizard Lagarto verdinegro Lacerta Schreiberi Birding in Spains Wild West\" aria-describedby=\"gallery-1-19790\" srcset=\"https:\/\/birdinginspainswildwest.com\/wp-content\/uploads\/2024\/11\/iberian-emerald-lizard-lagarto-verdinegro-lacerta-schreiberi.webp 890w, https:\/\/birdinginspainswildwest.com\/wp-content\/uploads\/2024\/11\/iberian-emerald-lizard-lagarto-verdinegro-lacerta-schreiberi-300x225.webp 300w, https:\/\/birdinginspainswildwest.com\/wp-content\/uploads\/2024\/11\/iberian-emerald-lizard-lagarto-verdinegro-lacerta-schreiberi-768x576.webp 768w, https:\/\/birdinginspainswildwest.com\/wp-content\/uploads\/2024\/11\/iberian-emerald-lizard-lagarto-verdinegro-lacerta-schreiberi-370x278.webp 370w, https:\/\/birdinginspainswildwest.com\/wp-content\/uploads\/2024\/11\/iberian-emerald-lizard-lagarto-verdinegro-lacerta-schreiberi-840x630.webp 840w, https:\/\/birdinginspainswildwest.com\/wp-content\/uploads\/2024\/11\/iberian-emerald-lizard-lagarto-verdinegro-lacerta-schreiberi-410x308.webp 410w\" sizes=\"(max-width: 890px) 100vw, 890px\" \/><\/a>\n\t\t\t<\/div>\n\t\t\t\t<figcaption class='wp-caption-text gallery-caption' id='gallery-1-19790'>\n\t\t\t\tIberian emerald lizard Lagarto verdinegro Lacerta Schreiberi Birding in Spains Wild West\n\t\t\t\t<\/figcaption><\/figure><figure class='gallery-item'>\n\t\t\t<div class='gallery-icon landscape'>\n\t\t\t\t<a data-elementor-open-lightbox=\"yes\" data-elementor-lightbox-slideshow=\"4d6e227\" data-elementor-lightbox-title=\"Gt Spotted Cuckoo Cr\u00edalo Birding in Spains Wild West Clamator glandarius\" data-elementor-lightbox-description=\"Gt Spotted Cuckoo pair Cr\u00edalo pareja Clamator glandarius\" data-e-action-hash=\"#elementor-action%3Aaction%3Dlightbox%26settings%3DeyJpZCI6MTk3OTMsInVybCI6Imh0dHBzOlwvXC9iaXJkaW5naW5zcGFpbnN3aWxkd2VzdC5jb21cL3dwLWNvbnRlbnRcL3VwbG9hZHNcLzIwMjRcLzExXC9ndC1zcG90dGVkLWN1Y2tvby1jcmlhbG8tY2xhbWF0b3ItZ2xhbmRhcml1cy53ZWJwIiwic2xpZGVzaG93IjoiNGQ2ZTIyNyJ9\" title=\"Gt Spotted Cuckoo Cr\u00edalo Clamator glandarius Birding in Spains Wild West\" href='https:\/\/birdinginspainswildwest.com\/wp-content\/uploads\/2024\/11\/gt-spotted-cuckoo-crialo-clamator-glandarius.webp'><img loading=\"lazy\" decoding=\"async\" width=\"890\" height=\"668\" src=\"https:\/\/birdinginspainswildwest.com\/wp-content\/uploads\/2024\/11\/gt-spotted-cuckoo-crialo-clamator-glandarius.webp\" class=\"attachment-full size-full\" alt=\"Gt Spotted Cuckoo Cr\u00edalo Clamator glandarius Birding in Spains Wild West\" aria-describedby=\"gallery-1-19793\" srcset=\"https:\/\/birdinginspainswildwest.com\/wp-content\/uploads\/2024\/11\/gt-spotted-cuckoo-crialo-clamator-glandarius.webp 890w, https:\/\/birdinginspainswildwest.com\/wp-content\/uploads\/2024\/11\/gt-spotted-cuckoo-crialo-clamator-glandarius-300x225.webp 300w, https:\/\/birdinginspainswildwest.com\/wp-content\/uploads\/2024\/11\/gt-spotted-cuckoo-crialo-clamator-glandarius-768x576.webp 768w, https:\/\/birdinginspainswildwest.com\/wp-content\/uploads\/2024\/11\/gt-spotted-cuckoo-crialo-clamator-glandarius-370x278.webp 370w, https:\/\/birdinginspainswildwest.com\/wp-content\/uploads\/2024\/11\/gt-spotted-cuckoo-crialo-clamator-glandarius-840x630.webp 840w, https:\/\/birdinginspainswildwest.com\/wp-content\/uploads\/2024\/11\/gt-spotted-cuckoo-crialo-clamator-glandarius-410x308.webp 410w\" sizes=\"(max-width: 890px) 100vw, 890px\" \/><\/a>\n\t\t\t<\/div>\n\t\t\t\t<figcaption class='wp-caption-text gallery-caption' id='gallery-1-19793'>\n\t\t\t\tGt Spotted Cuckoo pair Cr\u00edalo Clamator glandarius Birding in Spains Wild West\n\t\t\t\t<\/figcaption><\/figure><figure class='gallery-item'>\n\t\t\t<div class='gallery-icon landscape'>\n\t\t\t\t<a data-elementor-open-lightbox=\"yes\" data-elementor-lightbox-slideshow=\"4d6e227\" data-elementor-lightbox-title=\"Iberian Spoonwing Duende Nemoptera bipennis Birding in Spains Wild West\" data-elementor-lightbox-description=\"Iberian Spoonwing Duende Nemoptera bipennis \" data-e-action-hash=\"#elementor-action%3Aaction%3Dlightbox%26settings%3DeyJpZCI6MTk3OTYsInVybCI6Imh0dHBzOlwvXC9iaXJkaW5naW5zcGFpbnN3aWxkd2VzdC5jb21cL3dwLWNvbnRlbnRcL3VwbG9hZHNcLzIwMjRcLzExXC9zcG9vbndpbmctZHVlbmRlLW5lbW9wdGVyYS1iaXBlbm5pcy53ZWJwIiwic2xpZGVzaG93IjoiNGQ2ZTIyNyJ9\" title=\"Iberian Spoonwing Duende Nemoptera bipennis Birding in Spains Wild West\" href='https:\/\/birdinginspainswildwest.com\/wp-content\/uploads\/2024\/11\/spoonwing-duende-nemoptera-bipennis.webp'><img loading=\"lazy\" decoding=\"async\" width=\"890\" height=\"668\" src=\"https:\/\/birdinginspainswildwest.com\/wp-content\/uploads\/2024\/11\/spoonwing-duende-nemoptera-bipennis.webp\" class=\"attachment-full size-full\" alt=\"Iberian Spoonwing Duende Nemoptera bipennis Birding in Spains Wild West\" aria-describedby=\"gallery-1-19796\" srcset=\"https:\/\/birdinginspainswildwest.com\/wp-content\/uploads\/2024\/11\/spoonwing-duende-nemoptera-bipennis.webp 890w, https:\/\/birdinginspainswildwest.com\/wp-content\/uploads\/2024\/11\/spoonwing-duende-nemoptera-bipennis-300x225.webp 300w, https:\/\/birdinginspainswildwest.com\/wp-content\/uploads\/2024\/11\/spoonwing-duende-nemoptera-bipennis-768x576.webp 768w, https:\/\/birdinginspainswildwest.com\/wp-content\/uploads\/2024\/11\/spoonwing-duende-nemoptera-bipennis-370x278.webp 370w, https:\/\/birdinginspainswildwest.com\/wp-content\/uploads\/2024\/11\/spoonwing-duende-nemoptera-bipennis-840x630.webp 840w, https:\/\/birdinginspainswildwest.com\/wp-content\/uploads\/2024\/11\/spoonwing-duende-nemoptera-bipennis-410x308.webp 410w\" sizes=\"(max-width: 890px) 100vw, 890px\" \/><\/a>\n\t\t\t<\/div>\n\t\t\t\t<figcaption class='wp-caption-text gallery-caption' id='gallery-1-19796'>\n\t\t\t\tIberian Spoonwing Duende Nemoptera bipennis Birding in Spains Wild West\n\t\t\t\t<\/figcaption><\/figure><figure class='gallery-item'>\n\t\t\t<div class='gallery-icon landscape'>\n\t\t\t\t<a data-elementor-open-lightbox=\"yes\" data-elementor-lightbox-slideshow=\"4d6e227\" data-elementor-lightbox-title=\"Short-toed lark Terrera Calandrella brachydactyla Birding in Spains Wild West\" data-elementor-lightbox-description=\"Short-toed lark on ground Terrera Calandrella brachydactyla\" data-e-action-hash=\"#elementor-action%3Aaction%3Dlightbox%26settings%3DeyJpZCI6MTk3OTksInVybCI6Imh0dHBzOlwvXC9iaXJkaW5naW5zcGFpbnN3aWxkd2VzdC5jb21cL3dwLWNvbnRlbnRcL3VwbG9hZHNcLzIwMjRcLzExXC9zaG9ydC10b2VkLWxhcmstdGVycmVyYS1jYWxhbmRyZWxsYS1icmFjaHlkYWN0eWxhLndlYnAiLCJzbGlkZXNob3ciOiI0ZDZlMjI3In0%3D\" title=\"Short-toed lark Terrera Calandrella brachydactyla Birding in Spains Wild West\" href='https:\/\/birdinginspainswildwest.com\/wp-content\/uploads\/2024\/11\/short-toed-lark-terrera-calandrella-brachydactyla.webp'><img loading=\"lazy\" decoding=\"async\" width=\"890\" height=\"668\" src=\"https:\/\/birdinginspainswildwest.com\/wp-content\/uploads\/2024\/11\/short-toed-lark-terrera-calandrella-brachydactyla.webp\" class=\"attachment-full size-full\" alt=\"Short-toed lark Terrera Calandrella brachydactyla Birding in Spains Wild West\" aria-describedby=\"gallery-1-19799\" srcset=\"https:\/\/birdinginspainswildwest.com\/wp-content\/uploads\/2024\/11\/short-toed-lark-terrera-calandrella-brachydactyla.webp 890w, https:\/\/birdinginspainswildwest.com\/wp-content\/uploads\/2024\/11\/short-toed-lark-terrera-calandrella-brachydactyla-300x225.webp 300w, https:\/\/birdinginspainswildwest.com\/wp-content\/uploads\/2024\/11\/short-toed-lark-terrera-calandrella-brachydactyla-768x576.webp 768w, https:\/\/birdinginspainswildwest.com\/wp-content\/uploads\/2024\/11\/short-toed-lark-terrera-calandrella-brachydactyla-370x278.webp 370w, https:\/\/birdinginspainswildwest.com\/wp-content\/uploads\/2024\/11\/short-toed-lark-terrera-calandrella-brachydactyla-840x630.webp 840w, https:\/\/birdinginspainswildwest.com\/wp-content\/uploads\/2024\/11\/short-toed-lark-terrera-calandrella-brachydactyla-410x308.webp 410w\" sizes=\"(max-width: 890px) 100vw, 890px\" \/><\/a>\n\t\t\t<\/div>\n\t\t\t\t<figcaption class='wp-caption-text gallery-caption' id='gallery-1-19799'>\n\t\t\t\tShort-toed lark Terrera Calandrella brachydactyla Birding in Spains Wild West\n\t\t\t\t<\/figcaption><\/figure><figure class='gallery-item'>\n\t\t\t<div class='gallery-icon landscape'>\n\t\t\t\t<a data-elementor-open-lightbox=\"yes\" data-elementor-lightbox-slideshow=\"4d6e227\" data-elementor-lightbox-title=\"Redrumped swallow Golondrina d\u00e1urica Hirundo daurica Birding in Spains Wild West\" data-elementor-lightbox-description=\"Redrumped swallow Golondrina d\u00e1urica Hirundo daurica \" data-e-action-hash=\"#elementor-action%3Aaction%3Dlightbox%26settings%3DeyJpZCI6MTk4MDIsInVybCI6Imh0dHBzOlwvXC9iaXJkaW5naW5zcGFpbnN3aWxkd2VzdC5jb21cL3dwLWNvbnRlbnRcL3VwbG9hZHNcLzIwMjRcLzExXC9yZWRydW1wZWQtc3dhbGxvdy1nb2xvbmRyaW5hLWRhdXJpY2EtaGlydW5kby1kYXVyaWNhLndlYnAiLCJzbGlkZXNob3ciOiI0ZDZlMjI3In0%3D\" title=\"Redrumped swallow Golondrina d\u00e1urica Hirundo daurica Birding in Spains Wild West\" href='https:\/\/birdinginspainswildwest.com\/wp-content\/uploads\/2024\/11\/redrumped-swallow-golondrina-daurica-hirundo-daurica.webp'><img loading=\"lazy\" decoding=\"async\" width=\"890\" height=\"668\" src=\"https:\/\/birdinginspainswildwest.com\/wp-content\/uploads\/2024\/11\/redrumped-swallow-golondrina-daurica-hirundo-daurica.webp\" class=\"attachment-full size-full\" alt=\"Redrumped swallow Golondrina d\u00e1urica Hirundo daurica Birding in Spains Wild West\" aria-describedby=\"gallery-1-19802\" srcset=\"https:\/\/birdinginspainswildwest.com\/wp-content\/uploads\/2024\/11\/redrumped-swallow-golondrina-daurica-hirundo-daurica.webp 890w, https:\/\/birdinginspainswildwest.com\/wp-content\/uploads\/2024\/11\/redrumped-swallow-golondrina-daurica-hirundo-daurica-300x225.webp 300w, https:\/\/birdinginspainswildwest.com\/wp-content\/uploads\/2024\/11\/redrumped-swallow-golondrina-daurica-hirundo-daurica-768x576.webp 768w, https:\/\/birdinginspainswildwest.com\/wp-content\/uploads\/2024\/11\/redrumped-swallow-golondrina-daurica-hirundo-daurica-370x278.webp 370w, https:\/\/birdinginspainswildwest.com\/wp-content\/uploads\/2024\/11\/redrumped-swallow-golondrina-daurica-hirundo-daurica-840x630.webp 840w, https:\/\/birdinginspainswildwest.com\/wp-content\/uploads\/2024\/11\/redrumped-swallow-golondrina-daurica-hirundo-daurica-410x308.webp 410w\" sizes=\"(max-width: 890px) 100vw, 890px\" \/><\/a>\n\t\t\t<\/div>\n\t\t\t\t<figcaption class='wp-caption-text gallery-caption' id='gallery-1-19802'>\n\t\t\t\tRedrumped swallow Golondrina d\u00e1urica Hirundo daurica Birding in Spains Wild West\n\t\t\t\t<\/figcaption><\/figure><figure class='gallery-item'>\n\t\t\t<div class='gallery-icon landscape'>\n\t\t\t\t<a data-elementor-open-lightbox=\"yes\" data-elementor-lightbox-slideshow=\"4d6e227\" data-elementor-lightbox-title=\"Red rockthrush Roquero rojo Monticola saxatilis Birding in Spains Wild West\" data-elementor-lightbox-description=\"Red rockthrush on rock Roquero rojo Monticola saxatilis\" data-e-action-hash=\"#elementor-action%3Aaction%3Dlightbox%26settings%3DeyJpZCI6MTk4MDUsInVybCI6Imh0dHBzOlwvXC9iaXJkaW5naW5zcGFpbnN3aWxkd2VzdC5jb21cL3dwLWNvbnRlbnRcL3VwbG9hZHNcLzIwMjRcLzExXC9yZWQtcm9ja3RocnVzaC1yb3F1ZXJvLXJvam8tbW9udGljb2xhLXNheGF0aWxpcy53ZWJwIiwic2xpZGVzaG93IjoiNGQ2ZTIyNyJ9\" title=\"Red rockthrush Roquero rojo Monticola saxatilis Birding in Spains Wild West\" href='https:\/\/birdinginspainswildwest.com\/wp-content\/uploads\/2024\/11\/red-rockthrush-roquero-rojo-monticola-saxatilis.webp'><img loading=\"lazy\" decoding=\"async\" width=\"890\" height=\"668\" src=\"https:\/\/birdinginspainswildwest.com\/wp-content\/uploads\/2024\/11\/red-rockthrush-roquero-rojo-monticola-saxatilis.webp\" class=\"attachment-full size-full\" alt=\"Red rockthrush Roquero rojo Monticola saxatilis Birding in Spains Wild West\" aria-describedby=\"gallery-1-19805\" srcset=\"https:\/\/birdinginspainswildwest.com\/wp-content\/uploads\/2024\/11\/red-rockthrush-roquero-rojo-monticola-saxatilis.webp 890w, https:\/\/birdinginspainswildwest.com\/wp-content\/uploads\/2024\/11\/red-rockthrush-roquero-rojo-monticola-saxatilis-300x225.webp 300w, https:\/\/birdinginspainswildwest.com\/wp-content\/uploads\/2024\/11\/red-rockthrush-roquero-rojo-monticola-saxatilis-768x576.webp 768w, https:\/\/birdinginspainswildwest.com\/wp-content\/uploads\/2024\/11\/red-rockthrush-roquero-rojo-monticola-saxatilis-370x278.webp 370w, https:\/\/birdinginspainswildwest.com\/wp-content\/uploads\/2024\/11\/red-rockthrush-roquero-rojo-monticola-saxatilis-840x630.webp 840w, https:\/\/birdinginspainswildwest.com\/wp-content\/uploads\/2024\/11\/red-rockthrush-roquero-rojo-monticola-saxatilis-410x308.webp 410w\" sizes=\"(max-width: 890px) 100vw, 890px\" \/><\/a>\n\t\t\t<\/div>\n\t\t\t\t<figcaption class='wp-caption-text gallery-caption' id='gallery-1-19805'>\n\t\t\t\tRed rockthrush Roquero rojo Monticola saxatilis Birding in Spains Wild West\n\t\t\t\t<\/figcaption><\/figure><figure class='gallery-item'>\n\t\t\t<div class='gallery-icon landscape'>\n\t\t\t\t<a data-elementor-open-lightbox=\"yes\" data-elementor-lightbox-slideshow=\"4d6e227\" data-elementor-lightbox-title=\"Queen of Spain fritillary Sofia Issoria lathonia Birding in Spains Wild West\" data-elementor-lightbox-description=\"Queen of Spain fritillary on flower Sofia Issoria lathonia \" data-e-action-hash=\"#elementor-action%3Aaction%3Dlightbox%26settings%3DeyJpZCI6MTk4MDgsInVybCI6Imh0dHBzOlwvXC9iaXJkaW5naW5zcGFpbnN3aWxkd2VzdC5jb21cL3dwLWNvbnRlbnRcL3VwbG9hZHNcLzIwMjRcLzExXC9xdWVlbi1vZi1zcGFpbi1mcml0aWxsYXJ5LXNvZmlhLWlzc29yaWEtbGF0aG9uaWEud2VicCIsInNsaWRlc2hvdyI6IjRkNmUyMjcifQ%3D%3D\" title=\"Queen of Spain fritillary Sofia Issoria lathonia Birding in Spains Wild West\" href='https:\/\/birdinginspainswildwest.com\/wp-content\/uploads\/2024\/11\/queen-of-spain-fritillary-sofia-issoria-lathonia.webp'><img loading=\"lazy\" decoding=\"async\" width=\"890\" height=\"668\" src=\"https:\/\/birdinginspainswildwest.com\/wp-content\/uploads\/2024\/11\/queen-of-spain-fritillary-sofia-issoria-lathonia.webp\" class=\"attachment-full size-full\" alt=\"Queen of Spain fritillary Sofia Issoria lathonia Birding in Spains Wild West\" aria-describedby=\"gallery-1-19808\" srcset=\"https:\/\/birdinginspainswildwest.com\/wp-content\/uploads\/2024\/11\/queen-of-spain-fritillary-sofia-issoria-lathonia.webp 890w, https:\/\/birdinginspainswildwest.com\/wp-content\/uploads\/2024\/11\/queen-of-spain-fritillary-sofia-issoria-lathonia-300x225.webp 300w, https:\/\/birdinginspainswildwest.com\/wp-content\/uploads\/2024\/11\/queen-of-spain-fritillary-sofia-issoria-lathonia-768x576.webp 768w, https:\/\/birdinginspainswildwest.com\/wp-content\/uploads\/2024\/11\/queen-of-spain-fritillary-sofia-issoria-lathonia-370x278.webp 370w, https:\/\/birdinginspainswildwest.com\/wp-content\/uploads\/2024\/11\/queen-of-spain-fritillary-sofia-issoria-lathonia-840x630.webp 840w, https:\/\/birdinginspainswildwest.com\/wp-content\/uploads\/2024\/11\/queen-of-spain-fritillary-sofia-issoria-lathonia-410x308.webp 410w\" sizes=\"(max-width: 890px) 100vw, 890px\" \/><\/a>\n\t\t\t<\/div>\n\t\t\t\t<figcaption class='wp-caption-text gallery-caption' id='gallery-1-19808'>\n\t\t\t\tQueen of Spain fritillary Sofia Issoria lathonia \nBirding in Spains Wild West\n\t\t\t\t<\/figcaption><\/figure><figure class='gallery-item'>\n\t\t\t<div class='gallery-icon landscape'>\n\t\t\t\t<a data-elementor-open-lightbox=\"yes\" data-elementor-lightbox-slideshow=\"4d6e227\" data-elementor-lightbox-title=\"Ortolan bunting Escribano hortelano Emberiza hortulana Birding in Spains Wild West\" data-elementor-lightbox-description=\"Ortolan bunting Escribano hortelano Emberiza hortulana \" data-e-action-hash=\"#elementor-action%3Aaction%3Dlightbox%26settings%3DeyJpZCI6MTk4MTEsInVybCI6Imh0dHBzOlwvXC9iaXJkaW5naW5zcGFpbnN3aWxkd2VzdC5jb21cL3dwLWNvbnRlbnRcL3VwbG9hZHNcLzIwMjRcLzExXC9vcnRvbGFuLWJ1bnRpbmctZXNjcmliYW5vLWhvcnRlbGFuby1lbWJlcml6YS1ob3J0dWxhbmEud2VicCIsInNsaWRlc2hvdyI6IjRkNmUyMjcifQ%3D%3D\" title=\"Ortolan bunting Escribano hortelano Emberiza hortulana Birding in Spains Wild West\" href='https:\/\/birdinginspainswildwest.com\/wp-content\/uploads\/2024\/11\/ortolan-bunting-escribano-hortelano-emberiza-hortulana.webp'><img loading=\"lazy\" decoding=\"async\" width=\"890\" height=\"668\" src=\"https:\/\/birdinginspainswildwest.com\/wp-content\/uploads\/2024\/11\/ortolan-bunting-escribano-hortelano-emberiza-hortulana.webp\" class=\"attachment-full size-full\" alt=\"Ortolan bunting Escribano hortelano Emberiza hortulana Birding in Spains Wild West\" aria-describedby=\"gallery-1-19811\" srcset=\"https:\/\/birdinginspainswildwest.com\/wp-content\/uploads\/2024\/11\/ortolan-bunting-escribano-hortelano-emberiza-hortulana.webp 890w, https:\/\/birdinginspainswildwest.com\/wp-content\/uploads\/2024\/11\/ortolan-bunting-escribano-hortelano-emberiza-hortulana-300x225.webp 300w, https:\/\/birdinginspainswildwest.com\/wp-content\/uploads\/2024\/11\/ortolan-bunting-escribano-hortelano-emberiza-hortulana-768x576.webp 768w, https:\/\/birdinginspainswildwest.com\/wp-content\/uploads\/2024\/11\/ortolan-bunting-escribano-hortelano-emberiza-hortulana-370x278.webp 370w, https:\/\/birdinginspainswildwest.com\/wp-content\/uploads\/2024\/11\/ortolan-bunting-escribano-hortelano-emberiza-hortulana-840x630.webp 840w, https:\/\/birdinginspainswildwest.com\/wp-content\/uploads\/2024\/11\/ortolan-bunting-escribano-hortelano-emberiza-hortulana-410x308.webp 410w\" sizes=\"(max-width: 890px) 100vw, 890px\" \/><\/a>\n\t\t\t<\/div>\n\t\t\t\t<figcaption class='wp-caption-text gallery-caption' id='gallery-1-19811'>\n\t\t\t\tOrtolan bunting Escribano hortelano Emberiza hortulana Birding in Spains Wild West\n\t\t\t\t<\/figcaption><\/figure><figure class='gallery-item'>\n\t\t\t<div class='gallery-icon landscape'>\n\t\t\t\t<a data-elementor-open-lightbox=\"yes\" data-elementor-lightbox-slideshow=\"4d6e227\" data-elementor-lightbox-title=\"Ocelated lizard Lagarto ocelado Timon lepidus Birding in Spains Wild West\" data-elementor-lightbox-description=\"Ocelated lizard pair on rock \npareja de Lagarto ocelado Timon lepidus\" data-e-action-hash=\"#elementor-action%3Aaction%3Dlightbox%26settings%3DeyJpZCI6MTk4MTQsInVybCI6Imh0dHBzOlwvXC9iaXJkaW5naW5zcGFpbnN3aWxkd2VzdC5jb21cL3dwLWNvbnRlbnRcL3VwbG9hZHNcLzIwMjRcLzExXC9vY2VsYXRlZC1saXphcmQtbGFnYXJ0by1vY2VsYWRvLXRpbW9uLWxlcGlkdXMud2VicCIsInNsaWRlc2hvdyI6IjRkNmUyMjcifQ%3D%3D\" title=\"Ocelated lizard Lagarto ocelado Timon lepidus Birding in Spains Wild West\" href='https:\/\/birdinginspainswildwest.com\/wp-content\/uploads\/2024\/11\/ocelated-lizard-lagarto-ocelado-timon-lepidus.webp'><img loading=\"lazy\" decoding=\"async\" width=\"890\" height=\"668\" src=\"https:\/\/birdinginspainswildwest.com\/wp-content\/uploads\/2024\/11\/ocelated-lizard-lagarto-ocelado-timon-lepidus.webp\" class=\"attachment-full size-full\" alt=\"Ocelated lizard Lagarto ocelado Timon lepidus Birding in Spains Wild West\" aria-describedby=\"gallery-1-19814\" srcset=\"https:\/\/birdinginspainswildwest.com\/wp-content\/uploads\/2024\/11\/ocelated-lizard-lagarto-ocelado-timon-lepidus.webp 890w, https:\/\/birdinginspainswildwest.com\/wp-content\/uploads\/2024\/11\/ocelated-lizard-lagarto-ocelado-timon-lepidus-300x225.webp 300w, https:\/\/birdinginspainswildwest.com\/wp-content\/uploads\/2024\/11\/ocelated-lizard-lagarto-ocelado-timon-lepidus-768x576.webp 768w, https:\/\/birdinginspainswildwest.com\/wp-content\/uploads\/2024\/11\/ocelated-lizard-lagarto-ocelado-timon-lepidus-370x278.webp 370w, https:\/\/birdinginspainswildwest.com\/wp-content\/uploads\/2024\/11\/ocelated-lizard-lagarto-ocelado-timon-lepidus-840x630.webp 840w, https:\/\/birdinginspainswildwest.com\/wp-content\/uploads\/2024\/11\/ocelated-lizard-lagarto-ocelado-timon-lepidus-410x308.webp 410w\" sizes=\"(max-width: 890px) 100vw, 890px\" \/><\/a>\n\t\t\t<\/div>\n\t\t\t\t<figcaption class='wp-caption-text gallery-caption' id='gallery-1-19814'>\n\t\t\t\tOcelated lizard Lagarto ocelado Timon lepidus \nBirding in Spains Wild West\n\t\t\t\t<\/figcaption><\/figure><figure class='gallery-item'>\n\t\t\t<div class='gallery-icon landscape'>\n\t\t\t\t<a data-elementor-open-lightbox=\"yes\" data-elementor-lightbox-slideshow=\"4d6e227\" data-elementor-lightbox-title=\"Niobe butterfly Argynnis niobe Birding in Spains Wild West\" data-elementor-lightbox-description=\"Birding in Spain&#039;s Wild West\" data-e-action-hash=\"#elementor-action%3Aaction%3Dlightbox%26settings%3DeyJpZCI6MTk4MTcsInVybCI6Imh0dHBzOlwvXC9iaXJkaW5naW5zcGFpbnN3aWxkd2VzdC5jb21cL3dwLWNvbnRlbnRcL3VwbG9hZHNcLzIwMjRcLzExXC9uaW9iZS1hcmd5bm5pcy1uaW9iZS53ZWJwIiwic2xpZGVzaG93IjoiNGQ2ZTIyNyJ9\" title=\"Niobe butterfly Argynnis niobe Birding in Spains Wild West\" href='https:\/\/birdinginspainswildwest.com\/wp-content\/uploads\/2024\/11\/niobe-argynnis-niobe.webp'><img loading=\"lazy\" decoding=\"async\" width=\"890\" height=\"668\" src=\"https:\/\/birdinginspainswildwest.com\/wp-content\/uploads\/2024\/11\/niobe-argynnis-niobe.webp\" class=\"attachment-full size-full\" alt=\"Niobe butterfly Argynnis niobe Birding in Spains Wild West\" aria-describedby=\"gallery-1-19817\" srcset=\"https:\/\/birdinginspainswildwest.com\/wp-content\/uploads\/2024\/11\/niobe-argynnis-niobe.webp 890w, https:\/\/birdinginspainswildwest.com\/wp-content\/uploads\/2024\/11\/niobe-argynnis-niobe-300x225.webp 300w, https:\/\/birdinginspainswildwest.com\/wp-content\/uploads\/2024\/11\/niobe-argynnis-niobe-768x576.webp 768w, https:\/\/birdinginspainswildwest.com\/wp-content\/uploads\/2024\/11\/niobe-argynnis-niobe-370x278.webp 370w, https:\/\/birdinginspainswildwest.com\/wp-content\/uploads\/2024\/11\/niobe-argynnis-niobe-840x630.webp 840w, https:\/\/birdinginspainswildwest.com\/wp-content\/uploads\/2024\/11\/niobe-argynnis-niobe-410x308.webp 410w\" sizes=\"(max-width: 890px) 100vw, 890px\" \/><\/a>\n\t\t\t<\/div>\n\t\t\t\t<figcaption class='wp-caption-text gallery-caption' id='gallery-1-19817'>\n\t\t\t\tNiobe Argynnis niobe \nBirding in Spains Wild West\n\t\t\t\t<\/figcaption><\/figure><figure class='gallery-item'>\n\t\t\t<div class='gallery-icon landscape'>\n\t\t\t\t<a data-elementor-open-lightbox=\"yes\" data-elementor-lightbox-slideshow=\"4d6e227\" data-elementor-lightbox-title=\"Montagus harrier Aguilucho cenizo Circus pygarcus\" data-elementor-lightbox-description=\"Birding in Spain&#039;s Wild West\" data-e-action-hash=\"#elementor-action%3Aaction%3Dlightbox%26settings%3DeyJpZCI6MTk4MjAsInVybCI6Imh0dHBzOlwvXC9iaXJkaW5naW5zcGFpbnN3aWxkd2VzdC5jb21cL3dwLWNvbnRlbnRcL3VwbG9hZHNcLzIwMjRcLzExXC9tb250YWd1cy1oYXJyaWVyLWFndWlsdWNoby1jZW5pem8tY2lyY3VzLXB5Z2FyY3VzLndlYnAiLCJzbGlkZXNob3ciOiI0ZDZlMjI3In0%3D\" title=\"Montagus harrier Aguilucho cenizo Circus pygarcus \" href='https:\/\/birdinginspainswildwest.com\/wp-content\/uploads\/2024\/11\/montagus-harrier-aguilucho-cenizo-circus-pygarcus.webp'><img loading=\"lazy\" decoding=\"async\" width=\"890\" height=\"668\" src=\"https:\/\/birdinginspainswildwest.com\/wp-content\/uploads\/2024\/11\/montagus-harrier-aguilucho-cenizo-circus-pygarcus.webp\" class=\"attachment-full size-full\" alt=\"Montagus harrier Aguilucho cenizo Circus pygarcus\" aria-describedby=\"gallery-1-19820\" srcset=\"https:\/\/birdinginspainswildwest.com\/wp-content\/uploads\/2024\/11\/montagus-harrier-aguilucho-cenizo-circus-pygarcus.webp 890w, https:\/\/birdinginspainswildwest.com\/wp-content\/uploads\/2024\/11\/montagus-harrier-aguilucho-cenizo-circus-pygarcus-300x225.webp 300w, https:\/\/birdinginspainswildwest.com\/wp-content\/uploads\/2024\/11\/montagus-harrier-aguilucho-cenizo-circus-pygarcus-768x576.webp 768w, https:\/\/birdinginspainswildwest.com\/wp-content\/uploads\/2024\/11\/montagus-harrier-aguilucho-cenizo-circus-pygarcus-370x278.webp 370w, https:\/\/birdinginspainswildwest.com\/wp-content\/uploads\/2024\/11\/montagus-harrier-aguilucho-cenizo-circus-pygarcus-840x630.webp 840w, https:\/\/birdinginspainswildwest.com\/wp-content\/uploads\/2024\/11\/montagus-harrier-aguilucho-cenizo-circus-pygarcus-410x308.webp 410w\" sizes=\"(max-width: 890px) 100vw, 890px\" \/><\/a>\n\t\t\t<\/div>\n\t\t\t\t<figcaption class='wp-caption-text gallery-caption' id='gallery-1-19820'>\n\t\t\t\tMontagus harrier Aguilucho cenizo Circus pygarcus \n\t\t\t\t<\/figcaption><\/figure><figure class='gallery-item'>\n\t\t\t<div class='gallery-icon landscape'>\n\t\t\t\t<a data-elementor-open-lightbox=\"yes\" data-elementor-lightbox-slideshow=\"4d6e227\" data-elementor-lightbox-title=\"Montagus harrier Aguilucho cenizo Circus pigarcus\" data-elementor-lightbox-description=\"Birding in Spain&#039;s Wild West\" data-e-action-hash=\"#elementor-action%3Aaction%3Dlightbox%26settings%3DeyJpZCI6MTk4MjMsInVybCI6Imh0dHBzOlwvXC9iaXJkaW5naW5zcGFpbnN3aWxkd2VzdC5jb21cL3dwLWNvbnRlbnRcL3VwbG9hZHNcLzIwMjRcLzExXC9tb250YWd1cy1oYXJyaWVyLWFndWlsdWNoby1jZW5pem8tY2lyY3VzLXBpZ2FyY3VzLndlYnAiLCJzbGlkZXNob3ciOiI0ZDZlMjI3In0%3D\" title=\"Montagus harrier Aguilucho cenizo Circus pigarcus \" href='https:\/\/birdinginspainswildwest.com\/wp-content\/uploads\/2024\/11\/montagus-harrier-aguilucho-cenizo-circus-pigarcus.webp'><img loading=\"lazy\" decoding=\"async\" width=\"890\" height=\"668\" src=\"https:\/\/birdinginspainswildwest.com\/wp-content\/uploads\/2024\/11\/montagus-harrier-aguilucho-cenizo-circus-pigarcus.webp\" class=\"attachment-full size-full\" alt=\"Montagus harrier Aguilucho cenizo Circus pigarcus\" aria-describedby=\"gallery-1-19823\" srcset=\"https:\/\/birdinginspainswildwest.com\/wp-content\/uploads\/2024\/11\/montagus-harrier-aguilucho-cenizo-circus-pigarcus.webp 890w, https:\/\/birdinginspainswildwest.com\/wp-content\/uploads\/2024\/11\/montagus-harrier-aguilucho-cenizo-circus-pigarcus-300x225.webp 300w, https:\/\/birdinginspainswildwest.com\/wp-content\/uploads\/2024\/11\/montagus-harrier-aguilucho-cenizo-circus-pigarcus-768x576.webp 768w, https:\/\/birdinginspainswildwest.com\/wp-content\/uploads\/2024\/11\/montagus-harrier-aguilucho-cenizo-circus-pigarcus-370x278.webp 370w, https:\/\/birdinginspainswildwest.com\/wp-content\/uploads\/2024\/11\/montagus-harrier-aguilucho-cenizo-circus-pigarcus-840x630.webp 840w, https:\/\/birdinginspainswildwest.com\/wp-content\/uploads\/2024\/11\/montagus-harrier-aguilucho-cenizo-circus-pigarcus-410x308.webp 410w\" sizes=\"(max-width: 890px) 100vw, 890px\" \/><\/a>\n\t\t\t<\/div>\n\t\t\t\t<figcaption class='wp-caption-text gallery-caption' id='gallery-1-19823'>\n\t\t\t\tMontagus harrier Aguilucho cenizo Circus pigarcus \n\t\t\t\t<\/figcaption><\/figure><figure class='gallery-item'>\n\t\t\t<div class='gallery-icon landscape'>\n\t\t\t\t<a data-elementor-open-lightbox=\"yes\" data-elementor-lightbox-slideshow=\"4d6e227\" data-elementor-lightbox-title=\"Marsh fritillary Ondas rojas Euphydryas beckeri\" data-elementor-lightbox-description=\"Birding in Spain&#039;s Wild West\" data-e-action-hash=\"#elementor-action%3Aaction%3Dlightbox%26settings%3DeyJpZCI6MTk4MjYsInVybCI6Imh0dHBzOlwvXC9iaXJkaW5naW5zcGFpbnN3aWxkd2VzdC5jb21cL3dwLWNvbnRlbnRcL3VwbG9hZHNcLzIwMjRcLzExXC9tYXJzaC1mcml0aWxsYXJ5LW9uZGFzLXJvamFzLWV1cGh5ZHJ5YXMtYmVja2VyaS53ZWJwIiwic2xpZGVzaG93IjoiNGQ2ZTIyNyJ9\" title=\"Marsh fritillary Ondas rojas Euphydryas beckeri \" href='https:\/\/birdinginspainswildwest.com\/wp-content\/uploads\/2024\/11\/marsh-fritillary-ondas-rojas-euphydryas-beckeri.webp'><img loading=\"lazy\" decoding=\"async\" width=\"890\" height=\"668\" src=\"https:\/\/birdinginspainswildwest.com\/wp-content\/uploads\/2024\/11\/marsh-fritillary-ondas-rojas-euphydryas-beckeri.webp\" class=\"attachment-full size-full\" alt=\"Marsh fritillary Ondas rojas Euphydryas beckeri\" aria-describedby=\"gallery-1-19826\" srcset=\"https:\/\/birdinginspainswildwest.com\/wp-content\/uploads\/2024\/11\/marsh-fritillary-ondas-rojas-euphydryas-beckeri.webp 890w, https:\/\/birdinginspainswildwest.com\/wp-content\/uploads\/2024\/11\/marsh-fritillary-ondas-rojas-euphydryas-beckeri-300x225.webp 300w, https:\/\/birdinginspainswildwest.com\/wp-content\/uploads\/2024\/11\/marsh-fritillary-ondas-rojas-euphydryas-beckeri-768x576.webp 768w, https:\/\/birdinginspainswildwest.com\/wp-content\/uploads\/2024\/11\/marsh-fritillary-ondas-rojas-euphydryas-beckeri-370x278.webp 370w, https:\/\/birdinginspainswildwest.com\/wp-content\/uploads\/2024\/11\/marsh-fritillary-ondas-rojas-euphydryas-beckeri-840x630.webp 840w, https:\/\/birdinginspainswildwest.com\/wp-content\/uploads\/2024\/11\/marsh-fritillary-ondas-rojas-euphydryas-beckeri-410x308.webp 410w\" sizes=\"(max-width: 890px) 100vw, 890px\" \/><\/a>\n\t\t\t<\/div>\n\t\t\t\t<figcaption class='wp-caption-text gallery-caption' id='gallery-1-19826'>\n\t\t\t\tMarsh fritillary Ondas rojas Euphydryas beckeri \n\t\t\t\t<\/figcaption><\/figure><figure class='gallery-item'>\n\t\t\t<div class='gallery-icon landscape'>\n\t\t\t\t<a data-elementor-open-lightbox=\"yes\" data-elementor-lightbox-slideshow=\"4d6e227\" data-elementor-lightbox-title=\"Iberian wagtail Lavandera boyera  Motecilla flava iberiae\" data-elementor-lightbox-description=\"Birding in Spain&#039;s Wild West\" data-e-action-hash=\"#elementor-action%3Aaction%3Dlightbox%26settings%3DeyJpZCI6MTk4MjksInVybCI6Imh0dHBzOlwvXC9iaXJkaW5naW5zcGFpbnN3aWxkd2VzdC5jb21cL3dwLWNvbnRlbnRcL3VwbG9hZHNcLzIwMjRcLzExXC9pYmVyaWFuLXdhZ3RhaWwtbGF2YW5kZXJhLWJveWVyYS1tb3RlY2lsbGEtZmxhdmEtaWJlcmlhZS53ZWJwIiwic2xpZGVzaG93IjoiNGQ2ZTIyNyJ9\" title=\"Iberian wagtail Lavandera boyera  Motecilla flava iberiae\" href='https:\/\/birdinginspainswildwest.com\/wp-content\/uploads\/2024\/11\/iberian-wagtail-lavandera-boyera-motecilla-flava-iberiae.webp'><img loading=\"lazy\" decoding=\"async\" width=\"890\" height=\"668\" src=\"https:\/\/birdinginspainswildwest.com\/wp-content\/uploads\/2024\/11\/iberian-wagtail-lavandera-boyera-motecilla-flava-iberiae.webp\" class=\"attachment-full size-full\" alt=\"Iberian wagtail Lavandera boyera  Motecilla flava iberiae\" aria-describedby=\"gallery-1-19829\" srcset=\"https:\/\/birdinginspainswildwest.com\/wp-content\/uploads\/2024\/11\/iberian-wagtail-lavandera-boyera-motecilla-flava-iberiae.webp 890w, https:\/\/birdinginspainswildwest.com\/wp-content\/uploads\/2024\/11\/iberian-wagtail-lavandera-boyera-motecilla-flava-iberiae-300x225.webp 300w, https:\/\/birdinginspainswildwest.com\/wp-content\/uploads\/2024\/11\/iberian-wagtail-lavandera-boyera-motecilla-flava-iberiae-768x576.webp 768w, https:\/\/birdinginspainswildwest.com\/wp-content\/uploads\/2024\/11\/iberian-wagtail-lavandera-boyera-motecilla-flava-iberiae-370x278.webp 370w, https:\/\/birdinginspainswildwest.com\/wp-content\/uploads\/2024\/11\/iberian-wagtail-lavandera-boyera-motecilla-flava-iberiae-840x630.webp 840w, https:\/\/birdinginspainswildwest.com\/wp-content\/uploads\/2024\/11\/iberian-wagtail-lavandera-boyera-motecilla-flava-iberiae-410x308.webp 410w\" sizes=\"(max-width: 890px) 100vw, 890px\" \/><\/a>\n\t\t\t<\/div>\n\t\t\t\t<figcaption class='wp-caption-text gallery-caption' id='gallery-1-19829'>\n\t\t\t\tIberian wagtail Lavandera boyera  Motecilla flava iberiae\n\t\t\t\t<\/figcaption><\/figure><figure class='gallery-item'>\n\t\t\t<div class='gallery-icon landscape'>\n\t\t\t\t<a data-elementor-open-lightbox=\"yes\" data-elementor-lightbox-slideshow=\"4d6e227\" data-elementor-lightbox-title=\"Iberian Shrilke Alcaud\u00f3n meridional Lanius meridionalis\" data-elementor-lightbox-description=\"Birding in Spain&#039;s Wild West\" data-e-action-hash=\"#elementor-action%3Aaction%3Dlightbox%26settings%3DeyJpZCI6MTk4MzIsInVybCI6Imh0dHBzOlwvXC9iaXJkaW5naW5zcGFpbnN3aWxkd2VzdC5jb21cL3dwLWNvbnRlbnRcL3VwbG9hZHNcLzIwMjRcLzExXC9pYmVyaWFuLXNocmlsa2UtYWxjYXVkb24tbWVyaWRpb25hbC1sYW5pdXMtbWVyaWRpb25hbGlzLndlYnAiLCJzbGlkZXNob3ciOiI0ZDZlMjI3In0%3D\" title=\"Iberian Shrilke Alcaud\u00f3n meridional Lanius meridionalis  \" href='https:\/\/birdinginspainswildwest.com\/wp-content\/uploads\/2024\/11\/iberian-shrilke-alcaudon-meridional-lanius-meridionalis.webp'><img loading=\"lazy\" decoding=\"async\" width=\"890\" height=\"668\" src=\"https:\/\/birdinginspainswildwest.com\/wp-content\/uploads\/2024\/11\/iberian-shrilke-alcaudon-meridional-lanius-meridionalis.webp\" class=\"attachment-full size-full\" alt=\"Iberian Shrilke Alcaud\u00f3n meridional Lanius meridionalis\" aria-describedby=\"gallery-1-19832\" srcset=\"https:\/\/birdinginspainswildwest.com\/wp-content\/uploads\/2024\/11\/iberian-shrilke-alcaudon-meridional-lanius-meridionalis.webp 890w, https:\/\/birdinginspainswildwest.com\/wp-content\/uploads\/2024\/11\/iberian-shrilke-alcaudon-meridional-lanius-meridionalis-300x225.webp 300w, https:\/\/birdinginspainswildwest.com\/wp-content\/uploads\/2024\/11\/iberian-shrilke-alcaudon-meridional-lanius-meridionalis-768x576.webp 768w, https:\/\/birdinginspainswildwest.com\/wp-content\/uploads\/2024\/11\/iberian-shrilke-alcaudon-meridional-lanius-meridionalis-370x278.webp 370w, https:\/\/birdinginspainswildwest.com\/wp-content\/uploads\/2024\/11\/iberian-shrilke-alcaudon-meridional-lanius-meridionalis-840x630.webp 840w, https:\/\/birdinginspainswildwest.com\/wp-content\/uploads\/2024\/11\/iberian-shrilke-alcaudon-meridional-lanius-meridionalis-410x308.webp 410w\" sizes=\"(max-width: 890px) 100vw, 890px\" \/><\/a>\n\t\t\t<\/div>\n\t\t\t\t<figcaption class='wp-caption-text gallery-caption' id='gallery-1-19832'>\n\t\t\t\tIberian Shrilke Alcaud\u00f3n meridional Lanius meridionalis  \n\t\t\t\t<\/figcaption><\/figure><figure class='gallery-item'>\n\t\t\t<div class='gallery-icon landscape'>\n\t\t\t\t<a data-elementor-open-lightbox=\"yes\" data-elementor-lightbox-slideshow=\"4d6e227\" data-elementor-lightbox-title=\"Iberian ibex Cabra mont\u00e9s  Capra pyrenaica Birding in Spains Wild West\" data-elementor-lightbox-description=\"Iberian ibex on mountain Cabra montesa Capra pyrenaica \" data-e-action-hash=\"#elementor-action%3Aaction%3Dlightbox%26settings%3DeyJpZCI6MTk4MzUsInVybCI6Imh0dHBzOlwvXC9iaXJkaW5naW5zcGFpbnN3aWxkd2VzdC5jb21cL3dwLWNvbnRlbnRcL3VwbG9hZHNcLzIwMjRcLzExXC9pYmVyaWFuLWliZXgtY2FicmEtbW9udGVzYS1jYXByYS1weXJlbmFpY2Eud2VicCIsInNsaWRlc2hvdyI6IjRkNmUyMjcifQ%3D%3D\" title=\"Iberian ibex Cabra mont\u00e9s Capra pyrenaica Birding in Spains Wild West\" href='https:\/\/birdinginspainswildwest.com\/wp-content\/uploads\/2024\/11\/iberian-ibex-cabra-montesa-capra-pyrenaica.webp'><img loading=\"lazy\" decoding=\"async\" width=\"890\" height=\"668\" src=\"https:\/\/birdinginspainswildwest.com\/wp-content\/uploads\/2024\/11\/iberian-ibex-cabra-montesa-capra-pyrenaica.webp\" class=\"attachment-full size-full\" alt=\"Iberian ibex Cabra mont\u00e9s Capra pyrenaica Birding in Spains Wild West\" aria-describedby=\"gallery-1-19835\" srcset=\"https:\/\/birdinginspainswildwest.com\/wp-content\/uploads\/2024\/11\/iberian-ibex-cabra-montesa-capra-pyrenaica.webp 890w, https:\/\/birdinginspainswildwest.com\/wp-content\/uploads\/2024\/11\/iberian-ibex-cabra-montesa-capra-pyrenaica-300x225.webp 300w, https:\/\/birdinginspainswildwest.com\/wp-content\/uploads\/2024\/11\/iberian-ibex-cabra-montesa-capra-pyrenaica-768x576.webp 768w, https:\/\/birdinginspainswildwest.com\/wp-content\/uploads\/2024\/11\/iberian-ibex-cabra-montesa-capra-pyrenaica-370x278.webp 370w, https:\/\/birdinginspainswildwest.com\/wp-content\/uploads\/2024\/11\/iberian-ibex-cabra-montesa-capra-pyrenaica-840x630.webp 840w, https:\/\/birdinginspainswildwest.com\/wp-content\/uploads\/2024\/11\/iberian-ibex-cabra-montesa-capra-pyrenaica-410x308.webp 410w\" sizes=\"(max-width: 890px) 100vw, 890px\" \/><\/a>\n\t\t\t<\/div>\n\t\t\t\t<figcaption class='wp-caption-text gallery-caption' id='gallery-1-19835'>\n\t\t\t\tIberian ibex Cabra montesa Capra pyrenaica \n\t\t\t\t<\/figcaption><\/figure><figure class='gallery-item'>\n\t\t\t<div class='gallery-icon landscape'>\n\t\t\t\t<a data-elementor-open-lightbox=\"yes\" data-elementor-lightbox-slideshow=\"4d6e227\" data-elementor-lightbox-title=\"Hoopoe Abubilla Upupa epops Birding in Spains Wild West\" data-elementor-lightbox-description=\"Hoopoe on post  Abubilla Upupa epops \" data-e-action-hash=\"#elementor-action%3Aaction%3Dlightbox%26settings%3DeyJpZCI6MTk4MzgsInVybCI6Imh0dHBzOlwvXC9iaXJkaW5naW5zcGFpbnN3aWxkd2VzdC5jb21cL3dwLWNvbnRlbnRcL3VwbG9hZHNcLzIwMjRcLzExXC9ob29wb2UtYWJ1YmlsbGEtdXB1cGEtZXBvcHMud2VicCIsInNsaWRlc2hvdyI6IjRkNmUyMjcifQ%3D%3D\" title=\"Hoopoe Abubilla Upupa epops Birding in Spain&#039;s Wild West Ver Aves\" href='https:\/\/birdinginspainswildwest.com\/wp-content\/uploads\/2024\/11\/hoopoe-abubilla-upupa-epops.webp'><img loading=\"lazy\" decoding=\"async\" width=\"890\" height=\"668\" src=\"https:\/\/birdinginspainswildwest.com\/wp-content\/uploads\/2024\/11\/hoopoe-abubilla-upupa-epops.webp\" class=\"attachment-full size-full\" alt=\"Hoopoe Abubilla Upupa epops Birding in Spain&#039;s Wild West Ver Aves\" aria-describedby=\"gallery-1-19838\" srcset=\"https:\/\/birdinginspainswildwest.com\/wp-content\/uploads\/2024\/11\/hoopoe-abubilla-upupa-epops.webp 890w, https:\/\/birdinginspainswildwest.com\/wp-content\/uploads\/2024\/11\/hoopoe-abubilla-upupa-epops-300x225.webp 300w, https:\/\/birdinginspainswildwest.com\/wp-content\/uploads\/2024\/11\/hoopoe-abubilla-upupa-epops-768x576.webp 768w, https:\/\/birdinginspainswildwest.com\/wp-content\/uploads\/2024\/11\/hoopoe-abubilla-upupa-epops-370x278.webp 370w, https:\/\/birdinginspainswildwest.com\/wp-content\/uploads\/2024\/11\/hoopoe-abubilla-upupa-epops-840x630.webp 840w, https:\/\/birdinginspainswildwest.com\/wp-content\/uploads\/2024\/11\/hoopoe-abubilla-upupa-epops-410x308.webp 410w\" sizes=\"(max-width: 890px) 100vw, 890px\" \/><\/a>\n\t\t\t<\/div>\n\t\t\t\t<figcaption class='wp-caption-text gallery-caption' id='gallery-1-19838'>\n\t\t\t\tHoopoe Abubilla Upupa epops Birding in Spains Wild West\n\t\t\t\t<\/figcaption><\/figure><figure class='gallery-item'>\n\t\t\t<div class='gallery-icon landscape'>\n\t\t\t\t<a data-elementor-open-lightbox=\"yes\" data-elementor-lightbox-slideshow=\"4d6e227\" data-elementor-lightbox-title=\"Gt Bustard Avutarda Otis tarda Birding in Spains Wild West\" data-elementor-lightbox-description=\"Gt Bustard in field Avutarda Otis tarda\" data-e-action-hash=\"#elementor-action%3Aaction%3Dlightbox%26settings%3DeyJpZCI6MTk4NDEsInVybCI6Imh0dHBzOlwvXC9iaXJkaW5naW5zcGFpbnN3aWxkd2VzdC5jb21cL3dwLWNvbnRlbnRcL3VwbG9hZHNcLzIwMjRcLzExXC9ndC1idXN0YXJkLWF2dXRhcmRhLW90aXMtdGFyZGEud2VicCIsInNsaWRlc2hvdyI6IjRkNmUyMjcifQ%3D%3D\" title=\"Gt Bustard Avutarda Otis tarda Birding in Spains Wild West\" href='https:\/\/birdinginspainswildwest.com\/wp-content\/uploads\/2024\/11\/gt-bustard-avutarda-otis-tarda.webp'><img loading=\"lazy\" decoding=\"async\" width=\"890\" height=\"668\" src=\"https:\/\/birdinginspainswildwest.com\/wp-content\/uploads\/2024\/11\/gt-bustard-avutarda-otis-tarda.webp\" class=\"attachment-full size-full\" alt=\"Gt Bustard Avutarda Otis tarda Birding in Spains Wild West\" aria-describedby=\"gallery-1-19841\" srcset=\"https:\/\/birdinginspainswildwest.com\/wp-content\/uploads\/2024\/11\/gt-bustard-avutarda-otis-tarda.webp 890w, https:\/\/birdinginspainswildwest.com\/wp-content\/uploads\/2024\/11\/gt-bustard-avutarda-otis-tarda-300x225.webp 300w, https:\/\/birdinginspainswildwest.com\/wp-content\/uploads\/2024\/11\/gt-bustard-avutarda-otis-tarda-768x576.webp 768w, https:\/\/birdinginspainswildwest.com\/wp-content\/uploads\/2024\/11\/gt-bustard-avutarda-otis-tarda-370x278.webp 370w, https:\/\/birdinginspainswildwest.com\/wp-content\/uploads\/2024\/11\/gt-bustard-avutarda-otis-tarda-840x630.webp 840w, https:\/\/birdinginspainswildwest.com\/wp-content\/uploads\/2024\/11\/gt-bustard-avutarda-otis-tarda-410x308.webp 410w\" sizes=\"(max-width: 890px) 100vw, 890px\" \/><\/a>\n\t\t\t<\/div>\n\t\t\t\t<figcaption class='wp-caption-text gallery-caption' id='gallery-1-19841'>\n\t\t\t\tGt Bustard Avutarda Otis tarda Birding in Spains Wild West\n\t\t\t\t<\/figcaption><\/figure><figure class='gallery-item'>\n\t\t\t<div class='gallery-icon landscape'>\n\t\t\t\t<a data-elementor-open-lightbox=\"yes\" data-elementor-lightbox-slideshow=\"4d6e227\" data-elementor-lightbox-title=\"Griffon vulture Buitre leonado Gyps fulvus Birding in Spains Wild West\" data-elementor-lightbox-description=\"Griffon vulture on cliff Buitre leonado en alcantilado Gyps fulvus \" data-e-action-hash=\"#elementor-action%3Aaction%3Dlightbox%26settings%3DeyJpZCI6MTk4NDQsInVybCI6Imh0dHBzOlwvXC9iaXJkaW5naW5zcGFpbnN3aWxkd2VzdC5jb21cL3dwLWNvbnRlbnRcL3VwbG9hZHNcLzIwMjRcLzExXC9ncmlmZm9uLXZ1bHR1cmUtYnVpdHJlLWxlb25hZG8tZ3lwcy1mdWx2dXMud2VicCIsInNsaWRlc2hvdyI6IjRkNmUyMjcifQ%3D%3D\" title=\"Griffon vulture Buitre leonado Gyps fulvus Birding in Spains Wild West\" href='https:\/\/birdinginspainswildwest.com\/wp-content\/uploads\/2024\/11\/griffon-vulture-buitre-leonado-gyps-fulvus.webp'><img loading=\"lazy\" decoding=\"async\" width=\"890\" height=\"668\" src=\"https:\/\/birdinginspainswildwest.com\/wp-content\/uploads\/2024\/11\/griffon-vulture-buitre-leonado-gyps-fulvus.webp\" class=\"attachment-full size-full\" alt=\"Griffon vulture Buitre leonado Gyps fulvus Birding in Spains Wild West\" aria-describedby=\"gallery-1-19844\" srcset=\"https:\/\/birdinginspainswildwest.com\/wp-content\/uploads\/2024\/11\/griffon-vulture-buitre-leonado-gyps-fulvus.webp 890w, https:\/\/birdinginspainswildwest.com\/wp-content\/uploads\/2024\/11\/griffon-vulture-buitre-leonado-gyps-fulvus-300x225.webp 300w, https:\/\/birdinginspainswildwest.com\/wp-content\/uploads\/2024\/11\/griffon-vulture-buitre-leonado-gyps-fulvus-768x576.webp 768w, https:\/\/birdinginspainswildwest.com\/wp-content\/uploads\/2024\/11\/griffon-vulture-buitre-leonado-gyps-fulvus-370x278.webp 370w, https:\/\/birdinginspainswildwest.com\/wp-content\/uploads\/2024\/11\/griffon-vulture-buitre-leonado-gyps-fulvus-840x630.webp 840w, https:\/\/birdinginspainswildwest.com\/wp-content\/uploads\/2024\/11\/griffon-vulture-buitre-leonado-gyps-fulvus-410x308.webp 410w\" sizes=\"(max-width: 890px) 100vw, 890px\" \/><\/a>\n\t\t\t<\/div>\n\t\t\t\t<figcaption class='wp-caption-text gallery-caption' id='gallery-1-19844'>\n\t\t\t\tGriffon vulture Buitre leonado Gyps fulvus Birding in Spains Wild West\n\t\t\t\t<\/figcaption><\/figure><figure class='gallery-item'>\n\t\t\t<div class='gallery-icon landscape'>\n\t\t\t\t<a data-elementor-open-lightbox=\"yes\" data-elementor-lightbox-slideshow=\"4d6e227\" data-elementor-lightbox-title=\"European pond turtle Gal\u00e1pago europeo Emis orbicularis Birding in Spains Wild West\" data-elementor-lightbox-description=\"European pond turtle Gal\u00e1pago europeo Emis orbicularis\" data-e-action-hash=\"#elementor-action%3Aaction%3Dlightbox%26settings%3DeyJpZCI6MTk4NDcsInVybCI6Imh0dHBzOlwvXC9iaXJkaW5naW5zcGFpbnN3aWxkd2VzdC5jb21cL3dwLWNvbnRlbnRcL3VwbG9hZHNcLzIwMjRcLzExXC9ldXJvcGVhbi1wb25kLXR1cnRsZS1nYWxhcGFnby1ldXJvcGVvLWVtaXMtb3JiaWN1bGFyaXMud2VicCIsInNsaWRlc2hvdyI6IjRkNmUyMjcifQ%3D%3D\" title=\"European pond turtle Gal\u00e1pago europeo Emis orbicularis Birding in Spains Wild West\" href='https:\/\/birdinginspainswildwest.com\/wp-content\/uploads\/2024\/11\/european-pond-turtle-galapago-europeo-emis-orbicularis.webp'><img loading=\"lazy\" decoding=\"async\" width=\"890\" height=\"668\" src=\"https:\/\/birdinginspainswildwest.com\/wp-content\/uploads\/2024\/11\/european-pond-turtle-galapago-europeo-emis-orbicularis.webp\" class=\"attachment-full size-full\" alt=\"European pond turtle Gal\u00e1pago europeo Emis orbicularis Birding in Spains Wild West\" aria-describedby=\"gallery-1-19847\" srcset=\"https:\/\/birdinginspainswildwest.com\/wp-content\/uploads\/2024\/11\/european-pond-turtle-galapago-europeo-emis-orbicularis.webp 890w, https:\/\/birdinginspainswildwest.com\/wp-content\/uploads\/2024\/11\/european-pond-turtle-galapago-europeo-emis-orbicularis-300x225.webp 300w, https:\/\/birdinginspainswildwest.com\/wp-content\/uploads\/2024\/11\/european-pond-turtle-galapago-europeo-emis-orbicularis-768x576.webp 768w, https:\/\/birdinginspainswildwest.com\/wp-content\/uploads\/2024\/11\/european-pond-turtle-galapago-europeo-emis-orbicularis-370x278.webp 370w, https:\/\/birdinginspainswildwest.com\/wp-content\/uploads\/2024\/11\/european-pond-turtle-galapago-europeo-emis-orbicularis-840x630.webp 840w, https:\/\/birdinginspainswildwest.com\/wp-content\/uploads\/2024\/11\/european-pond-turtle-galapago-europeo-emis-orbicularis-410x308.webp 410w\" sizes=\"(max-width: 890px) 100vw, 890px\" \/><\/a>\n\t\t\t<\/div>\n\t\t\t\t<figcaption class='wp-caption-text gallery-caption' id='gallery-1-19847'>\n\t\t\t\tEuropean pond turtle Gal\u00e1pago europeo Emis orbicularis Birding in Spains Wild West\n\t\t\t\t<\/figcaption><\/figure><figure class='gallery-item'>\n\t\t\t<div class='gallery-icon landscape'>\n\t\t\t\t<a data-elementor-open-lightbox=\"yes\" data-elementor-lightbox-slideshow=\"4d6e227\" data-elementor-lightbox-title=\"Egyptian vulture Alimoche Neophron percnopterus Birding in Spains Wild West\" data-elementor-lightbox-description=\"Egyptian vulture flying Alimoche en vuelo Neophron percnopterus\" data-e-action-hash=\"#elementor-action%3Aaction%3Dlightbox%26settings%3DeyJpZCI6MTk4NTAsInVybCI6Imh0dHBzOlwvXC9iaXJkaW5naW5zcGFpbnN3aWxkd2VzdC5jb21cL3dwLWNvbnRlbnRcL3VwbG9hZHNcLzIwMjRcLzExXC9lZ3lwdGlhbi12dWx0dXJlLWFsaW1vY2hlLW5lb3Bocm9uLXBlcmNub3B0ZXJ1cy53ZWJwIiwic2xpZGVzaG93IjoiNGQ2ZTIyNyJ9\" title=\"Egyptian vulture Alimoche Neophron percnopterus Birding in Spains Wild West\" href='https:\/\/birdinginspainswildwest.com\/wp-content\/uploads\/2024\/11\/egyptian-vulture-alimoche-neophron-percnopterus.webp'><img loading=\"lazy\" decoding=\"async\" width=\"890\" height=\"668\" src=\"https:\/\/birdinginspainswildwest.com\/wp-content\/uploads\/2024\/11\/egyptian-vulture-alimoche-neophron-percnopterus.webp\" class=\"attachment-full size-full\" alt=\"Egyptian vulture Alimoche Neophron percnopterus Birding in Spains Wild West\" aria-describedby=\"gallery-1-19850\" srcset=\"https:\/\/birdinginspainswildwest.com\/wp-content\/uploads\/2024\/11\/egyptian-vulture-alimoche-neophron-percnopterus.webp 890w, https:\/\/birdinginspainswildwest.com\/wp-content\/uploads\/2024\/11\/egyptian-vulture-alimoche-neophron-percnopterus-300x225.webp 300w, https:\/\/birdinginspainswildwest.com\/wp-content\/uploads\/2024\/11\/egyptian-vulture-alimoche-neophron-percnopterus-768x576.webp 768w, https:\/\/birdinginspainswildwest.com\/wp-content\/uploads\/2024\/11\/egyptian-vulture-alimoche-neophron-percnopterus-370x278.webp 370w, https:\/\/birdinginspainswildwest.com\/wp-content\/uploads\/2024\/11\/egyptian-vulture-alimoche-neophron-percnopterus-840x630.webp 840w, https:\/\/birdinginspainswildwest.com\/wp-content\/uploads\/2024\/11\/egyptian-vulture-alimoche-neophron-percnopterus-410x308.webp 410w\" sizes=\"(max-width: 890px) 100vw, 890px\" \/><\/a>\n\t\t\t<\/div>\n\t\t\t\t<figcaption class='wp-caption-text gallery-caption' id='gallery-1-19850'>\n\t\t\t\tEgyptian vulture Alimoche Neophron percnopterus Birding in Spains Wild West\n\t\t\t\t<\/figcaption><\/figure><figure class='gallery-item'>\n\t\t\t<div class='gallery-icon landscape'>\n\t\t\t\t<a data-elementor-open-lightbox=\"yes\" data-elementor-lightbox-slideshow=\"4d6e227\" data-elementor-lightbox-title=\"Sardinian warbler Curruca cabecinegra Curruca melanocephala Birding in Spains Wild West\" data-elementor-lightbox-description=\"Sardinian warbler Curruca cabecinegra Curruca melanocephala\" data-e-action-hash=\"#elementor-action%3Aaction%3Dlightbox%26settings%3DeyJpZCI6MTk4NTMsInVybCI6Imh0dHBzOlwvXC9iaXJkaW5naW5zcGFpbnN3aWxkd2VzdC5jb21cL3dwLWNvbnRlbnRcL3VwbG9hZHNcLzIwMjRcLzExXC9jdXJydWNhLWNhYmVjaW5lZ3JhLTIwMjMud2VicCIsInNsaWRlc2hvdyI6IjRkNmUyMjcifQ%3D%3D\" title=\"Sardinian warbler Curruca cabecinegra Curruca melanocephala Birding in Spains Wild West\" href='https:\/\/birdinginspainswildwest.com\/wp-content\/uploads\/2024\/11\/curruca-cabecinegra-2023.webp'><img loading=\"lazy\" decoding=\"async\" width=\"890\" height=\"668\" src=\"https:\/\/birdinginspainswildwest.com\/wp-content\/uploads\/2024\/11\/curruca-cabecinegra-2023.webp\" class=\"attachment-full size-full\" alt=\"Sardinian warbler Curruca cabecinegra Curruca melanocephala Birding in Spains Wild West\" aria-describedby=\"gallery-1-19853\" srcset=\"https:\/\/birdinginspainswildwest.com\/wp-content\/uploads\/2024\/11\/curruca-cabecinegra-2023.webp 890w, https:\/\/birdinginspainswildwest.com\/wp-content\/uploads\/2024\/11\/curruca-cabecinegra-2023-300x225.webp 300w, https:\/\/birdinginspainswildwest.com\/wp-content\/uploads\/2024\/11\/curruca-cabecinegra-2023-768x576.webp 768w, https:\/\/birdinginspainswildwest.com\/wp-content\/uploads\/2024\/11\/curruca-cabecinegra-2023-370x278.webp 370w, https:\/\/birdinginspainswildwest.com\/wp-content\/uploads\/2024\/11\/curruca-cabecinegra-2023-840x630.webp 840w, https:\/\/birdinginspainswildwest.com\/wp-content\/uploads\/2024\/11\/curruca-cabecinegra-2023-410x308.webp 410w\" sizes=\"(max-width: 890px) 100vw, 890px\" \/><\/a>\n\t\t\t<\/div>\n\t\t\t\t<figcaption class='wp-caption-text gallery-caption' id='gallery-1-19853'>\n\t\t\t\tSardinian warbler Curruca cabecinegra Curruca melanocephala Birding in Spains Wild West\n\t\t\t\t<\/figcaption><\/figure><figure class='gallery-item'>\n\t\t\t<div class='gallery-icon landscape'>\n\t\t\t\t<a data-elementor-open-lightbox=\"yes\" data-elementor-lightbox-slideshow=\"4d6e227\" data-elementor-lightbox-title=\"Cuckoo Cuco Cuculus canorus Birding in Spains Wild West\" data-elementor-lightbox-description=\"Cuckoo on wire  Cuco Cuculus canorus\" data-e-action-hash=\"#elementor-action%3Aaction%3Dlightbox%26settings%3DeyJpZCI6MTk4NTYsInVybCI6Imh0dHBzOlwvXC9iaXJkaW5naW5zcGFpbnN3aWxkd2VzdC5jb21cL3dwLWNvbnRlbnRcL3VwbG9hZHNcLzIwMjRcLzExXC9jdWNrb28tY3Vjby1jdWN1bHVzLWNhbm9ydXMud2VicCIsInNsaWRlc2hvdyI6IjRkNmUyMjcifQ%3D%3D\" title=\"Cuckoo Cuco Cuculus canorus Birding in Spains Wild West\" href='https:\/\/birdinginspainswildwest.com\/wp-content\/uploads\/2024\/11\/cuckoo-cuco-cuculus-canorus.webp'><img loading=\"lazy\" decoding=\"async\" width=\"890\" height=\"668\" src=\"https:\/\/birdinginspainswildwest.com\/wp-content\/uploads\/2024\/11\/cuckoo-cuco-cuculus-canorus.webp\" class=\"attachment-full size-full\" alt=\"Cuckoo Cuco Cuculus canorus Birding in Spains Wild West\" aria-describedby=\"gallery-1-19856\" srcset=\"https:\/\/birdinginspainswildwest.com\/wp-content\/uploads\/2024\/11\/cuckoo-cuco-cuculus-canorus.webp 890w, https:\/\/birdinginspainswildwest.com\/wp-content\/uploads\/2024\/11\/cuckoo-cuco-cuculus-canorus-300x225.webp 300w, https:\/\/birdinginspainswildwest.com\/wp-content\/uploads\/2024\/11\/cuckoo-cuco-cuculus-canorus-768x576.webp 768w, https:\/\/birdinginspainswildwest.com\/wp-content\/uploads\/2024\/11\/cuckoo-cuco-cuculus-canorus-370x278.webp 370w, https:\/\/birdinginspainswildwest.com\/wp-content\/uploads\/2024\/11\/cuckoo-cuco-cuculus-canorus-840x630.webp 840w, https:\/\/birdinginspainswildwest.com\/wp-content\/uploads\/2024\/11\/cuckoo-cuco-cuculus-canorus-410x308.webp 410w\" sizes=\"(max-width: 890px) 100vw, 890px\" \/><\/a>\n\t\t\t<\/div>\n\t\t\t\t<figcaption class='wp-caption-text gallery-caption' id='gallery-1-19856'>\n\t\t\t\tCuckoo Cuco Cuculus canorus Birding in Spains Wild West\n\t\t\t\t<\/figcaption><\/figure><figure class='gallery-item'>\n\t\t\t<div class='gallery-icon landscape'>\n\t\t\t\t<a data-elementor-open-lightbox=\"yes\" data-elementor-lightbox-slideshow=\"4d6e227\" data-elementor-lightbox-title=\"Crane Grulla Grus grus Birding in Spains Wild West\" data-elementor-lightbox-description=\"Cranes feeding in dehesa Grullas pastando en dehesa  Grus grus\" data-e-action-hash=\"#elementor-action%3Aaction%3Dlightbox%26settings%3DeyJpZCI6MTk4NTksInVybCI6Imh0dHBzOlwvXC9iaXJkaW5naW5zcGFpbnN3aWxkd2VzdC5jb21cL3dwLWNvbnRlbnRcL3VwbG9hZHNcLzIwMjRcLzExXC9jcmFuZS1ncnVsbGEtZ3J1cy1ncnVzLndlYnAiLCJzbGlkZXNob3ciOiI0ZDZlMjI3In0%3D\" title=\"Crane Grulla Grus grus Birding in Spains Wild West\" href='https:\/\/birdinginspainswildwest.com\/wp-content\/uploads\/2024\/11\/crane-grulla-grus-grus.webp'><img loading=\"lazy\" decoding=\"async\" width=\"890\" height=\"668\" src=\"https:\/\/birdinginspainswildwest.com\/wp-content\/uploads\/2024\/11\/crane-grulla-grus-grus.webp\" class=\"attachment-full size-full\" alt=\"Crane Grulla Grus grus Birding in Spains Wild West\" aria-describedby=\"gallery-1-19859\" srcset=\"https:\/\/birdinginspainswildwest.com\/wp-content\/uploads\/2024\/11\/crane-grulla-grus-grus.webp 890w, https:\/\/birdinginspainswildwest.com\/wp-content\/uploads\/2024\/11\/crane-grulla-grus-grus-300x225.webp 300w, https:\/\/birdinginspainswildwest.com\/wp-content\/uploads\/2024\/11\/crane-grulla-grus-grus-768x576.webp 768w, https:\/\/birdinginspainswildwest.com\/wp-content\/uploads\/2024\/11\/crane-grulla-grus-grus-370x278.webp 370w, https:\/\/birdinginspainswildwest.com\/wp-content\/uploads\/2024\/11\/crane-grulla-grus-grus-840x630.webp 840w, https:\/\/birdinginspainswildwest.com\/wp-content\/uploads\/2024\/11\/crane-grulla-grus-grus-410x308.webp 410w\" sizes=\"(max-width: 890px) 100vw, 890px\" \/><\/a>\n\t\t\t<\/div>\n\t\t\t\t<figcaption class='wp-caption-text gallery-caption' id='gallery-1-19859'>\n\t\t\t\tCrane Grulla Grus grus Birding in Spains Wild West\n\t\t\t\t<\/figcaption><\/figure><figure class='gallery-item'>\n\t\t\t<div class='gallery-icon landscape'>\n\t\t\t\t<a data-elementor-open-lightbox=\"yes\" data-elementor-lightbox-slideshow=\"4d6e227\" data-elementor-lightbox-title=\"Corn bunting Triguero Miliaria calandra Birding in Spains Wild West\" data-elementor-lightbox-description=\"Corn bunting on branch Triguero Miliaria calandra\" data-e-action-hash=\"#elementor-action%3Aaction%3Dlightbox%26settings%3DeyJpZCI6MTk4NjIsInVybCI6Imh0dHBzOlwvXC9iaXJkaW5naW5zcGFpbnN3aWxkd2VzdC5jb21cL3dwLWNvbnRlbnRcL3VwbG9hZHNcLzIwMjRcLzExXC9jb3JuLWJ1bnRpbmctdHJpZ3Vlcm8tbWlsaWFyaWEtY2FsYW5kcmEud2VicCIsInNsaWRlc2hvdyI6IjRkNmUyMjcifQ%3D%3D\" title=\"Corn bunting Triguero Miliaria calandra Birding in Spains Wild West\" href='https:\/\/birdinginspainswildwest.com\/wp-content\/uploads\/2024\/11\/corn-bunting-triguero-miliaria-calandra.webp'><img loading=\"lazy\" decoding=\"async\" width=\"890\" height=\"668\" src=\"https:\/\/birdinginspainswildwest.com\/wp-content\/uploads\/2024\/11\/corn-bunting-triguero-miliaria-calandra.webp\" class=\"attachment-full size-full\" alt=\"Corn bunting Triguero Miliaria calandra Birding in Spains Wild West\" aria-describedby=\"gallery-1-19862\" srcset=\"https:\/\/birdinginspainswildwest.com\/wp-content\/uploads\/2024\/11\/corn-bunting-triguero-miliaria-calandra.webp 890w, https:\/\/birdinginspainswildwest.com\/wp-content\/uploads\/2024\/11\/corn-bunting-triguero-miliaria-calandra-300x225.webp 300w, https:\/\/birdinginspainswildwest.com\/wp-content\/uploads\/2024\/11\/corn-bunting-triguero-miliaria-calandra-768x576.webp 768w, https:\/\/birdinginspainswildwest.com\/wp-content\/uploads\/2024\/11\/corn-bunting-triguero-miliaria-calandra-370x278.webp 370w, https:\/\/birdinginspainswildwest.com\/wp-content\/uploads\/2024\/11\/corn-bunting-triguero-miliaria-calandra-840x630.webp 840w, https:\/\/birdinginspainswildwest.com\/wp-content\/uploads\/2024\/11\/corn-bunting-triguero-miliaria-calandra-410x308.webp 410w\" sizes=\"(max-width: 890px) 100vw, 890px\" \/><\/a>\n\t\t\t<\/div>\n\t\t\t\t<figcaption class='wp-caption-text gallery-caption' id='gallery-1-19862'>\n\t\t\t\tCorn bunting Triguero Miliaria calandra Birding in Spains Wild West\n\t\t\t\t<\/figcaption><\/figure><figure class='gallery-item'>\n\t\t\t<div class='gallery-icon landscape'>\n\t\t\t\t<a data-elementor-open-lightbox=\"yes\" data-elementor-lightbox-slideshow=\"4d6e227\" data-elementor-lightbox-title=\"Cirl bunting Escribano sote\u00f1o Emberiza cirlus Birding in Spains Wild West\" data-elementor-lightbox-description=\" Cirl bunting on wall Escribano sote\u00f1o Emberiza cirlus \" data-e-action-hash=\"#elementor-action%3Aaction%3Dlightbox%26settings%3DeyJpZCI6MTk4NjUsInVybCI6Imh0dHBzOlwvXC9iaXJkaW5naW5zcGFpbnN3aWxkd2VzdC5jb21cL3dwLWNvbnRlbnRcL3VwbG9hZHNcLzIwMjRcLzExXC9jaXJsLWJ1bnRpbmctZXNjcmliYW5vLXNvdGVuby1lbWJlcml6YS1jaXJsdXMud2VicCIsInNsaWRlc2hvdyI6IjRkNmUyMjcifQ%3D%3D\" title=\"Cirl bunting Escribano sote\u00f1o Emberiza cirlus Birding in Spains Wild West\" href='https:\/\/birdinginspainswildwest.com\/wp-content\/uploads\/2024\/11\/cirl-bunting-escribano-soteno-emberiza-cirlus.webp'><img loading=\"lazy\" decoding=\"async\" width=\"890\" height=\"668\" src=\"https:\/\/birdinginspainswildwest.com\/wp-content\/uploads\/2024\/11\/cirl-bunting-escribano-soteno-emberiza-cirlus.webp\" class=\"attachment-full size-full\" alt=\"Cirl bunting Escribano sote\u00f1o Emberiza cirlus Birding in Spains Wild West\" aria-describedby=\"gallery-1-19865\" srcset=\"https:\/\/birdinginspainswildwest.com\/wp-content\/uploads\/2024\/11\/cirl-bunting-escribano-soteno-emberiza-cirlus.webp 890w, https:\/\/birdinginspainswildwest.com\/wp-content\/uploads\/2024\/11\/cirl-bunting-escribano-soteno-emberiza-cirlus-300x225.webp 300w, https:\/\/birdinginspainswildwest.com\/wp-content\/uploads\/2024\/11\/cirl-bunting-escribano-soteno-emberiza-cirlus-768x576.webp 768w, https:\/\/birdinginspainswildwest.com\/wp-content\/uploads\/2024\/11\/cirl-bunting-escribano-soteno-emberiza-cirlus-370x278.webp 370w, https:\/\/birdinginspainswildwest.com\/wp-content\/uploads\/2024\/11\/cirl-bunting-escribano-soteno-emberiza-cirlus-840x630.webp 840w, https:\/\/birdinginspainswildwest.com\/wp-content\/uploads\/2024\/11\/cirl-bunting-escribano-soteno-emberiza-cirlus-410x308.webp 410w\" sizes=\"(max-width: 890px) 100vw, 890px\" \/><\/a>\n\t\t\t<\/div>\n\t\t\t\t<figcaption class='wp-caption-text gallery-caption' id='gallery-1-19865'>\n\t\t\t\tCirl bunting Escribano sote\u00f1o Emberiza cirlus  Birding in Spains Wild West\n\t\t\t\t<\/figcaption><\/figure><figure class='gallery-item'>\n\t\t\t<div class='gallery-icon landscape'>\n\t\t\t\t<a data-elementor-open-lightbox=\"yes\" data-elementor-lightbox-slideshow=\"4d6e227\" data-elementor-lightbox-title=\"Calandra lark Calandria Melanocorypha calandra Birding in Spains Wild West\" data-elementor-lightbox-description=\"Calandra lark singing Calandria Melanocorypha calandra\" data-e-action-hash=\"#elementor-action%3Aaction%3Dlightbox%26settings%3DeyJpZCI6MTk4NjgsInVybCI6Imh0dHBzOlwvXC9iaXJkaW5naW5zcGFpbnN3aWxkd2VzdC5jb21cL3dwLWNvbnRlbnRcL3VwbG9hZHNcLzIwMjRcLzExXC9jYWxhbmRyYS1sYXJrLWNhbGFuZHJpYS1tZWxhbm9jb3J5cGhhLWNhbGFuZHJhLndlYnAiLCJzbGlkZXNob3ciOiI0ZDZlMjI3In0%3D\" title=\"Calandra lark Calandria Melanocorypha calandra Birding in Spains Wild West\" href='https:\/\/birdinginspainswildwest.com\/wp-content\/uploads\/2024\/11\/calandra-lark-calandria-melanocorypha-calandra.webp'><img loading=\"lazy\" decoding=\"async\" width=\"890\" height=\"668\" src=\"https:\/\/birdinginspainswildwest.com\/wp-content\/uploads\/2024\/11\/calandra-lark-calandria-melanocorypha-calandra.webp\" class=\"attachment-full size-full\" alt=\"Calandra lark Calandria Melanocorypha calandra Birding in Spains Wild West\" aria-describedby=\"gallery-1-19868\" srcset=\"https:\/\/birdinginspainswildwest.com\/wp-content\/uploads\/2024\/11\/calandra-lark-calandria-melanocorypha-calandra.webp 890w, https:\/\/birdinginspainswildwest.com\/wp-content\/uploads\/2024\/11\/calandra-lark-calandria-melanocorypha-calandra-300x225.webp 300w, https:\/\/birdinginspainswildwest.com\/wp-content\/uploads\/2024\/11\/calandra-lark-calandria-melanocorypha-calandra-768x576.webp 768w, https:\/\/birdinginspainswildwest.com\/wp-content\/uploads\/2024\/11\/calandra-lark-calandria-melanocorypha-calandra-370x278.webp 370w, https:\/\/birdinginspainswildwest.com\/wp-content\/uploads\/2024\/11\/calandra-lark-calandria-melanocorypha-calandra-840x630.webp 840w, https:\/\/birdinginspainswildwest.com\/wp-content\/uploads\/2024\/11\/calandra-lark-calandria-melanocorypha-calandra-410x308.webp 410w\" sizes=\"(max-width: 890px) 100vw, 890px\" \/><\/a>\n\t\t\t<\/div>\n\t\t\t\t<figcaption class='wp-caption-text gallery-caption' id='gallery-1-19868'>\n\t\t\t\tCalandra lark Calandria Melanocorypha calandra Birding in Spains Wild West\n\t\t\t\t<\/figcaption><\/figure><figure class='gallery-item'>\n\t\t\t<div class='gallery-icon landscape'>\n\t\t\t\t<a data-elementor-open-lightbox=\"yes\" data-elementor-lightbox-slideshow=\"4d6e227\" data-elementor-lightbox-title=\"Booted eagle white \u00c1guila calzada Hieraaetus pennatus Birding in Spains Wild West\" data-elementor-lightbox-description=\"Booted eagle white \u00c1guila calzada Hieraaetus pennatus \" data-e-action-hash=\"#elementor-action%3Aaction%3Dlightbox%26settings%3DeyJpZCI6MTk4NzEsInVybCI6Imh0dHBzOlwvXC9iaXJkaW5naW5zcGFpbnN3aWxkd2VzdC5jb21cL3dwLWNvbnRlbnRcL3VwbG9hZHNcLzIwMjRcLzExXC9ib290ZWQtZWFnbGUtd2gtYWd1aWxhLWNhbHphZGEtaGllcmFhZXR1cy1wZW5uYXR1cy53ZWJwIiwic2xpZGVzaG93IjoiNGQ2ZTIyNyJ9\" title=\"Booted eagle white \u00c1guila calzada blanca Hieraaetus pennatus Birding in Spains Wild West\" href='https:\/\/birdinginspainswildwest.com\/wp-content\/uploads\/2024\/11\/booted-eagle-wh-aguila-calzada-hieraaetus-pennatus.webp'><img loading=\"lazy\" decoding=\"async\" width=\"890\" height=\"668\" src=\"https:\/\/birdinginspainswildwest.com\/wp-content\/uploads\/2024\/11\/booted-eagle-wh-aguila-calzada-hieraaetus-pennatus.webp\" class=\"attachment-full size-full\" alt=\"Booted eagle white \u00c1guila calzada blanca Hieraaetus pennatus Birding in Spains Wild West\" aria-describedby=\"gallery-1-19871\" srcset=\"https:\/\/birdinginspainswildwest.com\/wp-content\/uploads\/2024\/11\/booted-eagle-wh-aguila-calzada-hieraaetus-pennatus.webp 890w, https:\/\/birdinginspainswildwest.com\/wp-content\/uploads\/2024\/11\/booted-eagle-wh-aguila-calzada-hieraaetus-pennatus-300x225.webp 300w, https:\/\/birdinginspainswildwest.com\/wp-content\/uploads\/2024\/11\/booted-eagle-wh-aguila-calzada-hieraaetus-pennatus-768x576.webp 768w, https:\/\/birdinginspainswildwest.com\/wp-content\/uploads\/2024\/11\/booted-eagle-wh-aguila-calzada-hieraaetus-pennatus-370x278.webp 370w, https:\/\/birdinginspainswildwest.com\/wp-content\/uploads\/2024\/11\/booted-eagle-wh-aguila-calzada-hieraaetus-pennatus-840x630.webp 840w, https:\/\/birdinginspainswildwest.com\/wp-content\/uploads\/2024\/11\/booted-eagle-wh-aguila-calzada-hieraaetus-pennatus-410x308.webp 410w\" sizes=\"(max-width: 890px) 100vw, 890px\" \/><\/a>\n\t\t\t<\/div>\n\t\t\t\t<figcaption class='wp-caption-text gallery-caption' id='gallery-1-19871'>\n\t\t\t\tBooted eagle white \u00c1guila calzada Hieraaetus pennatus Birding in Spains Wild West \n\t\t\t\t<\/figcaption><\/figure><figure class='gallery-item'>\n\t\t\t<div class='gallery-icon landscape'>\n\t\t\t\t<a data-elementor-open-lightbox=\"yes\" data-elementor-lightbox-slideshow=\"4d6e227\" data-elementor-lightbox-title=\"Booted eagle dark \u00c1guila calzada Hieraaetus pennatus Birding in Spains Wild West\" data-elementor-lightbox-description=\"Booted eagle dark \u00c1guila calzada Hieraaetus pennatus \" data-e-action-hash=\"#elementor-action%3Aaction%3Dlightbox%26settings%3DeyJpZCI6MTk4NzQsInVybCI6Imh0dHBzOlwvXC9iaXJkaW5naW5zcGFpbnN3aWxkd2VzdC5jb21cL3dwLWNvbnRlbnRcL3VwbG9hZHNcLzIwMjRcLzExXC9ib290ZWQtZWFnbGUtYWd1aWxhLWNhbHphZGEtaGllcmFhZXR1cy1wZW5uYXR1cy53ZWJwIiwic2xpZGVzaG93IjoiNGQ2ZTIyNyJ9\" title=\"Booted eagle dark \u00c1guila calzada Hieraaetus pennatus Birding in Spains Wild West\" href='https:\/\/birdinginspainswildwest.com\/wp-content\/uploads\/2024\/11\/booted-eagle-aguila-calzada-hieraaetus-pennatus.webp'><img loading=\"lazy\" decoding=\"async\" width=\"890\" height=\"668\" src=\"https:\/\/birdinginspainswildwest.com\/wp-content\/uploads\/2024\/11\/booted-eagle-aguila-calzada-hieraaetus-pennatus.webp\" class=\"attachment-full size-full\" alt=\"Booted eagle dark \u00c1guila calzada Hieraaetus pennatus Birding in Spains Wild West\" aria-describedby=\"gallery-1-19874\" srcset=\"https:\/\/birdinginspainswildwest.com\/wp-content\/uploads\/2024\/11\/booted-eagle-aguila-calzada-hieraaetus-pennatus.webp 890w, https:\/\/birdinginspainswildwest.com\/wp-content\/uploads\/2024\/11\/booted-eagle-aguila-calzada-hieraaetus-pennatus-300x225.webp 300w, https:\/\/birdinginspainswildwest.com\/wp-content\/uploads\/2024\/11\/booted-eagle-aguila-calzada-hieraaetus-pennatus-768x576.webp 768w, https:\/\/birdinginspainswildwest.com\/wp-content\/uploads\/2024\/11\/booted-eagle-aguila-calzada-hieraaetus-pennatus-370x278.webp 370w, https:\/\/birdinginspainswildwest.com\/wp-content\/uploads\/2024\/11\/booted-eagle-aguila-calzada-hieraaetus-pennatus-840x630.webp 840w, https:\/\/birdinginspainswildwest.com\/wp-content\/uploads\/2024\/11\/booted-eagle-aguila-calzada-hieraaetus-pennatus-410x308.webp 410w\" sizes=\"(max-width: 890px) 100vw, 890px\" \/><\/a>\n\t\t\t<\/div>\n\t\t\t\t<figcaption class='wp-caption-text gallery-caption' id='gallery-1-19874'>\n\t\t\t\tBooted eagle dark \u00c1guila calzada Hieraaetus pennatus Birding in Spains Wild West\n\t\t\t\t<\/figcaption><\/figure><figure class='gallery-item'>\n\t\t\t<div class='gallery-icon landscape'>\n\t\t\t\t<a data-elementor-open-lightbox=\"yes\" data-elementor-lightbox-slideshow=\"4d6e227\" data-elementor-lightbox-title=\"Black-eared wheatear Collalba rubia Oenanthe hispanica Birding in Spain&#039;s Wild West Ver Aves\" data-elementor-lightbox-description=\"Black-eared wheatear on ground Collalba rubia Oenanthe hispanica \" data-e-action-hash=\"#elementor-action%3Aaction%3Dlightbox%26settings%3DeyJpZCI6MTk4NzcsInVybCI6Imh0dHBzOlwvXC9iaXJkaW5naW5zcGFpbnN3aWxkd2VzdC5jb21cL3dwLWNvbnRlbnRcL3VwbG9hZHNcLzIwMjRcLzExXC9ibGFjay1lYXJlZC13aGVhdGVhci1jb2xsYWxiYS1ydWJpYS1vZW5hbnRoZS1oaXNwYW5pY2Eud2VicCIsInNsaWRlc2hvdyI6IjRkNmUyMjcifQ%3D%3D\" title=\"Black-eared wheatear Collalba rubia Oenanthe hispanica Birding in Spain&#039;s Wild West Ver Aves\" href='https:\/\/birdinginspainswildwest.com\/wp-content\/uploads\/2024\/11\/black-eared-wheatear-collalba-rubia-oenanthe-hispanica.webp'><img loading=\"lazy\" decoding=\"async\" width=\"890\" height=\"668\" src=\"https:\/\/birdinginspainswildwest.com\/wp-content\/uploads\/2024\/11\/black-eared-wheatear-collalba-rubia-oenanthe-hispanica.webp\" class=\"attachment-full size-full\" alt=\"Black-eared wheatear Collalba rubia Oenanthe hispanica Birding in Spain&#039;s Wild West Ver Aves\" aria-describedby=\"gallery-1-19877\" srcset=\"https:\/\/birdinginspainswildwest.com\/wp-content\/uploads\/2024\/11\/black-eared-wheatear-collalba-rubia-oenanthe-hispanica.webp 890w, https:\/\/birdinginspainswildwest.com\/wp-content\/uploads\/2024\/11\/black-eared-wheatear-collalba-rubia-oenanthe-hispanica-300x225.webp 300w, https:\/\/birdinginspainswildwest.com\/wp-content\/uploads\/2024\/11\/black-eared-wheatear-collalba-rubia-oenanthe-hispanica-768x576.webp 768w, https:\/\/birdinginspainswildwest.com\/wp-content\/uploads\/2024\/11\/black-eared-wheatear-collalba-rubia-oenanthe-hispanica-370x278.webp 370w, https:\/\/birdinginspainswildwest.com\/wp-content\/uploads\/2024\/11\/black-eared-wheatear-collalba-rubia-oenanthe-hispanica-840x630.webp 840w, https:\/\/birdinginspainswildwest.com\/wp-content\/uploads\/2024\/11\/black-eared-wheatear-collalba-rubia-oenanthe-hispanica-410x308.webp 410w\" sizes=\"(max-width: 890px) 100vw, 890px\" \/><\/a>\n\t\t\t<\/div>\n\t\t\t\t<figcaption class='wp-caption-text gallery-caption' id='gallery-1-19877'>\n\t\t\t\tBlack-eared wheatear Collalba rubia Oenanthe hispanica Birding in Spains Wild West\n\t\t\t\t<\/figcaption><\/figure><figure class='gallery-item'>\n\t\t\t<div class='gallery-icon landscape'>\n\t\t\t\t<a data-elementor-open-lightbox=\"yes\" data-elementor-lightbox-slideshow=\"4d6e227\" data-elementor-lightbox-title=\"Black vulture Buitre Negro Aegypius monachus Birding in Spains Wild West\" data-elementor-lightbox-description=\"Black vulture in flight Buitre Negro volando Aegypius monachus\" data-e-action-hash=\"#elementor-action%3Aaction%3Dlightbox%26settings%3DeyJpZCI6MTk4ODAsInVybCI6Imh0dHBzOlwvXC9iaXJkaW5naW5zcGFpbnN3aWxkd2VzdC5jb21cL3dwLWNvbnRlbnRcL3VwbG9hZHNcLzIwMjRcLzExXC9ibGFjay12dWx0dXJlLWJ1aXRyZS1uZWdyby1hZWd5cGl1cy1tb25hY2h1cy53ZWJwIiwic2xpZGVzaG93IjoiNGQ2ZTIyNyJ9\" title=\"Black vulture Buitre Negro Aegypius monachus Birding in Spains Wild West\" href='https:\/\/birdinginspainswildwest.com\/wp-content\/uploads\/2024\/11\/black-vulture-buitre-negro-aegypius-monachus.webp'><img loading=\"lazy\" decoding=\"async\" width=\"890\" height=\"668\" src=\"https:\/\/birdinginspainswildwest.com\/wp-content\/uploads\/2024\/11\/black-vulture-buitre-negro-aegypius-monachus.webp\" class=\"attachment-full size-full\" alt=\"Black vulture Buitre Negro Aegypius monachus Birding in Spains Wild West\" aria-describedby=\"gallery-1-19880\" srcset=\"https:\/\/birdinginspainswildwest.com\/wp-content\/uploads\/2024\/11\/black-vulture-buitre-negro-aegypius-monachus.webp 890w, https:\/\/birdinginspainswildwest.com\/wp-content\/uploads\/2024\/11\/black-vulture-buitre-negro-aegypius-monachus-300x225.webp 300w, https:\/\/birdinginspainswildwest.com\/wp-content\/uploads\/2024\/11\/black-vulture-buitre-negro-aegypius-monachus-768x576.webp 768w, https:\/\/birdinginspainswildwest.com\/wp-content\/uploads\/2024\/11\/black-vulture-buitre-negro-aegypius-monachus-370x278.webp 370w, https:\/\/birdinginspainswildwest.com\/wp-content\/uploads\/2024\/11\/black-vulture-buitre-negro-aegypius-monachus-840x630.webp 840w, https:\/\/birdinginspainswildwest.com\/wp-content\/uploads\/2024\/11\/black-vulture-buitre-negro-aegypius-monachus-410x308.webp 410w\" sizes=\"(max-width: 890px) 100vw, 890px\" \/><\/a>\n\t\t\t<\/div>\n\t\t\t\t<figcaption class='wp-caption-text gallery-caption' id='gallery-1-19880'>\n\t\t\t\tBlack vulture Buitre Negro Aegypius monachus Birding in Spains Wild West\n\t\t\t\t<\/figcaption><\/figure><figure class='gallery-item'>\n\t\t\t<div class='gallery-icon landscape'>\n\t\t\t\t<a data-elementor-open-lightbox=\"yes\" data-elementor-lightbox-slideshow=\"4d6e227\" data-elementor-lightbox-title=\"Black stork Cig\u00fce\u00f1a negra Ciconia nigra Birding in Spains Wild West\" data-elementor-lightbox-description=\"Black stork flying  Cig\u00fce\u00f1a negra volando Ciconia nigra \" data-e-action-hash=\"#elementor-action%3Aaction%3Dlightbox%26settings%3DeyJpZCI6MTk4ODMsInVybCI6Imh0dHBzOlwvXC9iaXJkaW5naW5zcGFpbnN3aWxkd2VzdC5jb21cL3dwLWNvbnRlbnRcL3VwbG9hZHNcLzIwMjRcLzExXC9ibGFjay1zdG9yay1jaWd1ZW5pYS1uZWdyYS1jaWNvbmlhLW5pZ3JhLndlYnAiLCJzbGlkZXNob3ciOiI0ZDZlMjI3In0%3D\" title=\"Black stork Cig\u00fce\u00f1a negra Ciconia nigra Birding in Spains Wild West\" href='https:\/\/birdinginspainswildwest.com\/wp-content\/uploads\/2024\/11\/black-stork-ciguenia-negra-ciconia-nigra.webp'><img loading=\"lazy\" decoding=\"async\" width=\"890\" height=\"668\" src=\"https:\/\/birdinginspainswildwest.com\/wp-content\/uploads\/2024\/11\/black-stork-ciguenia-negra-ciconia-nigra.webp\" class=\"attachment-full size-full\" alt=\"Black stork Cig\u00fce\u00f1a negra Ciconia nigra Birding in Spains Wild West\" aria-describedby=\"gallery-1-19883\" srcset=\"https:\/\/birdinginspainswildwest.com\/wp-content\/uploads\/2024\/11\/black-stork-ciguenia-negra-ciconia-nigra.webp 890w, https:\/\/birdinginspainswildwest.com\/wp-content\/uploads\/2024\/11\/black-stork-ciguenia-negra-ciconia-nigra-300x225.webp 300w, https:\/\/birdinginspainswildwest.com\/wp-content\/uploads\/2024\/11\/black-stork-ciguenia-negra-ciconia-nigra-768x576.webp 768w, https:\/\/birdinginspainswildwest.com\/wp-content\/uploads\/2024\/11\/black-stork-ciguenia-negra-ciconia-nigra-370x278.webp 370w, https:\/\/birdinginspainswildwest.com\/wp-content\/uploads\/2024\/11\/black-stork-ciguenia-negra-ciconia-nigra-840x630.webp 840w, https:\/\/birdinginspainswildwest.com\/wp-content\/uploads\/2024\/11\/black-stork-ciguenia-negra-ciconia-nigra-410x308.webp 410w\" sizes=\"(max-width: 890px) 100vw, 890px\" \/><\/a>\n\t\t\t<\/div>\n\t\t\t\t<figcaption class='wp-caption-text gallery-caption' id='gallery-1-19883'>\n\t\t\t\tBlack stork Cig\u00fce\u00f1a negra Ciconia nigra Birding in Spains Wild West\n\t\t\t\t<\/figcaption><\/figure><figure class='gallery-item'>\n\t\t\t<div class='gallery-icon landscape'>\n\t\t\t\t<a data-elementor-open-lightbox=\"yes\" data-elementor-lightbox-slideshow=\"4d6e227\" data-elementor-lightbox-title=\"Black Kite Milano negro Milvus migrans Birding in Spains Wild West\" data-elementor-lightbox-description=\"Black Kite in flight Milano negro en vuelo Milvus migrans \" data-e-action-hash=\"#elementor-action%3Aaction%3Dlightbox%26settings%3DeyJpZCI6MTk4ODYsInVybCI6Imh0dHBzOlwvXC9iaXJkaW5naW5zcGFpbnN3aWxkd2VzdC5jb21cL3dwLWNvbnRlbnRcL3VwbG9hZHNcLzIwMjRcLzExXC9ibGFjay1raXRlLW1pbGFuby1uZWdyby1taWx2dXMtbWlncmFucy53ZWJwIiwic2xpZGVzaG93IjoiNGQ2ZTIyNyJ9\" title=\"Black Kite Milano negro Milvus migrans Birding in Spains Wild West\" href='https:\/\/birdinginspainswildwest.com\/wp-content\/uploads\/2024\/11\/black-kite-milano-negro-milvus-migrans.webp'><img loading=\"lazy\" decoding=\"async\" width=\"890\" height=\"668\" src=\"https:\/\/birdinginspainswildwest.com\/wp-content\/uploads\/2024\/11\/black-kite-milano-negro-milvus-migrans.webp\" class=\"attachment-full size-full\" alt=\"Black Kite Milano negro Milvus migrans Birding in Spains Wild West\" aria-describedby=\"gallery-1-19886\" srcset=\"https:\/\/birdinginspainswildwest.com\/wp-content\/uploads\/2024\/11\/black-kite-milano-negro-milvus-migrans.webp 890w, https:\/\/birdinginspainswildwest.com\/wp-content\/uploads\/2024\/11\/black-kite-milano-negro-milvus-migrans-300x225.webp 300w, https:\/\/birdinginspainswildwest.com\/wp-content\/uploads\/2024\/11\/black-kite-milano-negro-milvus-migrans-768x576.webp 768w, https:\/\/birdinginspainswildwest.com\/wp-content\/uploads\/2024\/11\/black-kite-milano-negro-milvus-migrans-370x278.webp 370w, https:\/\/birdinginspainswildwest.com\/wp-content\/uploads\/2024\/11\/black-kite-milano-negro-milvus-migrans-840x630.webp 840w, https:\/\/birdinginspainswildwest.com\/wp-content\/uploads\/2024\/11\/black-kite-milano-negro-milvus-migrans-410x308.webp 410w\" sizes=\"(max-width: 890px) 100vw, 890px\" \/><\/a>\n\t\t\t<\/div>\n\t\t\t\t<figcaption class='wp-caption-text gallery-caption' id='gallery-1-19886'>\n\t\t\t\tBlack Kite Milano negro Milvus migrans Birding in Spains Wild West\n\t\t\t\t<\/figcaption><\/figure><figure class='gallery-item'>\n\t\t\t<div class='gallery-icon landscape'>\n\t\t\t\t<a data-elementor-open-lightbox=\"yes\" data-elementor-lightbox-slideshow=\"4d6e227\" data-elementor-lightbox-title=\"Bee-eater Abejaruco Merops apiaster Birding in Spains Wild West\" data-elementor-lightbox-description=\"Bee-eater with beetle Abejaruco con presa Merops apiaster \" data-e-action-hash=\"#elementor-action%3Aaction%3Dlightbox%26settings%3DeyJpZCI6MTk4ODksInVybCI6Imh0dHBzOlwvXC9iaXJkaW5naW5zcGFpbnN3aWxkd2VzdC5jb21cL3dwLWNvbnRlbnRcL3VwbG9hZHNcLzIwMjRcLzExXC9iZWUtZWF0ZS1hYmVqYXJ1Y28tbWVyb3BzLWFwaWFzdGVyLndlYnAiLCJzbGlkZXNob3ciOiI0ZDZlMjI3In0%3D\" title=\"Bee-eater Abejaruco Merops apiaster Birding in Spains Wild West\" href='https:\/\/birdinginspainswildwest.com\/wp-content\/uploads\/2024\/11\/bee-eate-abejaruco-merops-apiaster.webp'><img loading=\"lazy\" decoding=\"async\" width=\"890\" height=\"668\" src=\"https:\/\/birdinginspainswildwest.com\/wp-content\/uploads\/2024\/11\/bee-eate-abejaruco-merops-apiaster.webp\" class=\"attachment-full size-full\" alt=\"Bee-eater Abejaruco Merops apiaster Birding in Spains Wild West\" aria-describedby=\"gallery-1-19889\" srcset=\"https:\/\/birdinginspainswildwest.com\/wp-content\/uploads\/2024\/11\/bee-eate-abejaruco-merops-apiaster.webp 890w, https:\/\/birdinginspainswildwest.com\/wp-content\/uploads\/2024\/11\/bee-eate-abejaruco-merops-apiaster-300x225.webp 300w, https:\/\/birdinginspainswildwest.com\/wp-content\/uploads\/2024\/11\/bee-eate-abejaruco-merops-apiaster-768x576.webp 768w, https:\/\/birdinginspainswildwest.com\/wp-content\/uploads\/2024\/11\/bee-eate-abejaruco-merops-apiaster-370x278.webp 370w, https:\/\/birdinginspainswildwest.com\/wp-content\/uploads\/2024\/11\/bee-eate-abejaruco-merops-apiaster-840x630.webp 840w, https:\/\/birdinginspainswildwest.com\/wp-content\/uploads\/2024\/11\/bee-eate-abejaruco-merops-apiaster-410x308.webp 410w\" sizes=\"(max-width: 890px) 100vw, 890px\" \/><\/a>\n\t\t\t<\/div>\n\t\t\t\t<figcaption class='wp-caption-text gallery-caption' id='gallery-1-19889'>\n\t\t\t\tBee-eater Abejaruco Merops apiaster Birding in Spains Wild West\n\t\t\t\t<\/figcaption><\/figure><figure class='gallery-item'>\n\t\t\t<div class='gallery-icon landscape'>\n\t\t\t\t<a data-elementor-open-lightbox=\"yes\" data-elementor-lightbox-slideshow=\"4d6e227\" data-elementor-lightbox-title=\"Alpine accentor Acentor alpino Prunella collaris Birding in Spains Wild West\" data-elementor-lightbox-description=\"Alpine accentor lichen rock Acentor alpino en roca Prunella collaris \" data-e-action-hash=\"#elementor-action%3Aaction%3Dlightbox%26settings%3DeyJpZCI6MTk4OTIsInVybCI6Imh0dHBzOlwvXC9iaXJkaW5naW5zcGFpbnN3aWxkd2VzdC5jb21cL3dwLWNvbnRlbnRcL3VwbG9hZHNcLzIwMjRcLzExXC9hbHBpbmUtYWNjZW50b3ItYWNlbnRvci1hbHBpbm8tcHJ1bmVsbGEtY29sbGFyaXMud2VicCIsInNsaWRlc2hvdyI6IjRkNmUyMjcifQ%3D%3D\" title=\"Alpine accentor Acentor alpino Prunella collaris Birding in Spains Wild West\" href='https:\/\/birdinginspainswildwest.com\/wp-content\/uploads\/2024\/11\/alpine-accentor-acentor-alpino-prunella-collaris.webp'><img loading=\"lazy\" decoding=\"async\" width=\"890\" height=\"668\" src=\"https:\/\/birdinginspainswildwest.com\/wp-content\/uploads\/2024\/11\/alpine-accentor-acentor-alpino-prunella-collaris.webp\" class=\"attachment-full size-full\" alt=\"Alpine accentor Acentor alpino Prunella collaris Birding in Spains Wild West\" aria-describedby=\"gallery-1-19892\" srcset=\"https:\/\/birdinginspainswildwest.com\/wp-content\/uploads\/2024\/11\/alpine-accentor-acentor-alpino-prunella-collaris.webp 890w, https:\/\/birdinginspainswildwest.com\/wp-content\/uploads\/2024\/11\/alpine-accentor-acentor-alpino-prunella-collaris-300x225.webp 300w, https:\/\/birdinginspainswildwest.com\/wp-content\/uploads\/2024\/11\/alpine-accentor-acentor-alpino-prunella-collaris-768x576.webp 768w, https:\/\/birdinginspainswildwest.com\/wp-content\/uploads\/2024\/11\/alpine-accentor-acentor-alpino-prunella-collaris-370x278.webp 370w, https:\/\/birdinginspainswildwest.com\/wp-content\/uploads\/2024\/11\/alpine-accentor-acentor-alpino-prunella-collaris-840x630.webp 840w, https:\/\/birdinginspainswildwest.com\/wp-content\/uploads\/2024\/11\/alpine-accentor-acentor-alpino-prunella-collaris-410x308.webp 410w\" sizes=\"(max-width: 890px) 100vw, 890px\" \/><\/a>\n\t\t\t<\/div>\n\t\t\t\t<figcaption class='wp-caption-text gallery-caption' id='gallery-1-19892'>\n\t\t\t\tAlpine accentor Acentor alpino Prunella collaris Birding in Spains Wild West\n\t\t\t\t<\/figcaption><\/figure>\n\t\t<\/div>\n\t\t<\/div>\n\t\t\t\t\t\t<\/div>\n\t\t\t\t<\/div>\n\t\t\t\t<div class=\"elementor-element elementor-element-4c9e827 sc_height_large sc_fly_static elementor-widget elementor-widget-spacer\" data-id=\"4c9e827\" data-element_type=\"widget\" data-e-type=\"widget\" data-widget_type=\"spacer.default\">\n\t\t\t\t<div class=\"elementor-widget-container\">\n\t\t\t\t\t\t\t<div class=\"elementor-spacer\">\n\t\t\t<div class=\"elementor-spacer-inner\"><\/div>\n\t\t<\/div>\n\t\t\t\t\t\t<\/div>\n\t\t\t\t<\/div>\n\t\t\t\t\t<\/div>\n\t\t<\/div>\n\t\t\t\t\t<\/div>\n\t\t<\/section>\n\t\t\t\t<\/div>\n\t\t","protected":false},"excerpt":{"rendered":"<p>Qu\u00e9 ver Fotograf\u00edas de clientes A lo largo de m\u00e1s de un a\u00f1o Vega ha recorrido gran parte de la Reserva de la Biosfera\u00a0identificando,\u00a0inventariando\u00a0y fotografiando flora y fauna de especial&hellip;<\/p>\n","protected":false},"author":31,"featured_media":0,"parent":0,"menu_order":0,"comment_status":"closed","ping_status":"closed","template":"","meta":{"_glsr_average":0,"_glsr_ranking":0,"_glsr_reviews":0,"footnotes":""},"class_list":["post-19596","page","type-page","status-publish","hentry"],"yoast_head":"<!-- This site is optimized with the Yoast SEO plugin v27.4 - https:\/\/yoast.com\/product\/yoast-seo-wordpress\/ -->\n<title>BIRDING IN SPAIN&#039;S WILD WEST - Observaci\u00f3n guiada de aves en el oeste de Espa\u00f1a<\/title>\n<meta name=\"robots\" content=\"noindex, nofollow\" \/>\n<meta property=\"og:locale\" content=\"es_ES\" \/>\n<meta property=\"og:type\" content=\"article\" \/>\n<meta property=\"og:title\" content=\"BIRDING IN SPAIN&#039;S WILD WEST - Observaci\u00f3n guiada de aves en el oeste de Espa\u00f1a\" \/>\n<meta property=\"og:description\" content=\"Qu\u00e9 ver Fotograf\u00edas de clientes A lo largo de m\u00e1s de un a\u00f1o Vega ha recorrido gran parte de la Reserva de la Biosfera\u00a0identificando,\u00a0inventariando\u00a0y fotografiando flora y fauna de especial&hellip;\" \/>\n<meta property=\"og:url\" content=\"https:\/\/birdinginspainswildwest.com\/es\/que-ver\/\" \/>\n<meta property=\"og:site_name\" content=\"BIRDING IN SPAIN&#039;S WILD WEST\" \/>\n<meta property=\"article:modified_time\" content=\"2025-03-28T20:18:33+00:00\" \/>\n<meta property=\"og:image\" content=\"https:\/\/birdinginspainswildwest.com\/wp-content\/uploads\/2024\/10\/woodchat-shrike-alcaudon-comun-lanius-senator-.webp\" \/>\n<meta name=\"twitter:card\" content=\"summary_large_image\" \/>\n<meta name=\"twitter:label1\" content=\"Tiempo de lectura\" \/>\n\t<meta name=\"twitter:data1\" content=\"13 minutos\" \/>\n<script type=\"application\/ld+json\" class=\"yoast-schema-graph\">{\"@context\":\"https:\\\/\\\/schema.org\",\"@graph\":[{\"@type\":\"WebPage\",\"@id\":\"https:\\\/\\\/birdinginspainswildwest.com\\\/es\\\/que-ver\\\/\",\"url\":\"https:\\\/\\\/birdinginspainswildwest.com\\\/es\\\/que-ver\\\/\",\"name\":\"BIRDING IN SPAIN'S WILD WEST - Observaci\u00f3n guiada de aves en el oeste de Espa\u00f1a\",\"isPartOf\":{\"@id\":\"https:\\\/\\\/birdinginspainswildwest.com\\\/es\\\/#website\"},\"primaryImageOfPage\":{\"@id\":\"https:\\\/\\\/birdinginspainswildwest.com\\\/es\\\/que-ver\\\/#primaryimage\"},\"image\":{\"@id\":\"https:\\\/\\\/birdinginspainswildwest.com\\\/es\\\/que-ver\\\/#primaryimage\"},\"thumbnailUrl\":\"https:\\\/\\\/birdinginspainswildwest.com\\\/wp-content\\\/uploads\\\/2024\\\/10\\\/woodchat-shrike-alcaudon-comun-lanius-senator-.webp\",\"datePublished\":\"2024-10-31T08:40:00+00:00\",\"dateModified\":\"2025-03-28T20:18:33+00:00\",\"breadcrumb\":{\"@id\":\"https:\\\/\\\/birdinginspainswildwest.com\\\/es\\\/que-ver\\\/#breadcrumb\"},\"inLanguage\":\"es\",\"potentialAction\":[{\"@type\":\"ReadAction\",\"target\":[\"https:\\\/\\\/birdinginspainswildwest.com\\\/es\\\/que-ver\\\/\"]}]},{\"@type\":\"ImageObject\",\"inLanguage\":\"es\",\"@id\":\"https:\\\/\\\/birdinginspainswildwest.com\\\/es\\\/que-ver\\\/#primaryimage\",\"url\":\"https:\\\/\\\/birdinginspainswildwest.com\\\/wp-content\\\/uploads\\\/2024\\\/10\\\/woodchat-shrike-alcaudon-comun-lanius-senator-.webp\",\"contentUrl\":\"https:\\\/\\\/birdinginspainswildwest.com\\\/wp-content\\\/uploads\\\/2024\\\/10\\\/woodchat-shrike-alcaudon-comun-lanius-senator-.webp\"},{\"@type\":\"BreadcrumbList\",\"@id\":\"https:\\\/\\\/birdinginspainswildwest.com\\\/es\\\/que-ver\\\/#breadcrumb\",\"itemListElement\":[{\"@type\":\"ListItem\",\"position\":1,\"name\":\"Portada\",\"item\":\"https:\\\/\\\/birdinginspainswildwest.com\\\/es\\\/\"},{\"@type\":\"ListItem\",\"position\":2,\"name\":\"Qu\u00e9 ver\"}]},{\"@type\":\"WebSite\",\"@id\":\"https:\\\/\\\/birdinginspainswildwest.com\\\/es\\\/#website\",\"url\":\"https:\\\/\\\/birdinginspainswildwest.com\\\/es\\\/\",\"name\":\"BIRDING IN SPAIN&#039;S WILD WEST\",\"description\":\"Guided birding in the west of Spain\",\"publisher\":{\"@id\":\"https:\\\/\\\/birdinginspainswildwest.com\\\/es\\\/#organization\"},\"potentialAction\":[{\"@type\":\"SearchAction\",\"target\":{\"@type\":\"EntryPoint\",\"urlTemplate\":\"https:\\\/\\\/birdinginspainswildwest.com\\\/es\\\/?s={search_term_string}\"},\"query-input\":{\"@type\":\"PropertyValueSpecification\",\"valueRequired\":true,\"valueName\":\"search_term_string\"}}],\"inLanguage\":\"es\"},{\"@type\":\"Organization\",\"@id\":\"https:\\\/\\\/birdinginspainswildwest.com\\\/es\\\/#organization\",\"name\":\"BIRDING IN SPAIN&#039;S WILD WEST\",\"url\":\"https:\\\/\\\/birdinginspainswildwest.com\\\/es\\\/\",\"logo\":{\"@type\":\"ImageObject\",\"inLanguage\":\"es\",\"@id\":\"https:\\\/\\\/birdinginspainswildwest.com\\\/es\\\/#\\\/schema\\\/logo\\\/image\\\/\",\"url\":\"https:\\\/\\\/birdinginspainswildwest.com\\\/wp-content\\\/uploads\\\/2020\\\/06\\\/logotipo.webp\",\"contentUrl\":\"https:\\\/\\\/birdinginspainswildwest.com\\\/wp-content\\\/uploads\\\/2020\\\/06\\\/logotipo.webp\",\"width\":179,\"height\":171,\"caption\":\"BIRDING IN SPAIN&#039;S WILD WEST\"},\"image\":{\"@id\":\"https:\\\/\\\/birdinginspainswildwest.com\\\/es\\\/#\\\/schema\\\/logo\\\/image\\\/\"}}]}<\/script>\n<!-- \/ Yoast SEO plugin. -->","yoast_head_json":{"title":"BIRDING IN SPAIN'S WILD WEST - Observaci\u00f3n guiada de aves en el oeste de Espa\u00f1a","robots":{"index":"noindex","follow":"nofollow"},"og_locale":"es_ES","og_type":"article","og_title":"BIRDING IN SPAIN'S WILD WEST - Observaci\u00f3n guiada de aves en el oeste de Espa\u00f1a","og_description":"Qu\u00e9 ver Fotograf\u00edas de clientes A lo largo de m\u00e1s de un a\u00f1o Vega ha recorrido gran parte de la Reserva de la Biosfera\u00a0identificando,\u00a0inventariando\u00a0y fotografiando flora y fauna de especial&hellip;","og_url":"https:\/\/birdinginspainswildwest.com\/es\/que-ver\/","og_site_name":"BIRDING IN SPAIN&#039;S WILD WEST","article_modified_time":"2025-03-28T20:18:33+00:00","og_image":[{"url":"https:\/\/birdinginspainswildwest.com\/wp-content\/uploads\/2024\/10\/woodchat-shrike-alcaudon-comun-lanius-senator-.webp","type":"","width":"","height":""}],"twitter_card":"summary_large_image","twitter_misc":{"Tiempo de lectura":"13 minutos"},"schema":{"@context":"https:\/\/schema.org","@graph":[{"@type":"WebPage","@id":"https:\/\/birdinginspainswildwest.com\/es\/que-ver\/","url":"https:\/\/birdinginspainswildwest.com\/es\/que-ver\/","name":"BIRDING IN SPAIN'S WILD WEST - Observaci\u00f3n guiada de aves en el oeste de Espa\u00f1a","isPartOf":{"@id":"https:\/\/birdinginspainswildwest.com\/es\/#website"},"primaryImageOfPage":{"@id":"https:\/\/birdinginspainswildwest.com\/es\/que-ver\/#primaryimage"},"image":{"@id":"https:\/\/birdinginspainswildwest.com\/es\/que-ver\/#primaryimage"},"thumbnailUrl":"https:\/\/birdinginspainswildwest.com\/wp-content\/uploads\/2024\/10\/woodchat-shrike-alcaudon-comun-lanius-senator-.webp","datePublished":"2024-10-31T08:40:00+00:00","dateModified":"2025-03-28T20:18:33+00:00","breadcrumb":{"@id":"https:\/\/birdinginspainswildwest.com\/es\/que-ver\/#breadcrumb"},"inLanguage":"es","potentialAction":[{"@type":"ReadAction","target":["https:\/\/birdinginspainswildwest.com\/es\/que-ver\/"]}]},{"@type":"ImageObject","inLanguage":"es","@id":"https:\/\/birdinginspainswildwest.com\/es\/que-ver\/#primaryimage","url":"https:\/\/birdinginspainswildwest.com\/wp-content\/uploads\/2024\/10\/woodchat-shrike-alcaudon-comun-lanius-senator-.webp","contentUrl":"https:\/\/birdinginspainswildwest.com\/wp-content\/uploads\/2024\/10\/woodchat-shrike-alcaudon-comun-lanius-senator-.webp"},{"@type":"BreadcrumbList","@id":"https:\/\/birdinginspainswildwest.com\/es\/que-ver\/#breadcrumb","itemListElement":[{"@type":"ListItem","position":1,"name":"Portada","item":"https:\/\/birdinginspainswildwest.com\/es\/"},{"@type":"ListItem","position":2,"name":"Qu\u00e9 ver"}]},{"@type":"WebSite","@id":"https:\/\/birdinginspainswildwest.com\/es\/#website","url":"https:\/\/birdinginspainswildwest.com\/es\/","name":"BIRDING IN SPAIN&#039;S WILD WEST","description":"Guided birding in the west of Spain","publisher":{"@id":"https:\/\/birdinginspainswildwest.com\/es\/#organization"},"potentialAction":[{"@type":"SearchAction","target":{"@type":"EntryPoint","urlTemplate":"https:\/\/birdinginspainswildwest.com\/es\/?s={search_term_string}"},"query-input":{"@type":"PropertyValueSpecification","valueRequired":true,"valueName":"search_term_string"}}],"inLanguage":"es"},{"@type":"Organization","@id":"https:\/\/birdinginspainswildwest.com\/es\/#organization","name":"BIRDING IN SPAIN&#039;S WILD WEST","url":"https:\/\/birdinginspainswildwest.com\/es\/","logo":{"@type":"ImageObject","inLanguage":"es","@id":"https:\/\/birdinginspainswildwest.com\/es\/#\/schema\/logo\/image\/","url":"https:\/\/birdinginspainswildwest.com\/wp-content\/uploads\/2020\/06\/logotipo.webp","contentUrl":"https:\/\/birdinginspainswildwest.com\/wp-content\/uploads\/2020\/06\/logotipo.webp","width":179,"height":171,"caption":"BIRDING IN SPAIN&#039;S WILD WEST"},"image":{"@id":"https:\/\/birdinginspainswildwest.com\/es\/#\/schema\/logo\/image\/"}}]}},"_links":{"self":[{"href":"https:\/\/birdinginspainswildwest.com\/es\/wp-json\/wp\/v2\/pages\/19596","targetHints":{"allow":["GET"]}}],"collection":[{"href":"https:\/\/birdinginspainswildwest.com\/es\/wp-json\/wp\/v2\/pages"}],"about":[{"href":"https:\/\/birdinginspainswildwest.com\/es\/wp-json\/wp\/v2\/types\/page"}],"author":[{"embeddable":true,"href":"https:\/\/birdinginspainswildwest.com\/es\/wp-json\/wp\/v2\/users\/31"}],"replies":[{"embeddable":true,"href":"https:\/\/birdinginspainswildwest.com\/es\/wp-json\/wp\/v2\/comments?post=19596"}],"version-history":[{"count":5,"href":"https:\/\/birdinginspainswildwest.com\/es\/wp-json\/wp\/v2\/pages\/19596\/revisions"}],"predecessor-version":[{"id":20319,"href":"https:\/\/birdinginspainswildwest.com\/es\/wp-json\/wp\/v2\/pages\/19596\/revisions\/20319"}],"wp:attachment":[{"href":"https:\/\/birdinginspainswildwest.com\/es\/wp-json\/wp\/v2\/media?parent=19596"}],"curies":[{"name":"wp","href":"https:\/\/api.w.org\/{rel}","templated":true}]}}