{"id":20644,"date":"2025-09-04T13:27:39","date_gmt":"2025-09-04T13:27:39","guid":{"rendered":"https:\/\/birdinginspainswildwest.com\/vuestros-guias\/"},"modified":"2025-09-09T06:40:40","modified_gmt":"2025-09-09T06:40:40","slug":"vuestros-guia-de-ecoturismo","status":"publish","type":"page","link":"https:\/\/birdinginspainswildwest.com\/es\/vuestros-guia-de-ecoturismo\/","title":{"rendered":"Vuestros gu\u00edas"},"content":{"rendered":"\t\t<div data-elementor-type=\"wp-page\" data-elementor-id=\"20644\" class=\"elementor elementor-20644 elementor-20528\">\n\t\t\t\t\t\t<section class=\"elementor-section elementor-top-section elementor-element elementor-element-6398c36 elementor-section-height-min-height elementor-section-boxed elementor-section-height-default elementor-section-items-middle sc_fly_static\" data-id=\"6398c36\" data-element_type=\"section\" data-e-type=\"section\" data-settings=\"{&quot;background_background&quot;:&quot;classic&quot;}\">\n\t\t\t\t\t\t<div class=\"elementor-container elementor-column-gap-extended\">\n\t\t\t\t\t<div class=\"elementor-column elementor-col-100 elementor-top-column elementor-element elementor-element-9f80994 sc_content_align_inherit sc_layouts_column_icons_position_left sc_fly_static\" data-id=\"9f80994\" data-element_type=\"column\" data-e-type=\"column\">\n\t\t\t<div class=\"elementor-widget-wrap elementor-element-populated\">\n\t\t\t\t\t\t<div class=\"elementor-element elementor-element-5aa6418 sc_height_large sc_fly_static elementor-widget elementor-widget-spacer\" data-id=\"5aa6418\" data-element_type=\"widget\" data-e-type=\"widget\" data-widget_type=\"spacer.default\">\n\t\t\t\t<div class=\"elementor-widget-container\">\n\t\t\t\t\t\t\t<div class=\"elementor-spacer\">\n\t\t\t<div class=\"elementor-spacer-inner\"><\/div>\n\t\t<\/div>\n\t\t\t\t\t\t<\/div>\n\t\t\t\t<\/div>\n\t\t\t\t<div class=\"elementor-element elementor-element-1d5d91d sc_fly_static elementor-widget elementor-widget-trx_sc_title\" data-id=\"1d5d91d\" data-element_type=\"widget\" data-e-type=\"widget\" data-widget_type=\"trx_sc_title.default\">\n\t\t\t\t<div class=\"elementor-widget-container\">\n\t\t\t\t\t<div\t\tclass=\"sc_title sc_title_default\" ><h1 class=\"sc_item_title sc_title_title sc_align_center sc_item_title_style_default sc_item_title_tag trx_addons_inline_160412664\"\n\t\t\t><span class=\"sc_item_title_text\">Vuestros gu\u00edas<\/span><\/h1><\/div>\t\t\t\t<\/div>\n\t\t\t\t<\/div>\n\t\t\t\t<div class=\"elementor-element elementor-element-20b1561 sc_height_large sc_fly_static elementor-widget elementor-widget-spacer\" data-id=\"20b1561\" data-element_type=\"widget\" data-e-type=\"widget\" data-widget_type=\"spacer.default\">\n\t\t\t\t<div class=\"elementor-widget-container\">\n\t\t\t\t\t\t\t<div class=\"elementor-spacer\">\n\t\t\t<div class=\"elementor-spacer-inner\"><\/div>\n\t\t<\/div>\n\t\t\t\t\t\t<\/div>\n\t\t\t\t<\/div>\n\t\t\t\t\t<\/div>\n\t\t<\/div>\n\t\t\t\t\t<\/div>\n\t\t<\/section>\n\t\t\t\t<section class=\"elementor-section elementor-top-section elementor-element elementor-element-3dbb743 elementor-section-boxed elementor-section-height-default elementor-section-height-default sc_fly_static\" data-id=\"3dbb743\" data-element_type=\"section\" data-e-type=\"section\" data-settings=\"{&quot;background_background&quot;:&quot;classic&quot;}\">\n\t\t\t\t\t\t<div class=\"elementor-container elementor-column-gap-extended\">\n\t\t\t\t\t<div class=\"elementor-column elementor-col-100 elementor-top-column elementor-element elementor-element-c5615aa sc_content_align_inherit sc_layouts_column_icons_position_left sc_fly_static\" data-id=\"c5615aa\" data-element_type=\"column\" data-e-type=\"column\">\n\t\t\t<div class=\"elementor-widget-wrap elementor-element-populated\">\n\t\t\t\t\t\t<div class=\"elementor-element elementor-element-216b99e sc_height_huge sc_fly_static elementor-widget elementor-widget-spacer\" data-id=\"216b99e\" data-element_type=\"widget\" data-e-type=\"widget\" data-widget_type=\"spacer.default\">\n\t\t\t\t<div class=\"elementor-widget-container\">\n\t\t\t\t\t\t\t<div class=\"elementor-spacer\">\n\t\t\t<div class=\"elementor-spacer-inner\"><\/div>\n\t\t<\/div>\n\t\t\t\t\t\t<\/div>\n\t\t\t\t<\/div>\n\t\t\t\t\t<\/div>\n\t\t<\/div>\n\t\t\t\t\t<\/div>\n\t\t<\/section>\n\t\t\t\t<section class=\"elementor-section elementor-top-section elementor-element elementor-element-ff8d97f elementor-section-boxed elementor-section-height-default elementor-section-height-default sc_fly_static\" data-id=\"ff8d97f\" data-element_type=\"section\" data-e-type=\"section\" data-settings=\"{&quot;background_background&quot;:&quot;classic&quot;}\">\n\t\t\t\t\t\t<div class=\"elementor-container elementor-column-gap-extended\">\n\t\t\t\t\t<div class=\"elementor-column elementor-col-100 elementor-top-column elementor-element elementor-element-2abcb69 sc_content_align_inherit sc_layouts_column_icons_position_left sc_fly_static\" data-id=\"2abcb69\" data-element_type=\"column\" data-e-type=\"column\">\n\t\t\t<div class=\"elementor-widget-wrap\">\n\t\t\t\t\t\t\t<\/div>\n\t\t<\/div>\n\t\t\t\t\t<\/div>\n\t\t<\/section>\n\t\t\t\t<section class=\"elementor-section elementor-top-section elementor-element elementor-element-7650508 elementor-section-content-middle elementor-section-boxed elementor-section-height-default elementor-section-height-default sc_fly_static\" data-id=\"7650508\" data-element_type=\"section\" data-e-type=\"section\">\n\t\t\t\t\t\t<div class=\"elementor-container elementor-column-gap-extended\">\n\t\t\t\t\t<div class=\"elementor-column elementor-col-50 elementor-top-column elementor-element elementor-element-dd198ea sc_content_align_inherit sc_layouts_column_icons_position_left sc_fly_static\" data-id=\"dd198ea\" data-element_type=\"column\" data-e-type=\"column\">\n\t\t\t<div class=\"elementor-widget-wrap elementor-element-populated\">\n\t\t\t\t\t\t<div class=\"elementor-element elementor-element-4cbe17c sc_fly_static elementor-widget elementor-widget-image\" data-id=\"4cbe17c\" data-element_type=\"widget\" data-e-type=\"widget\" data-widget_type=\"image.default\">\n\t\t\t\t<div class=\"elementor-widget-container\">\n\t\t\t\t\t\t\t\t\t\t\t\t\t\t\t<img fetchpriority=\"high\" decoding=\"async\" width=\"779\" height=\"1024\" src=\"https:\/\/birdinginspainswildwest.com\/wp-content\/uploads\/2024\/11\/vega-bermejo-779x1024.webp\" class=\"attachment-large size-large wp-image-19375\" alt=\"Your guide Vega Bermejo Gu\u00eda de ecoturismo guide Birding in Spains WIld West\" srcset=\"https:\/\/birdinginspainswildwest.com\/wp-content\/uploads\/2024\/11\/vega-bermejo-779x1024.webp 779w, https:\/\/birdinginspainswildwest.com\/wp-content\/uploads\/2024\/11\/vega-bermejo-228x300.webp 228w, https:\/\/birdinginspainswildwest.com\/wp-content\/uploads\/2024\/11\/vega-bermejo-768x1009.webp 768w, https:\/\/birdinginspainswildwest.com\/wp-content\/uploads\/2024\/11\/vega-bermejo-370x486.webp 370w, https:\/\/birdinginspainswildwest.com\/wp-content\/uploads\/2024\/11\/vega-bermejo-410x539.webp 410w, https:\/\/birdinginspainswildwest.com\/wp-content\/uploads\/2024\/11\/vega-bermejo.webp 822w\" sizes=\"(max-width: 779px) 100vw, 779px\" \/>\t\t\t\t\t\t\t\t\t\t\t\t\t\t\t<\/div>\n\t\t\t\t<\/div>\n\t\t\t\t\t<\/div>\n\t\t<\/div>\n\t\t\t\t<div class=\"elementor-column elementor-col-50 elementor-top-column elementor-element elementor-element-3689842 sc_content_align_inherit sc_layouts_column_icons_position_left sc_fly_static\" data-id=\"3689842\" data-element_type=\"column\" data-e-type=\"column\">\n\t\t\t<div class=\"elementor-widget-wrap elementor-element-populated\">\n\t\t\t\t\t\t<section class=\"elementor-section elementor-inner-section elementor-element elementor-element-13cfb81 elementor-section-boxed elementor-section-height-default elementor-section-height-default sc_fly_static\" data-id=\"13cfb81\" data-element_type=\"section\" data-e-type=\"section\" data-settings=\"{&quot;background_background&quot;:&quot;classic&quot;}\">\n\t\t\t\t\t\t<div class=\"elementor-container elementor-column-gap-extended\">\n\t\t\t\t\t<div class=\"elementor-column elementor-col-100 elementor-inner-column elementor-element elementor-element-86f3e6b sc_content_align_inherit sc_layouts_column_icons_position_left sc_fly_static\" data-id=\"86f3e6b\" data-element_type=\"column\" data-e-type=\"column\">\n\t\t\t<div class=\"elementor-widget-wrap elementor-element-populated\">\n\t\t\t\t\t\t<div class=\"elementor-element elementor-element-7a7d3f3 sc_fly_static elementor-widget elementor-widget-text-editor\" data-id=\"7a7d3f3\" data-element_type=\"widget\" data-e-type=\"widget\" data-widget_type=\"text-editor.default\">\n\t\t\t\t<div class=\"elementor-widget-container\">\n\t\t\t\t\t\t\t\t\t<p>Vega Bermejo<\/p>\n\t\t\t\t\t\t\t\t<\/div>\n\t\t\t\t<\/div>\n\t\t\t\t\t<\/div>\n\t\t<\/div>\n\t\t\t\t\t<\/div>\n\t\t<\/section>\n\t\t\t\t<section class=\"elementor-section elementor-inner-section elementor-element elementor-element-e0e96cd elementor-section-boxed elementor-section-height-default elementor-section-height-default sc_fly_static\" data-id=\"e0e96cd\" data-element_type=\"section\" data-e-type=\"section\" data-settings=\"{&quot;background_background&quot;:&quot;classic&quot;}\">\n\t\t\t\t\t\t<div class=\"elementor-container elementor-column-gap-extended\">\n\t\t\t\t\t<div class=\"elementor-column elementor-col-100 elementor-inner-column elementor-element elementor-element-b439f9e sc_content_align_inherit sc_layouts_column_icons_position_left sc_fly_static\" data-id=\"b439f9e\" data-element_type=\"column\" data-e-type=\"column\">\n\t\t\t<div class=\"elementor-widget-wrap elementor-element-populated\">\n\t\t\t\t\t\t<div class=\"elementor-element elementor-element-0cc73cd sc_fly_static elementor-widget elementor-widget-text-editor\" data-id=\"0cc73cd\" data-element_type=\"widget\" data-e-type=\"widget\" data-widget_type=\"text-editor.default\">\n\t\t\t\t<div class=\"elementor-widget-container\">\n\t\t\t\t\t\t\t\t\t<p>Vega, fundadora de Ver Aves y vuestra gu\u00eda principal, es gu\u00eda de ecoturismo ornitol\u00f3gico profesional y ecologista comprometida. Amante de los animales y la naturaleza desde peque\u00f1a, por fin hizo realidad su sue\u00f1o de vivir en el campo. Trabaja en la zona desde 2005. Vega tambi\u00e9n es talladora de piedra y dise\u00f1adora gr\u00e1fica, e imparte talleres creativos.<\/p><p>Ha trabajado de traductora y habla espa\u00f1ol, ingl\u00e9s y franc\u00e9s. Vega se crio en Inglaterra.<\/p>\t\t\t\t\t\t\t\t<\/div>\n\t\t\t\t<\/div>\n\t\t\t\t\t<\/div>\n\t\t<\/div>\n\t\t\t\t\t<\/div>\n\t\t<\/section>\n\t\t\t\t<div class=\"elementor-element elementor-element-36cd601 sc_height_medium sc_fly_static elementor-widget elementor-widget-spacer\" data-id=\"36cd601\" data-element_type=\"widget\" data-e-type=\"widget\" data-widget_type=\"spacer.default\">\n\t\t\t\t<div class=\"elementor-widget-container\">\n\t\t\t\t\t\t\t<div class=\"elementor-spacer\">\n\t\t\t<div class=\"elementor-spacer-inner\"><\/div>\n\t\t<\/div>\n\t\t\t\t\t\t<\/div>\n\t\t\t\t<\/div>\n\t\t\t\t\t<\/div>\n\t\t<\/div>\n\t\t\t\t\t<\/div>\n\t\t<\/section>\n\t\t\t\t<section class=\"elementor-section elementor-top-section elementor-element elementor-element-f79f6d3 elementor-section-content-middle elementor-reverse-mobile elementor-section-boxed elementor-section-height-default elementor-section-height-default sc_fly_static\" data-id=\"f79f6d3\" data-element_type=\"section\" data-e-type=\"section\">\n\t\t\t\t\t\t<div class=\"elementor-container elementor-column-gap-extended\">\n\t\t\t\t\t<div class=\"elementor-column elementor-col-50 elementor-top-column elementor-element elementor-element-959d60b sc_content_align_inherit sc_layouts_column_icons_position_left sc_fly_static\" data-id=\"959d60b\" data-element_type=\"column\" data-e-type=\"column\">\n\t\t\t<div class=\"elementor-widget-wrap elementor-element-populated\">\n\t\t\t\t\t\t<div class=\"elementor-element elementor-element-d284df7 sc_fly_static elementor-widget elementor-widget-spacer\" data-id=\"d284df7\" data-element_type=\"widget\" data-e-type=\"widget\" data-widget_type=\"spacer.default\">\n\t\t\t\t<div class=\"elementor-widget-container\">\n\t\t\t\t\t\t\t<div class=\"elementor-spacer\">\n\t\t\t<div class=\"elementor-spacer-inner\"><\/div>\n\t\t<\/div>\n\t\t\t\t\t\t<\/div>\n\t\t\t\t<\/div>\n\t\t\t\t<section class=\"elementor-section elementor-inner-section elementor-element elementor-element-2a61e25 elementor-section-boxed elementor-section-height-default elementor-section-height-default sc_fly_static\" data-id=\"2a61e25\" data-element_type=\"section\" data-e-type=\"section\" data-settings=\"{&quot;background_background&quot;:&quot;classic&quot;}\">\n\t\t\t\t\t\t<div class=\"elementor-container elementor-column-gap-extended\">\n\t\t\t\t\t<div class=\"elementor-column elementor-col-100 elementor-inner-column elementor-element elementor-element-a2e7607 sc_content_align_inherit sc_layouts_column_icons_position_left sc_fly_static\" data-id=\"a2e7607\" data-element_type=\"column\" data-e-type=\"column\">\n\t\t\t<div class=\"elementor-widget-wrap elementor-element-populated\">\n\t\t\t\t\t\t<div class=\"elementor-element elementor-element-83ac6c7 sc_fly_static elementor-widget elementor-widget-text-editor\" data-id=\"83ac6c7\" data-element_type=\"widget\" data-e-type=\"widget\" data-widget_type=\"text-editor.default\">\n\t\t\t\t<div class=\"elementor-widget-container\">\n\t\t\t\t\t\t\t\t\t<p>Alfonso Asenjo<\/p>\n\t\t\t\t\t\t\t\t<\/div>\n\t\t\t\t<\/div>\n\t\t\t\t<div class=\"elementor-element elementor-element-22cf629 sc_height_tiny sc_fly_static elementor-widget elementor-widget-spacer\" data-id=\"22cf629\" data-element_type=\"widget\" data-e-type=\"widget\" data-widget_type=\"spacer.default\">\n\t\t\t\t<div class=\"elementor-widget-container\">\n\t\t\t\t\t\t\t<div class=\"elementor-spacer\">\n\t\t\t<div class=\"elementor-spacer-inner\"><\/div>\n\t\t<\/div>\n\t\t\t\t\t\t<\/div>\n\t\t\t\t<\/div>\n\t\t\t\t<div class=\"elementor-element elementor-element-0781f52 sc_fly_static elementor-widget elementor-widget-text-editor\" data-id=\"0781f52\" data-element_type=\"widget\" data-e-type=\"widget\" data-widget_type=\"text-editor.default\">\n\t\t\t\t<div class=\"elementor-widget-container\">\n\t\t\t\t\t\t\t\t\t<p>Alfonso es ayudante de gu\u00eda y tambi\u00e9n formado como gu\u00eda ornitol\u00f3gico de ecoturismo, adem\u00e1s de naturalista autodidacta. Habla espa\u00f1ol, italiano, franc\u00e9s, gallego y entiende el catal\u00e1n.\u00a0 Alfonso es tambi\u00e9n actor y m\u00fasico profesional.<\/p>\t\t\t\t\t\t\t\t<\/div>\n\t\t\t\t<\/div>\n\t\t\t\t\t<\/div>\n\t\t<\/div>\n\t\t\t\t\t<\/div>\n\t\t<\/section>\n\t\t\t\t<div class=\"elementor-element elementor-element-b59bb59 sc_height_tiny sc_fly_static elementor-widget elementor-widget-spacer\" data-id=\"b59bb59\" data-element_type=\"widget\" data-e-type=\"widget\" data-widget_type=\"spacer.default\">\n\t\t\t\t<div class=\"elementor-widget-container\">\n\t\t\t\t\t\t\t<div class=\"elementor-spacer\">\n\t\t\t<div class=\"elementor-spacer-inner\"><\/div>\n\t\t<\/div>\n\t\t\t\t\t\t<\/div>\n\t\t\t\t<\/div>\n\t\t\t\t<section class=\"elementor-section elementor-inner-section elementor-element elementor-element-27ef41c elementor-section-boxed elementor-section-height-default elementor-section-height-default sc_fly_static\" data-id=\"27ef41c\" data-element_type=\"section\" data-e-type=\"section\" data-settings=\"{&quot;background_background&quot;:&quot;classic&quot;}\">\n\t\t\t\t\t\t<div class=\"elementor-container elementor-column-gap-extended\">\n\t\t\t\t\t<div class=\"elementor-column elementor-col-100 elementor-inner-column elementor-element elementor-element-2f693c8 sc_content_align_inherit sc_layouts_column_icons_position_left sc_fly_static\" data-id=\"2f693c8\" data-element_type=\"column\" data-e-type=\"column\">\n\t\t\t<div class=\"elementor-widget-wrap elementor-element-populated\">\n\t\t\t\t\t\t<div class=\"elementor-element elementor-element-5c022e9 sc_height_tiny sc_fly_static elementor-widget elementor-widget-spacer\" data-id=\"5c022e9\" data-element_type=\"widget\" data-e-type=\"widget\" data-widget_type=\"spacer.default\">\n\t\t\t\t<div class=\"elementor-widget-container\">\n\t\t\t\t\t\t\t<div class=\"elementor-spacer\">\n\t\t\t<div class=\"elementor-spacer-inner\"><\/div>\n\t\t<\/div>\n\t\t\t\t\t\t<\/div>\n\t\t\t\t<\/div>\n\t\t\t\t<div class=\"elementor-element elementor-element-c12c3e6 sc_fly_static elementor-widget elementor-widget-text-editor\" data-id=\"c12c3e6\" data-element_type=\"widget\" data-e-type=\"widget\" data-widget_type=\"text-editor.default\">\n\t\t\t\t<div class=\"elementor-widget-container\">\n\t\t\t\t\t\t\t\t\t<p>Tanto Vega como Alfonso sienten una profunda pasi\u00f3n y respeto por la vida silvestre, que esperan transmitir y compartir con quienes acompa\u00f1an. Estar\u00e1n encantados de informaros sobre la fauna que se ve, ya sea ave, reptil, anfibio, mam\u00edfero o insecto.. Vega y Alfonso son voluntarios en la campa\u00f1a local Seo\/ Aguilucho Cenizo, identificando y protegiendo los nidos de Aguilucho Cenizo y Aguilucho P\u00e1lido de la cosecha temprana.<\/p>\t\t\t\t\t\t\t\t<\/div>\n\t\t\t\t<\/div>\n\t\t\t\t<div class=\"elementor-element elementor-element-46f259e sc_height_tiny sc_fly_static elementor-widget elementor-widget-spacer\" data-id=\"46f259e\" data-element_type=\"widget\" data-e-type=\"widget\" data-widget_type=\"spacer.default\">\n\t\t\t\t<div class=\"elementor-widget-container\">\n\t\t\t\t\t\t\t<div class=\"elementor-spacer\">\n\t\t\t<div class=\"elementor-spacer-inner\"><\/div>\n\t\t<\/div>\n\t\t\t\t\t\t<\/div>\n\t\t\t\t<\/div>\n\t\t\t\t<div class=\"elementor-element elementor-element-5fce3f6 sc_fly_static elementor-widget elementor-widget-trx_sc_button\" data-id=\"5fce3f6\" data-element_type=\"widget\" data-e-type=\"widget\" data-widget_type=\"trx_sc_button.default\">\n\t\t\t\t<div class=\"elementor-widget-container\">\n\t\t\t\t\t<div\tclass=\"sc_item_button sc_button_wrap sc_align_left sc_button_multiple\" ><a href=\"http:\/\/birdinginspainswildwest.blogspot.com.es\/2017\/06\/\" class=\"sc_button sc_button_default sc_button_multiple_item sc_button_size_normal sc_button_icon_left\" target=\"_blank\"  rel=\"noopener noreferrer nofollow\"><span class=\"sc_button_text\"><span class=\"sc_button_title\">M\u00e1s detalles<\/span><\/span><\/a><a href=\"https:\/\/www.youtube.com\/watch?v=-k5NN133N_s\" class=\"sc_button sc_button_default sc_button_multiple_item sc_button_size_normal sc_button_icon_left\" target=\"_blank\"  rel=\"noopener noreferrer nofollow\"><span class=\"sc_button_text\"><span class=\"sc_button_title\">Short video<\/span><\/span><\/a><\/div>\t\t\t\t<\/div>\n\t\t\t\t<\/div>\n\t\t\t\t<div class=\"elementor-element elementor-element-8f604fa sc_height_tiny sc_fly_static elementor-widget elementor-widget-spacer\" data-id=\"8f604fa\" data-element_type=\"widget\" data-e-type=\"widget\" data-widget_type=\"spacer.default\">\n\t\t\t\t<div class=\"elementor-widget-container\">\n\t\t\t\t\t\t\t<div class=\"elementor-spacer\">\n\t\t\t<div class=\"elementor-spacer-inner\"><\/div>\n\t\t<\/div>\n\t\t\t\t\t\t<\/div>\n\t\t\t\t<\/div>\n\t\t\t\t\t<\/div>\n\t\t<\/div>\n\t\t\t\t\t<\/div>\n\t\t<\/section>\n\t\t\t\t<div class=\"elementor-element elementor-element-80ca58c sc_height_medium sc_fly_static elementor-widget elementor-widget-spacer\" data-id=\"80ca58c\" data-element_type=\"widget\" data-e-type=\"widget\" data-widget_type=\"spacer.default\">\n\t\t\t\t<div class=\"elementor-widget-container\">\n\t\t\t\t\t\t\t<div class=\"elementor-spacer\">\n\t\t\t<div class=\"elementor-spacer-inner\"><\/div>\n\t\t<\/div>\n\t\t\t\t\t\t<\/div>\n\t\t\t\t<\/div>\n\t\t\t\t\t<\/div>\n\t\t<\/div>\n\t\t\t\t<div class=\"elementor-column elementor-col-50 elementor-top-column elementor-element elementor-element-8a24e97 sc_content_align_inherit sc_layouts_column_icons_position_left sc_fly_static\" data-id=\"8a24e97\" data-element_type=\"column\" data-e-type=\"column\">\n\t\t\t<div class=\"elementor-widget-wrap elementor-element-populated\">\n\t\t\t\t\t\t<div class=\"elementor-element elementor-element-e2540db sc_fly_static elementor-widget elementor-widget-image\" data-id=\"e2540db\" data-element_type=\"widget\" data-e-type=\"widget\" data-widget_type=\"image.default\">\n\t\t\t\t<div class=\"elementor-widget-container\">\n\t\t\t\t\t\t\t\t\t\t\t\t\t\t\t<img decoding=\"async\" width=\"779\" height=\"1024\" src=\"https:\/\/birdinginspainswildwest.com\/wp-content\/uploads\/2024\/11\/alfonso-779x1024.webp\" class=\"attachment-large size-large wp-image-19377\" alt=\"Alfonso Asenjo guide gu\u00eda de ecoturismo Birding in Spains Wild West\" srcset=\"https:\/\/birdinginspainswildwest.com\/wp-content\/uploads\/2024\/11\/alfonso-779x1024.webp 779w, https:\/\/birdinginspainswildwest.com\/wp-content\/uploads\/2024\/11\/alfonso-228x300.webp 228w, https:\/\/birdinginspainswildwest.com\/wp-content\/uploads\/2024\/11\/alfonso-768x1009.webp 768w, https:\/\/birdinginspainswildwest.com\/wp-content\/uploads\/2024\/11\/alfonso-370x486.webp 370w, https:\/\/birdinginspainswildwest.com\/wp-content\/uploads\/2024\/11\/alfonso-410x539.webp 410w, https:\/\/birdinginspainswildwest.com\/wp-content\/uploads\/2024\/11\/alfonso.webp 822w\" sizes=\"(max-width: 779px) 100vw, 779px\" \/>\t\t\t\t\t\t\t\t\t\t\t\t\t\t\t<\/div>\n\t\t\t\t<\/div>\n\t\t\t\t<div class=\"elementor-element elementor-element-bb85293 sc_height_medium sc_fly_static elementor-widget elementor-widget-spacer\" data-id=\"bb85293\" data-element_type=\"widget\" data-e-type=\"widget\" data-widget_type=\"spacer.default\">\n\t\t\t\t<div class=\"elementor-widget-container\">\n\t\t\t\t\t\t\t<div class=\"elementor-spacer\">\n\t\t\t<div class=\"elementor-spacer-inner\"><\/div>\n\t\t<\/div>\n\t\t\t\t\t\t<\/div>\n\t\t\t\t<\/div>\n\t\t\t\t\t<\/div>\n\t\t<\/div>\n\t\t\t\t\t<\/div>\n\t\t<\/section>\n\t\t\t\t<\/div>\n\t\t","protected":false},"excerpt":{"rendered":"<p>Vuestros gu\u00edas Vega Bermejo Vega, fundadora de Ver Aves y vuestra gu\u00eda principal, es gu\u00eda de ecoturismo ornitol\u00f3gico profesional y ecologista comprometida. Amante de los animales y la naturaleza desde&hellip;<\/p>\n","protected":false},"author":43,"featured_media":0,"parent":0,"menu_order":0,"comment_status":"closed","ping_status":"closed","template":"","meta":{"_glsr_average":0,"_glsr_ranking":0,"_glsr_reviews":0,"footnotes":""},"class_list":["post-20644","page","type-page","status-publish","hentry"],"yoast_head":"<!-- This site is optimized with the Yoast SEO plugin v27.4 - https:\/\/yoast.com\/product\/yoast-seo-wordpress\/ -->\n<title>Gu\u00eda de ecoturismo Vuestros Vega Bermejo Alfonso Asenjo aves<\/title>\n<meta name=\"description\" content=\"Gu\u00eda de ecoturismo Vuestros Vega Bermejo Alfonso Asenjo ornitol\u00f3gico profesional ecologista naturaleza y naturalista vida silvestre aves fauna\" \/>\n<meta name=\"robots\" content=\"noindex, nofollow\" \/>\n<meta property=\"og:locale\" content=\"es_ES\" \/>\n<meta property=\"og:type\" content=\"article\" \/>\n<meta property=\"og:title\" content=\"Gu\u00eda de ecoturismo Vuestros Vega Bermejo Alfonso Asenjo aves\" \/>\n<meta property=\"og:description\" content=\"Gu\u00eda de ecoturismo Vuestros Vega Bermejo Alfonso Asenjo ornitol\u00f3gico profesional ecologista naturaleza y naturalista vida silvestre aves fauna\" \/>\n<meta property=\"og:url\" content=\"https:\/\/birdinginspainswildwest.com\/es\/vuestros-guia-de-ecoturismo\/\" \/>\n<meta property=\"og:site_name\" content=\"BIRDING IN SPAIN&#039;S WILD WEST\" \/>\n<meta property=\"article:modified_time\" content=\"2025-09-09T06:40:40+00:00\" \/>\n<meta property=\"og:image\" content=\"https:\/\/birdinginspainswildwest.com\/wp-content\/uploads\/2024\/11\/vega-bermejo-779x1024.webp\" \/>\n<meta name=\"twitter:card\" content=\"summary_large_image\" \/>\n<meta name=\"twitter:label1\" content=\"Tiempo de lectura\" \/>\n\t<meta name=\"twitter:data1\" content=\"2 minutos\" \/>\n<script type=\"application\/ld+json\" class=\"yoast-schema-graph\">{\"@context\":\"https:\\\/\\\/schema.org\",\"@graph\":[{\"@type\":\"WebPage\",\"@id\":\"https:\\\/\\\/birdinginspainswildwest.com\\\/es\\\/vuestros-guia-de-ecoturismo\\\/\",\"url\":\"https:\\\/\\\/birdinginspainswildwest.com\\\/es\\\/vuestros-guia-de-ecoturismo\\\/\",\"name\":\"Gu\u00eda de ecoturismo Vuestros Vega Bermejo Alfonso Asenjo aves\",\"isPartOf\":{\"@id\":\"https:\\\/\\\/birdinginspainswildwest.com\\\/es\\\/#website\"},\"primaryImageOfPage\":{\"@id\":\"https:\\\/\\\/birdinginspainswildwest.com\\\/es\\\/vuestros-guia-de-ecoturismo\\\/#primaryimage\"},\"image\":{\"@id\":\"https:\\\/\\\/birdinginspainswildwest.com\\\/es\\\/vuestros-guia-de-ecoturismo\\\/#primaryimage\"},\"thumbnailUrl\":\"https:\\\/\\\/birdinginspainswildwest.com\\\/wp-content\\\/uploads\\\/2024\\\/11\\\/vega-bermejo-779x1024.webp\",\"datePublished\":\"2025-09-04T13:27:39+00:00\",\"dateModified\":\"2025-09-09T06:40:40+00:00\",\"description\":\"Gu\u00eda de ecoturismo Vuestros Vega Bermejo Alfonso Asenjo ornitol\u00f3gico profesional ecologista naturaleza y naturalista vida silvestre aves fauna\",\"breadcrumb\":{\"@id\":\"https:\\\/\\\/birdinginspainswildwest.com\\\/es\\\/vuestros-guia-de-ecoturismo\\\/#breadcrumb\"},\"inLanguage\":\"es\",\"potentialAction\":[{\"@type\":\"ReadAction\",\"target\":[\"https:\\\/\\\/birdinginspainswildwest.com\\\/es\\\/vuestros-guia-de-ecoturismo\\\/\"]}]},{\"@type\":\"ImageObject\",\"inLanguage\":\"es\",\"@id\":\"https:\\\/\\\/birdinginspainswildwest.com\\\/es\\\/vuestros-guia-de-ecoturismo\\\/#primaryimage\",\"url\":\"https:\\\/\\\/birdinginspainswildwest.com\\\/wp-content\\\/uploads\\\/2024\\\/11\\\/vega-bermejo-779x1024.webp\",\"contentUrl\":\"https:\\\/\\\/birdinginspainswildwest.com\\\/wp-content\\\/uploads\\\/2024\\\/11\\\/vega-bermejo-779x1024.webp\"},{\"@type\":\"BreadcrumbList\",\"@id\":\"https:\\\/\\\/birdinginspainswildwest.com\\\/es\\\/vuestros-guia-de-ecoturismo\\\/#breadcrumb\",\"itemListElement\":[{\"@type\":\"ListItem\",\"position\":1,\"name\":\"Portada\",\"item\":\"https:\\\/\\\/birdinginspainswildwest.com\\\/es\\\/\"},{\"@type\":\"ListItem\",\"position\":2,\"name\":\"Vuestros gu\u00edas\"}]},{\"@type\":\"WebSite\",\"@id\":\"https:\\\/\\\/birdinginspainswildwest.com\\\/es\\\/#website\",\"url\":\"https:\\\/\\\/birdinginspainswildwest.com\\\/es\\\/\",\"name\":\"BIRDING IN SPAIN&#039;S WILD WEST\",\"description\":\"Guided birding in the west of Spain\",\"publisher\":{\"@id\":\"https:\\\/\\\/birdinginspainswildwest.com\\\/es\\\/#organization\"},\"potentialAction\":[{\"@type\":\"SearchAction\",\"target\":{\"@type\":\"EntryPoint\",\"urlTemplate\":\"https:\\\/\\\/birdinginspainswildwest.com\\\/es\\\/?s={search_term_string}\"},\"query-input\":{\"@type\":\"PropertyValueSpecification\",\"valueRequired\":true,\"valueName\":\"search_term_string\"}}],\"inLanguage\":\"es\"},{\"@type\":\"Organization\",\"@id\":\"https:\\\/\\\/birdinginspainswildwest.com\\\/es\\\/#organization\",\"name\":\"BIRDING IN SPAIN&#039;S WILD WEST\",\"url\":\"https:\\\/\\\/birdinginspainswildwest.com\\\/es\\\/\",\"logo\":{\"@type\":\"ImageObject\",\"inLanguage\":\"es\",\"@id\":\"https:\\\/\\\/birdinginspainswildwest.com\\\/es\\\/#\\\/schema\\\/logo\\\/image\\\/\",\"url\":\"https:\\\/\\\/birdinginspainswildwest.com\\\/wp-content\\\/uploads\\\/2020\\\/06\\\/logotipo.webp\",\"contentUrl\":\"https:\\\/\\\/birdinginspainswildwest.com\\\/wp-content\\\/uploads\\\/2020\\\/06\\\/logotipo.webp\",\"width\":179,\"height\":171,\"caption\":\"BIRDING IN SPAIN&#039;S WILD WEST\"},\"image\":{\"@id\":\"https:\\\/\\\/birdinginspainswildwest.com\\\/es\\\/#\\\/schema\\\/logo\\\/image\\\/\"}}]}<\/script>\n<!-- \/ Yoast SEO plugin. -->","yoast_head_json":{"title":"Gu\u00eda de ecoturismo Vuestros Vega Bermejo Alfonso Asenjo aves","description":"Gu\u00eda de ecoturismo Vuestros Vega Bermejo Alfonso Asenjo ornitol\u00f3gico profesional ecologista naturaleza y naturalista vida silvestre aves fauna","robots":{"index":"noindex","follow":"nofollow"},"og_locale":"es_ES","og_type":"article","og_title":"Gu\u00eda de ecoturismo Vuestros Vega Bermejo Alfonso Asenjo aves","og_description":"Gu\u00eda de ecoturismo Vuestros Vega Bermejo Alfonso Asenjo ornitol\u00f3gico profesional ecologista naturaleza y naturalista vida silvestre aves fauna","og_url":"https:\/\/birdinginspainswildwest.com\/es\/vuestros-guia-de-ecoturismo\/","og_site_name":"BIRDING IN SPAIN&#039;S WILD WEST","article_modified_time":"2025-09-09T06:40:40+00:00","og_image":[{"url":"https:\/\/birdinginspainswildwest.com\/wp-content\/uploads\/2024\/11\/vega-bermejo-779x1024.webp","type":"","width":"","height":""}],"twitter_card":"summary_large_image","twitter_misc":{"Tiempo de lectura":"2 minutos"},"schema":{"@context":"https:\/\/schema.org","@graph":[{"@type":"WebPage","@id":"https:\/\/birdinginspainswildwest.com\/es\/vuestros-guia-de-ecoturismo\/","url":"https:\/\/birdinginspainswildwest.com\/es\/vuestros-guia-de-ecoturismo\/","name":"Gu\u00eda de ecoturismo Vuestros Vega Bermejo Alfonso Asenjo aves","isPartOf":{"@id":"https:\/\/birdinginspainswildwest.com\/es\/#website"},"primaryImageOfPage":{"@id":"https:\/\/birdinginspainswildwest.com\/es\/vuestros-guia-de-ecoturismo\/#primaryimage"},"image":{"@id":"https:\/\/birdinginspainswildwest.com\/es\/vuestros-guia-de-ecoturismo\/#primaryimage"},"thumbnailUrl":"https:\/\/birdinginspainswildwest.com\/wp-content\/uploads\/2024\/11\/vega-bermejo-779x1024.webp","datePublished":"2025-09-04T13:27:39+00:00","dateModified":"2025-09-09T06:40:40+00:00","description":"Gu\u00eda de ecoturismo Vuestros Vega Bermejo Alfonso Asenjo ornitol\u00f3gico profesional ecologista naturaleza y naturalista vida silvestre aves fauna","breadcrumb":{"@id":"https:\/\/birdinginspainswildwest.com\/es\/vuestros-guia-de-ecoturismo\/#breadcrumb"},"inLanguage":"es","potentialAction":[{"@type":"ReadAction","target":["https:\/\/birdinginspainswildwest.com\/es\/vuestros-guia-de-ecoturismo\/"]}]},{"@type":"ImageObject","inLanguage":"es","@id":"https:\/\/birdinginspainswildwest.com\/es\/vuestros-guia-de-ecoturismo\/#primaryimage","url":"https:\/\/birdinginspainswildwest.com\/wp-content\/uploads\/2024\/11\/vega-bermejo-779x1024.webp","contentUrl":"https:\/\/birdinginspainswildwest.com\/wp-content\/uploads\/2024\/11\/vega-bermejo-779x1024.webp"},{"@type":"BreadcrumbList","@id":"https:\/\/birdinginspainswildwest.com\/es\/vuestros-guia-de-ecoturismo\/#breadcrumb","itemListElement":[{"@type":"ListItem","position":1,"name":"Portada","item":"https:\/\/birdinginspainswildwest.com\/es\/"},{"@type":"ListItem","position":2,"name":"Vuestros gu\u00edas"}]},{"@type":"WebSite","@id":"https:\/\/birdinginspainswildwest.com\/es\/#website","url":"https:\/\/birdinginspainswildwest.com\/es\/","name":"BIRDING IN SPAIN&#039;S WILD WEST","description":"Guided birding in the west of Spain","publisher":{"@id":"https:\/\/birdinginspainswildwest.com\/es\/#organization"},"potentialAction":[{"@type":"SearchAction","target":{"@type":"EntryPoint","urlTemplate":"https:\/\/birdinginspainswildwest.com\/es\/?s={search_term_string}"},"query-input":{"@type":"PropertyValueSpecification","valueRequired":true,"valueName":"search_term_string"}}],"inLanguage":"es"},{"@type":"Organization","@id":"https:\/\/birdinginspainswildwest.com\/es\/#organization","name":"BIRDING IN SPAIN&#039;S WILD WEST","url":"https:\/\/birdinginspainswildwest.com\/es\/","logo":{"@type":"ImageObject","inLanguage":"es","@id":"https:\/\/birdinginspainswildwest.com\/es\/#\/schema\/logo\/image\/","url":"https:\/\/birdinginspainswildwest.com\/wp-content\/uploads\/2020\/06\/logotipo.webp","contentUrl":"https:\/\/birdinginspainswildwest.com\/wp-content\/uploads\/2020\/06\/logotipo.webp","width":179,"height":171,"caption":"BIRDING IN SPAIN&#039;S WILD WEST"},"image":{"@id":"https:\/\/birdinginspainswildwest.com\/es\/#\/schema\/logo\/image\/"}}]}},"_links":{"self":[{"href":"https:\/\/birdinginspainswildwest.com\/es\/wp-json\/wp\/v2\/pages\/20644","targetHints":{"allow":["GET"]}}],"collection":[{"href":"https:\/\/birdinginspainswildwest.com\/es\/wp-json\/wp\/v2\/pages"}],"about":[{"href":"https:\/\/birdinginspainswildwest.com\/es\/wp-json\/wp\/v2\/types\/page"}],"author":[{"embeddable":true,"href":"https:\/\/birdinginspainswildwest.com\/es\/wp-json\/wp\/v2\/users\/43"}],"replies":[{"embeddable":true,"href":"https:\/\/birdinginspainswildwest.com\/es\/wp-json\/wp\/v2\/comments?post=20644"}],"version-history":[{"count":5,"href":"https:\/\/birdinginspainswildwest.com\/es\/wp-json\/wp\/v2\/pages\/20644\/revisions"}],"predecessor-version":[{"id":20653,"href":"https:\/\/birdinginspainswildwest.com\/es\/wp-json\/wp\/v2\/pages\/20644\/revisions\/20653"}],"wp:attachment":[{"href":"https:\/\/birdinginspainswildwest.com\/es\/wp-json\/wp\/v2\/media?parent=20644"}],"curies":[{"name":"wp","href":"https:\/\/api.w.org\/{rel}","templated":true}]}}