{"id":19534,"date":"2024-10-30T13:06:40","date_gmt":"2024-10-30T13:06:40","guid":{"rendered":"https:\/\/birdinginspainswildwest.com\/nos-offres\/"},"modified":"2025-09-10T06:42:57","modified_gmt":"2025-09-10T06:42:57","slug":"nos-offres","status":"publish","type":"page","link":"https:\/\/birdinginspainswildwest.com\/fr\/nos-offres\/","title":{"rendered":"Nos offres"},"content":{"rendered":"\t\t<div data-elementor-type=\"wp-page\" data-elementor-id=\"19534\" class=\"elementor elementor-19534 elementor-18841\">\n\t\t\t\t\t\t<section class=\"elementor-section elementor-top-section elementor-element elementor-element-6398c36 elementor-section-height-min-height elementor-section-boxed elementor-section-height-default elementor-section-items-middle sc_fly_static\" data-id=\"6398c36\" data-element_type=\"section\" data-e-type=\"section\" data-settings=\"{&quot;background_background&quot;:&quot;classic&quot;}\">\n\t\t\t\t\t\t<div class=\"elementor-container elementor-column-gap-extended\">\n\t\t\t\t\t<div class=\"elementor-column elementor-col-100 elementor-top-column elementor-element elementor-element-9f80994 sc_content_align_inherit sc_layouts_column_icons_position_left sc_fly_static\" data-id=\"9f80994\" data-element_type=\"column\" data-e-type=\"column\">\n\t\t\t<div class=\"elementor-widget-wrap elementor-element-populated\">\n\t\t\t\t\t\t<div class=\"elementor-element elementor-element-5aa6418 sc_height_large sc_fly_static elementor-widget elementor-widget-spacer\" data-id=\"5aa6418\" data-element_type=\"widget\" data-e-type=\"widget\" data-widget_type=\"spacer.default\">\n\t\t\t\t<div class=\"elementor-widget-container\">\n\t\t\t\t\t\t\t<div class=\"elementor-spacer\">\n\t\t\t<div class=\"elementor-spacer-inner\"><\/div>\n\t\t<\/div>\n\t\t\t\t\t\t<\/div>\n\t\t\t\t<\/div>\n\t\t\t\t<div class=\"elementor-element elementor-element-1d5d91d sc_fly_static elementor-widget elementor-widget-trx_sc_title\" data-id=\"1d5d91d\" data-element_type=\"widget\" data-e-type=\"widget\" data-widget_type=\"trx_sc_title.default\">\n\t\t\t\t<div class=\"elementor-widget-container\">\n\t\t\t\t\t<div\t\tclass=\"sc_title sc_title_default\" ><h1 class=\"sc_item_title sc_title_title sc_align_center sc_item_title_style_default sc_item_title_tag trx_addons_inline_1506153971\"\n\t\t\t><span class=\"sc_item_title_text\">Nos offres<\/span><\/h1><\/div>\t\t\t\t<\/div>\n\t\t\t\t<\/div>\n\t\t\t\t<div class=\"elementor-element elementor-element-20b1561 sc_height_large sc_fly_static elementor-widget elementor-widget-spacer\" data-id=\"20b1561\" data-element_type=\"widget\" data-e-type=\"widget\" data-widget_type=\"spacer.default\">\n\t\t\t\t<div class=\"elementor-widget-container\">\n\t\t\t\t\t\t\t<div class=\"elementor-spacer\">\n\t\t\t<div class=\"elementor-spacer-inner\"><\/div>\n\t\t<\/div>\n\t\t\t\t\t\t<\/div>\n\t\t\t\t<\/div>\n\t\t\t\t\t<\/div>\n\t\t<\/div>\n\t\t\t\t\t<\/div>\n\t\t<\/section>\n\t\t\t\t<section class=\"elementor-section elementor-top-section elementor-element elementor-element-050d098 elementor-section-boxed elementor-section-height-default elementor-section-height-default sc_fly_static\" data-id=\"050d098\" data-element_type=\"section\" data-e-type=\"section\" data-settings=\"{&quot;background_background&quot;:&quot;classic&quot;}\">\n\t\t\t\t\t\t<div class=\"elementor-container elementor-column-gap-no\">\n\t\t\t\t\t<div class=\"elementor-column elementor-col-100 elementor-top-column elementor-element elementor-element-f496e16 sc_content_align_inherit sc_layouts_column_icons_position_left sc_fly_static\" data-id=\"f496e16\" data-element_type=\"column\" data-e-type=\"column\">\n\t\t\t<div class=\"elementor-widget-wrap elementor-element-populated\">\n\t\t\t\t\t\t<div class=\"elementor-element elementor-element-cb46098 sc_height_huge sc_fly_static elementor-widget elementor-widget-spacer\" data-id=\"cb46098\" data-element_type=\"widget\" data-e-type=\"widget\" data-widget_type=\"spacer.default\">\n\t\t\t\t<div class=\"elementor-widget-container\">\n\t\t\t\t\t\t\t<div class=\"elementor-spacer\">\n\t\t\t<div class=\"elementor-spacer-inner\"><\/div>\n\t\t<\/div>\n\t\t\t\t\t\t<\/div>\n\t\t\t\t<\/div>\n\t\t\t\t<div class=\"elementor-element elementor-element-895675e scheme_default sc_fly_static elementor-widget elementor-widget-trx_sc_title\" data-id=\"895675e\" data-element_type=\"widget\" data-e-type=\"widget\" data-widget_type=\"trx_sc_title.default\">\n\t\t\t\t<div class=\"elementor-widget-container\">\n\t\t\t\t\t<div\t\tclass=\"sc_title scheme_default sc_title_default\" ><h2 class=\"sc_item_title sc_title_title sc_align_center sc_item_title_style_default sc_item_title_tag trx_addons_inline_517459679\"\n\t\t\t><span class=\"sc_item_title_text\">Sorties d'une journ\u00e9e compl\u00e8te <\/span><\/h2><\/div>\t\t\t\t<\/div>\n\t\t\t\t<\/div>\n\t\t\t\t<div class=\"elementor-element elementor-element-9aa5e5b sc_height_tiny sc_fly_static elementor-widget elementor-widget-spacer\" data-id=\"9aa5e5b\" data-element_type=\"widget\" data-e-type=\"widget\" data-widget_type=\"spacer.default\">\n\t\t\t\t<div class=\"elementor-widget-container\">\n\t\t\t\t\t\t\t<div class=\"elementor-spacer\">\n\t\t\t<div class=\"elementor-spacer-inner\"><\/div>\n\t\t<\/div>\n\t\t\t\t\t\t<\/div>\n\t\t\t\t<\/div>\n\t\t\t\t<div class=\"elementor-element elementor-element-58c6ba9 sc_fly_static elementor-widget elementor-widget-text-editor\" data-id=\"58c6ba9\" data-element_type=\"widget\" data-e-type=\"widget\" data-widget_type=\"text-editor.default\">\n\t\t\t\t<div class=\"elementor-widget-container\">\n\t\t\t\t\t\t\t\t\t(Transport, guide et pique-nique compris)\t\t\t\t\t\t\t\t<\/div>\n\t\t\t\t<\/div>\n\t\t\t\t<div class=\"elementor-element elementor-element-0366c0b sc_height_tiny sc_fly_static elementor-widget elementor-widget-spacer\" data-id=\"0366c0b\" data-element_type=\"widget\" data-e-type=\"widget\" data-widget_type=\"spacer.default\">\n\t\t\t\t<div class=\"elementor-widget-container\">\n\t\t\t\t\t\t\t<div class=\"elementor-spacer\">\n\t\t\t<div class=\"elementor-spacer-inner\"><\/div>\n\t\t<\/div>\n\t\t\t\t\t\t<\/div>\n\t\t\t\t<\/div>\n\t\t\t\t<div class=\"elementor-element elementor-element-ae4b768 sc_fly_static elementor-widget elementor-widget-text-editor\" data-id=\"ae4b768\" data-element_type=\"widget\" data-e-type=\"widget\" data-widget_type=\"text-editor.default\">\n\t\t\t\t<div class=\"elementor-widget-container\">\n\t\t\t\t\t\t\t\t\tNos sorties s&rsquo;adressent \u00e0 toute personne, du d\u00e9butant \u00e0 l&rsquo;amateur, qui souhaite observer et profiter de la nature en compagnie d&rsquo;un guide naturaliste, dans le respect et avec le minimum d&rsquo;impact sur l&rsquo;environnement. Le rythme est lent et d\u00e9tendu et ne n\u00e9cessite aucune comp\u00e9tence physique.\t\t\t\t\t\t\t\t<\/div>\n\t\t\t\t<\/div>\n\t\t\t\t<div class=\"elementor-element elementor-element-6eacf3f sc_height_medium sc_fly_static elementor-widget elementor-widget-spacer\" data-id=\"6eacf3f\" data-element_type=\"widget\" data-e-type=\"widget\" data-widget_type=\"spacer.default\">\n\t\t\t\t<div class=\"elementor-widget-container\">\n\t\t\t\t\t\t\t<div class=\"elementor-spacer\">\n\t\t\t<div class=\"elementor-spacer-inner\"><\/div>\n\t\t<\/div>\n\t\t\t\t\t\t<\/div>\n\t\t\t\t<\/div>\n\t\t\t\t<section class=\"elementor-section elementor-inner-section elementor-element elementor-element-879f032 elementor-section-content-middle elementor-section-boxed elementor-section-height-default elementor-section-height-default sc_fly_static\" data-id=\"879f032\" data-element_type=\"section\" data-e-type=\"section\">\n\t\t\t\t\t\t<div class=\"elementor-container elementor-column-gap-extended\">\n\t\t\t\t\t<div class=\"elementor-column elementor-col-50 elementor-inner-column elementor-element elementor-element-e0bec77 sc_content_align_inherit sc_layouts_column_icons_position_left sc_fly_static\" data-id=\"e0bec77\" data-element_type=\"column\" data-e-type=\"column\">\n\t\t\t<div class=\"elementor-widget-wrap elementor-element-populated\">\n\t\t\t\t\t\t<div class=\"elementor-element elementor-element-59dcbeb elementor-arrows-position-inside sc_fly_static elementor-widget elementor-widget-image-carousel\" data-id=\"59dcbeb\" data-element_type=\"widget\" data-e-type=\"widget\" data-settings=\"{&quot;slides_to_show&quot;:&quot;1&quot;,&quot;navigation&quot;:&quot;arrows&quot;,&quot;autoplay&quot;:&quot;yes&quot;,&quot;pause_on_hover&quot;:&quot;yes&quot;,&quot;pause_on_interaction&quot;:&quot;yes&quot;,&quot;autoplay_speed&quot;:5000,&quot;infinite&quot;:&quot;yes&quot;,&quot;effect&quot;:&quot;slide&quot;,&quot;speed&quot;:500}\" data-widget_type=\"image-carousel.default\">\n\t\t\t\t<div class=\"elementor-widget-container\">\n\t\t\t\t\t\t\t<div class=\"elementor-image-carousel-wrapper swiper\" role=\"region\" aria-roledescription=\"carousel\" aria-label=\"Carrousel d\u2019images\" dir=\"ltr\">\n\t\t\t<div class=\"elementor-image-carousel swiper-wrapper\" aria-live=\"off\">\n\t\t\t\t\t\t\t\t<div class=\"swiper-slide\" role=\"group\" aria-roledescription=\"slide\" aria-label=\"1 sur 2\"><figure class=\"swiper-slide-inner\"><img decoding=\"async\" class=\"swiper-slide-image\" src=\"https:\/\/birdinginspainswildwest.com\/wp-content\/uploads\/2024\/11\/sierra-ventosa.webp\" alt=\"Sierra de la Ventosa, Salamanca\" \/><\/figure><\/div><div class=\"swiper-slide\" role=\"group\" aria-roledescription=\"slide\" aria-label=\"2 sur 2\"><figure class=\"swiper-slide-inner\"><img decoding=\"async\" class=\"swiper-slide-image\" src=\"https:\/\/birdinginspainswildwest.com\/wp-content\/uploads\/2024\/11\/tormes-puente-1.webp\" alt=\"Puente del Congosto, Salamanca Birding in Spains Wild West\" \/><\/figure><\/div>\t\t\t<\/div>\n\t\t\t\t\t\t\t\t\t\t\t\t<div class=\"elementor-swiper-button elementor-swiper-button-prev\" role=\"button\" tabindex=\"0\">\n\t\t\t\t\t\t<i aria-hidden=\"true\" class=\"eicon-chevron-left\"><\/i>\t\t\t\t\t<\/div>\n\t\t\t\t\t<div class=\"elementor-swiper-button elementor-swiper-button-next\" role=\"button\" tabindex=\"0\">\n\t\t\t\t\t\t<i aria-hidden=\"true\" class=\"eicon-chevron-right\"><\/i>\t\t\t\t\t<\/div>\n\t\t\t\t\n\t\t\t\t\t\t\t\t\t<\/div>\n\t\t\t\t\t\t<\/div>\n\t\t\t\t<\/div>\n\t\t\t\t\t<\/div>\n\t\t<\/div>\n\t\t\t\t<div class=\"elementor-column elementor-col-50 elementor-inner-column elementor-element elementor-element-0c9121f sc_content_align_inherit sc_layouts_column_icons_position_left sc_fly_static\" data-id=\"0c9121f\" data-element_type=\"column\" data-e-type=\"column\">\n\t\t\t<div class=\"elementor-widget-wrap elementor-element-populated\">\n\t\t\t\t\t\t<div class=\"elementor-element elementor-element-46f97e3 sc_fly_static elementor-widget elementor-widget-trx_sc_icons\" data-id=\"46f97e3\" data-element_type=\"widget\" data-e-type=\"widget\" data-widget_type=\"trx_sc_icons.default\">\n\t\t\t\t<div class=\"elementor-widget-container\">\n\t\t\t\t\t<div \tclass=\"sc_icons sc_icons_accent2 sc_icons_size_medium sc_align_center\" ><div class=\"sc_icons_item sc_icons_item_linked with_more\"><div class=\"sc_icons_item_details\"><p class=\"sc_icons_item_title\"><a href=\"\/wp-content\/uploads\/2024\/11\/riviere-de-tormes.pdf\" target=\"_blank\">\r\n                                    Rivi\u00e8re de Tormes &amp; Sierra Ventosa, R\u00e9serve de la Biosph\u00e8re de Sierras de B\u00e9jar et Francia (RBSSBF)                                    <\/a><\/p><div class=\"sc_icons_item_description\"><span>D\u00e9couvrez la riche biodiversit\u00e9 de l'Alto Tormes et de ses environs dans un village dot\u00e9 d'une tour et d'un pont m\u00e9di\u00e9vaux, et observez les oiseaux des rochers et des rivi\u00e8res ainsi que les oiseaux de proie.<\/span><\/div><a href=\"\/wp-content\/uploads\/2024\/11\/riviere-de-tormes.pdf\" class=\"sc_icons_item_more_link\" target=\"_blank\">\r\n                        <span class=\"link_text\">Plus de d\u00e9tails<\/span><span class=\"link_icon\"><\/span>\r\n                        <\/a><a href=\"\/wp-content\/uploads\/2024\/11\/riviere-de-tormes.pdf\"\r\n                        class=\"sc_icons_item_link\" target=\"_blank\">\r\n                        <\/a><\/div><\/div><\/div><!-- \/.sc_icons -->\t\t\t\t<\/div>\n\t\t\t\t<\/div>\n\t\t\t\t\t<\/div>\n\t\t<\/div>\n\t\t\t\t\t<\/div>\n\t\t<\/section>\n\t\t\t\t<div class=\"elementor-element elementor-element-6a24d68 sc_height_medium sc_fly_static elementor-widget elementor-widget-spacer\" data-id=\"6a24d68\" data-element_type=\"widget\" data-e-type=\"widget\" data-widget_type=\"spacer.default\">\n\t\t\t\t<div class=\"elementor-widget-container\">\n\t\t\t\t\t\t\t<div class=\"elementor-spacer\">\n\t\t\t<div class=\"elementor-spacer-inner\"><\/div>\n\t\t<\/div>\n\t\t\t\t\t\t<\/div>\n\t\t\t\t<\/div>\n\t\t\t\t<section class=\"elementor-section elementor-inner-section elementor-element elementor-element-4b41598 elementor-section-content-middle elementor-reverse-mobile elementor-section-boxed elementor-section-height-default elementor-section-height-default sc_fly_static\" data-id=\"4b41598\" data-element_type=\"section\" data-e-type=\"section\">\n\t\t\t\t\t\t<div class=\"elementor-container elementor-column-gap-extended\">\n\t\t\t\t\t<div class=\"elementor-column elementor-col-50 elementor-inner-column elementor-element elementor-element-3a7990d sc_content_align_inherit sc_layouts_column_icons_position_left sc_fly_static\" data-id=\"3a7990d\" data-element_type=\"column\" data-e-type=\"column\">\n\t\t\t<div class=\"elementor-widget-wrap elementor-element-populated\">\n\t\t\t\t\t\t<div class=\"elementor-element elementor-element-8764a50 sc_fly_static elementor-widget elementor-widget-trx_sc_icons\" data-id=\"8764a50\" data-element_type=\"widget\" data-e-type=\"widget\" data-widget_type=\"trx_sc_icons.default\">\n\t\t\t\t<div class=\"elementor-widget-container\">\n\t\t\t\t\t<div \tclass=\"sc_icons sc_icons_accent2 sc_icons_size_medium sc_align_center\" ><div class=\"sc_icons_item sc_icons_item_linked with_more\"><div class=\"sc_icons_item_details\"><p class=\"sc_icons_item_title\"><a href=\"\/wp-content\/uploads\/2024\/11\/candelario-y-sierra-de-bejar.pdf\" target=\"_blank\">\r\n                                    Candelario &amp; Sierra de Bejar, RBSSBF                                    <\/a><\/p><div class=\"sc_icons_item_description\"><span>L'ouest du syst\u00e8me central qui traverse le centre de l'Espagne et s\u00e9pare Salamanque de l'Estr\u00e9madure. Hautes montagnes, for\u00eats de pins et d\u2019arbres \u00e0 feuilles caduques, et une vall\u00e9e de rochers.<\/span><\/div><a href=\"\/wp-content\/uploads\/2024\/11\/candelario-y-sierra-de-bejar.pdf\" class=\"sc_icons_item_more_link\" target=\"_blank\">\r\n                        <span class=\"link_text\">Plus de d\u00e9tails<\/span><span class=\"link_icon\"><\/span>\r\n                        <\/a><a href=\"\/wp-content\/uploads\/2024\/11\/candelario-y-sierra-de-bejar.pdf\"\r\n                        class=\"sc_icons_item_link\" target=\"_blank\">\r\n                        <\/a><\/div><\/div><\/div><!-- \/.sc_icons -->\t\t\t\t<\/div>\n\t\t\t\t<\/div>\n\t\t\t\t\t<\/div>\n\t\t<\/div>\n\t\t\t\t<div class=\"elementor-column elementor-col-50 elementor-inner-column elementor-element elementor-element-39a7aaa sc_content_align_inherit sc_layouts_column_icons_position_left sc_fly_static\" data-id=\"39a7aaa\" data-element_type=\"column\" data-e-type=\"column\">\n\t\t\t<div class=\"elementor-widget-wrap elementor-element-populated\">\n\t\t\t\t\t\t<div class=\"elementor-element elementor-element-68a2743 elementor-arrows-position-inside sc_fly_static elementor-widget elementor-widget-image-carousel\" data-id=\"68a2743\" data-element_type=\"widget\" data-e-type=\"widget\" data-settings=\"{&quot;slides_to_show&quot;:&quot;1&quot;,&quot;navigation&quot;:&quot;arrows&quot;,&quot;autoplay&quot;:&quot;yes&quot;,&quot;pause_on_hover&quot;:&quot;yes&quot;,&quot;pause_on_interaction&quot;:&quot;yes&quot;,&quot;autoplay_speed&quot;:5000,&quot;infinite&quot;:&quot;yes&quot;,&quot;effect&quot;:&quot;slide&quot;,&quot;speed&quot;:500}\" data-widget_type=\"image-carousel.default\">\n\t\t\t\t<div class=\"elementor-widget-container\">\n\t\t\t\t\t\t\t<div class=\"elementor-image-carousel-wrapper swiper\" role=\"region\" aria-roledescription=\"carousel\" aria-label=\"Carrousel d\u2019images\" dir=\"ltr\">\n\t\t\t<div class=\"elementor-image-carousel swiper-wrapper\" aria-live=\"off\">\n\t\t\t\t\t\t\t\t<div class=\"swiper-slide\" role=\"group\" aria-roledescription=\"slide\" aria-label=\"1 sur 2\"><figure class=\"swiper-slide-inner\"><img decoding=\"async\" class=\"swiper-slide-image\" src=\"https:\/\/birdinginspainswildwest.com\/wp-content\/uploads\/2024\/11\/ave-candelario.webp\" alt=\"Hortolan bunting Candelario\" \/><\/figure><\/div><div class=\"swiper-slide\" role=\"group\" aria-roledescription=\"slide\" aria-label=\"2 sur 2\"><figure class=\"swiper-slide-inner\"><img decoding=\"async\" class=\"swiper-slide-image\" src=\"https:\/\/birdinginspainswildwest.com\/wp-content\/uploads\/2024\/11\/candelario.webp\" alt=\"Woodland Candelario Birding in Spains Wild West\" \/><\/figure><\/div>\t\t\t<\/div>\n\t\t\t\t\t\t\t\t\t\t\t\t<div class=\"elementor-swiper-button elementor-swiper-button-prev\" role=\"button\" tabindex=\"0\">\n\t\t\t\t\t\t<i aria-hidden=\"true\" class=\"eicon-chevron-left\"><\/i>\t\t\t\t\t<\/div>\n\t\t\t\t\t<div class=\"elementor-swiper-button elementor-swiper-button-next\" role=\"button\" tabindex=\"0\">\n\t\t\t\t\t\t<i aria-hidden=\"true\" class=\"eicon-chevron-right\"><\/i>\t\t\t\t\t<\/div>\n\t\t\t\t\n\t\t\t\t\t\t\t\t\t<\/div>\n\t\t\t\t\t\t<\/div>\n\t\t\t\t<\/div>\n\t\t\t\t\t<\/div>\n\t\t<\/div>\n\t\t\t\t\t<\/div>\n\t\t<\/section>\n\t\t\t\t<div class=\"elementor-element elementor-element-9e47c10 sc_height_medium sc_fly_static elementor-widget elementor-widget-spacer\" data-id=\"9e47c10\" data-element_type=\"widget\" data-e-type=\"widget\" data-widget_type=\"spacer.default\">\n\t\t\t\t<div class=\"elementor-widget-container\">\n\t\t\t\t\t\t\t<div class=\"elementor-spacer\">\n\t\t\t<div class=\"elementor-spacer-inner\"><\/div>\n\t\t<\/div>\n\t\t\t\t\t\t<\/div>\n\t\t\t\t<\/div>\n\t\t\t\t<section class=\"elementor-section elementor-inner-section elementor-element elementor-element-f897863 elementor-section-content-middle elementor-section-boxed elementor-section-height-default elementor-section-height-default sc_fly_static\" data-id=\"f897863\" data-element_type=\"section\" data-e-type=\"section\">\n\t\t\t\t\t\t<div class=\"elementor-container elementor-column-gap-extended\">\n\t\t\t\t\t<div class=\"elementor-column elementor-col-50 elementor-inner-column elementor-element elementor-element-17ec5e5 sc_content_align_inherit sc_layouts_column_icons_position_left sc_fly_static\" data-id=\"17ec5e5\" data-element_type=\"column\" data-e-type=\"column\">\n\t\t\t<div class=\"elementor-widget-wrap elementor-element-populated\">\n\t\t\t\t\t\t<div class=\"elementor-element elementor-element-875eded elementor-arrows-position-inside sc_fly_static elementor-widget elementor-widget-image-carousel\" data-id=\"875eded\" data-element_type=\"widget\" data-e-type=\"widget\" data-settings=\"{&quot;slides_to_show&quot;:&quot;1&quot;,&quot;navigation&quot;:&quot;arrows&quot;,&quot;autoplay&quot;:&quot;yes&quot;,&quot;pause_on_hover&quot;:&quot;yes&quot;,&quot;pause_on_interaction&quot;:&quot;yes&quot;,&quot;autoplay_speed&quot;:5000,&quot;infinite&quot;:&quot;yes&quot;,&quot;effect&quot;:&quot;slide&quot;,&quot;speed&quot;:500}\" data-widget_type=\"image-carousel.default\">\n\t\t\t\t<div class=\"elementor-widget-container\">\n\t\t\t\t\t\t\t<div class=\"elementor-image-carousel-wrapper swiper\" role=\"region\" aria-roledescription=\"carousel\" aria-label=\"Carrousel d\u2019images\" dir=\"ltr\">\n\t\t\t<div class=\"elementor-image-carousel swiper-wrapper\" aria-live=\"off\">\n\t\t\t\t\t\t\t\t<div class=\"swiper-slide\" role=\"group\" aria-roledescription=\"slide\" aria-label=\"1 sur 2\"><figure class=\"swiper-slide-inner\"><img decoding=\"async\" class=\"swiper-slide-image\" src=\"https:\/\/birdinginspainswildwest.com\/wp-content\/uploads\/2024\/11\/sangusin.webp\" alt=\"Sangusin river valley\" \/><\/figure><\/div><div class=\"swiper-slide\" role=\"group\" aria-roledescription=\"slide\" aria-label=\"2 sur 2\"><figure class=\"swiper-slide-inner\"><img decoding=\"async\" class=\"swiper-slide-image\" src=\"https:\/\/birdinginspainswildwest.com\/wp-content\/uploads\/2024\/11\/sangusin-aves.webp\" alt=\"Golden Oriole Oropendola Birding in Spains Wild West\" \/><\/figure><\/div>\t\t\t<\/div>\n\t\t\t\t\t\t\t\t\t\t\t\t<div class=\"elementor-swiper-button elementor-swiper-button-prev\" role=\"button\" tabindex=\"0\">\n\t\t\t\t\t\t<i aria-hidden=\"true\" class=\"eicon-chevron-left\"><\/i>\t\t\t\t\t<\/div>\n\t\t\t\t\t<div class=\"elementor-swiper-button elementor-swiper-button-next\" role=\"button\" tabindex=\"0\">\n\t\t\t\t\t\t<i aria-hidden=\"true\" class=\"eicon-chevron-right\"><\/i>\t\t\t\t\t<\/div>\n\t\t\t\t\n\t\t\t\t\t\t\t\t\t<\/div>\n\t\t\t\t\t\t<\/div>\n\t\t\t\t<\/div>\n\t\t\t\t\t<\/div>\n\t\t<\/div>\n\t\t\t\t<div class=\"elementor-column elementor-col-50 elementor-inner-column elementor-element elementor-element-8436502 sc_content_align_inherit sc_layouts_column_icons_position_left sc_fly_static\" data-id=\"8436502\" data-element_type=\"column\" data-e-type=\"column\">\n\t\t\t<div class=\"elementor-widget-wrap elementor-element-populated\">\n\t\t\t\t\t\t<div class=\"elementor-element elementor-element-c9f025a sc_fly_static elementor-widget elementor-widget-trx_sc_icons\" data-id=\"c9f025a\" data-element_type=\"widget\" data-e-type=\"widget\" data-widget_type=\"trx_sc_icons.default\">\n\t\t\t\t<div class=\"elementor-widget-container\">\n\t\t\t\t\t<div \tclass=\"sc_icons sc_icons_accent2 sc_icons_size_medium sc_align_center\" ><div class=\"sc_icons_item sc_icons_item_linked with_more\"><div class=\"sc_icons_item_details\"><p class=\"sc_icons_item_title\"><a href=\"\/wp-content\/uploads\/2024\/11\/vallees-de-sangusin-et-alagon.pdf\" target=\"_blank\">\r\n                                    Vall\u00e9es de Sangusin et Alagon, RBSSBF                                    <\/a><\/p><div class=\"sc_icons_item_description\"><span>Ce territoire peu connu du sud-est de la Sierra de Francia h\u00e9berge une multitude d'oiseaux et ses vall\u00e9es sont riches en faune et en flore.<\/span><\/div><a href=\"\/wp-content\/uploads\/2024\/11\/vallees-de-sangusin-et-alagon.pdf\" class=\"sc_icons_item_more_link\" target=\"_blank\">\r\n                        <span class=\"link_text\">Plus de d\u00e9tails<\/span><span class=\"link_icon\"><\/span>\r\n                        <\/a><a href=\"\/wp-content\/uploads\/2024\/11\/vallees-de-sangusin-et-alagon.pdf\"\r\n                        class=\"sc_icons_item_link\" target=\"_blank\">\r\n                        <\/a><\/div><\/div><\/div><!-- \/.sc_icons -->\t\t\t\t<\/div>\n\t\t\t\t<\/div>\n\t\t\t\t\t<\/div>\n\t\t<\/div>\n\t\t\t\t\t<\/div>\n\t\t<\/section>\n\t\t\t\t<div class=\"elementor-element elementor-element-2efd6c6 sc_height_medium sc_fly_static elementor-widget elementor-widget-spacer\" data-id=\"2efd6c6\" data-element_type=\"widget\" data-e-type=\"widget\" data-widget_type=\"spacer.default\">\n\t\t\t\t<div class=\"elementor-widget-container\">\n\t\t\t\t\t\t\t<div class=\"elementor-spacer\">\n\t\t\t<div class=\"elementor-spacer-inner\"><\/div>\n\t\t<\/div>\n\t\t\t\t\t\t<\/div>\n\t\t\t\t<\/div>\n\t\t\t\t<section class=\"elementor-section elementor-inner-section elementor-element elementor-element-c23344a elementor-section-content-middle elementor-reverse-mobile elementor-section-boxed elementor-section-height-default elementor-section-height-default sc_fly_static\" data-id=\"c23344a\" data-element_type=\"section\" data-e-type=\"section\">\n\t\t\t\t\t\t<div class=\"elementor-container elementor-column-gap-extended\">\n\t\t\t\t\t<div class=\"elementor-column elementor-col-50 elementor-inner-column elementor-element elementor-element-a53a6ca sc_content_align_inherit sc_layouts_column_icons_position_left sc_fly_static\" data-id=\"a53a6ca\" data-element_type=\"column\" data-e-type=\"column\">\n\t\t\t<div class=\"elementor-widget-wrap elementor-element-populated\">\n\t\t\t\t\t\t<div class=\"elementor-element elementor-element-df3ff7b sc_fly_static elementor-widget elementor-widget-trx_sc_icons\" data-id=\"df3ff7b\" data-element_type=\"widget\" data-e-type=\"widget\" data-widget_type=\"trx_sc_icons.default\">\n\t\t\t\t<div class=\"elementor-widget-container\">\n\t\t\t\t\t<div \tclass=\"sc_icons sc_icons_accent2 sc_icons_size_medium sc_align_center\" ><div class=\"sc_icons_item sc_icons_item_linked with_more\"><div class=\"sc_icons_item_details\"><p class=\"sc_icons_item_title\"><a href=\"\/wp-content\/uploads\/2024\/11\/sierra-de-francia.pdf\" target=\"_blank\">\r\n                                    Batuecas et Sierra de Francia Parc Naturel et RBSSBF                                    <\/a><\/p><div class=\"sc_icons_item_description\"><span>La Sierra comprend un m\u00e9lange de for\u00eat atlantique et m\u00e9diterran\u00e9enne, avec une v\u00e9g\u00e9tation luxuriante et des sommets expos\u00e9s, domaines des vautours et des Bouquetins ib\u00e9riques.<\/span><\/div><a href=\"\/wp-content\/uploads\/2024\/11\/sierra-de-francia.pdf\" class=\"sc_icons_item_more_link\" target=\"_blank\">\r\n                        <span class=\"link_text\">Plus de d\u00e9tails<\/span><span class=\"link_icon\"><\/span>\r\n                        <\/a><a href=\"\/wp-content\/uploads\/2024\/11\/sierra-de-francia.pdf\"\r\n                        class=\"sc_icons_item_link\" target=\"_blank\">\r\n                        <\/a><\/div><\/div><\/div><!-- \/.sc_icons -->\t\t\t\t<\/div>\n\t\t\t\t<\/div>\n\t\t\t\t\t<\/div>\n\t\t<\/div>\n\t\t\t\t<div class=\"elementor-column elementor-col-50 elementor-inner-column elementor-element elementor-element-45e1dc2 sc_content_align_inherit sc_layouts_column_icons_position_left sc_fly_static\" data-id=\"45e1dc2\" data-element_type=\"column\" data-e-type=\"column\">\n\t\t\t<div class=\"elementor-widget-wrap elementor-element-populated\">\n\t\t\t\t\t\t<div class=\"elementor-element elementor-element-4c6c05f elementor-arrows-position-inside sc_fly_static elementor-widget elementor-widget-image-carousel\" data-id=\"4c6c05f\" data-element_type=\"widget\" data-e-type=\"widget\" data-settings=\"{&quot;slides_to_show&quot;:&quot;1&quot;,&quot;navigation&quot;:&quot;arrows&quot;,&quot;autoplay&quot;:&quot;yes&quot;,&quot;pause_on_hover&quot;:&quot;yes&quot;,&quot;pause_on_interaction&quot;:&quot;yes&quot;,&quot;autoplay_speed&quot;:5000,&quot;infinite&quot;:&quot;yes&quot;,&quot;effect&quot;:&quot;slide&quot;,&quot;speed&quot;:500}\" data-widget_type=\"image-carousel.default\">\n\t\t\t\t<div class=\"elementor-widget-container\">\n\t\t\t\t\t\t\t<div class=\"elementor-image-carousel-wrapper swiper\" role=\"region\" aria-roledescription=\"carousel\" aria-label=\"Carrousel d\u2019images\" dir=\"ltr\">\n\t\t\t<div class=\"elementor-image-carousel swiper-wrapper\" aria-live=\"off\">\n\t\t\t\t\t\t\t\t<div class=\"swiper-slide\" role=\"group\" aria-roledescription=\"slide\" aria-label=\"1 sur 2\"><figure class=\"swiper-slide-inner\"><img decoding=\"async\" class=\"swiper-slide-image\" src=\"https:\/\/birdinginspainswildwest.com\/wp-content\/uploads\/2024\/11\/batuecas-aves.webp\" alt=\"Alpine accentor Acentor alpino Birding in Spains Wild West\" \/><\/figure><\/div><div class=\"swiper-slide\" role=\"group\" aria-roledescription=\"slide\" aria-label=\"2 sur 2\"><figure class=\"swiper-slide-inner\"><img decoding=\"async\" class=\"swiper-slide-image\" src=\"https:\/\/birdinginspainswildwest.com\/wp-content\/uploads\/2024\/11\/batuecas-paisaje.webp\" alt=\"Batuecas cliffs Birding inSpains Wild West\" \/><\/figure><\/div>\t\t\t<\/div>\n\t\t\t\t\t\t\t\t\t\t\t\t<div class=\"elementor-swiper-button elementor-swiper-button-prev\" role=\"button\" tabindex=\"0\">\n\t\t\t\t\t\t<i aria-hidden=\"true\" class=\"eicon-chevron-left\"><\/i>\t\t\t\t\t<\/div>\n\t\t\t\t\t<div class=\"elementor-swiper-button elementor-swiper-button-next\" role=\"button\" tabindex=\"0\">\n\t\t\t\t\t\t<i aria-hidden=\"true\" class=\"eicon-chevron-right\"><\/i>\t\t\t\t\t<\/div>\n\t\t\t\t\n\t\t\t\t\t\t\t\t\t<\/div>\n\t\t\t\t\t\t<\/div>\n\t\t\t\t<\/div>\n\t\t\t\t\t<\/div>\n\t\t<\/div>\n\t\t\t\t\t<\/div>\n\t\t<\/section>\n\t\t\t\t<div class=\"elementor-element elementor-element-f25515a sc_height_medium sc_fly_static elementor-widget elementor-widget-spacer\" data-id=\"f25515a\" data-element_type=\"widget\" data-e-type=\"widget\" data-widget_type=\"spacer.default\">\n\t\t\t\t<div class=\"elementor-widget-container\">\n\t\t\t\t\t\t\t<div class=\"elementor-spacer\">\n\t\t\t<div class=\"elementor-spacer-inner\"><\/div>\n\t\t<\/div>\n\t\t\t\t\t\t<\/div>\n\t\t\t\t<\/div>\n\t\t\t\t<section class=\"elementor-section elementor-inner-section elementor-element elementor-element-a14127e elementor-section-content-middle elementor-section-boxed elementor-section-height-default elementor-section-height-default sc_fly_static\" data-id=\"a14127e\" data-element_type=\"section\" data-e-type=\"section\">\n\t\t\t\t\t\t<div class=\"elementor-container elementor-column-gap-extended\">\n\t\t\t\t\t<div class=\"elementor-column elementor-col-50 elementor-inner-column elementor-element elementor-element-854e892 sc_content_align_inherit sc_layouts_column_icons_position_left sc_fly_static\" data-id=\"854e892\" data-element_type=\"column\" data-e-type=\"column\">\n\t\t\t<div class=\"elementor-widget-wrap elementor-element-populated\">\n\t\t\t\t\t\t<div class=\"elementor-element elementor-element-8d5fab6 elementor-arrows-position-inside sc_fly_static elementor-widget elementor-widget-image-carousel\" data-id=\"8d5fab6\" data-element_type=\"widget\" data-e-type=\"widget\" data-settings=\"{&quot;slides_to_show&quot;:&quot;1&quot;,&quot;navigation&quot;:&quot;arrows&quot;,&quot;autoplay&quot;:&quot;yes&quot;,&quot;pause_on_hover&quot;:&quot;yes&quot;,&quot;pause_on_interaction&quot;:&quot;yes&quot;,&quot;autoplay_speed&quot;:5000,&quot;infinite&quot;:&quot;yes&quot;,&quot;effect&quot;:&quot;slide&quot;,&quot;speed&quot;:500}\" data-widget_type=\"image-carousel.default\">\n\t\t\t\t<div class=\"elementor-widget-container\">\n\t\t\t\t\t\t\t<div class=\"elementor-image-carousel-wrapper swiper\" role=\"region\" aria-roledescription=\"carousel\" aria-label=\"Carrousel d\u2019images\" dir=\"ltr\">\n\t\t\t<div class=\"elementor-image-carousel swiper-wrapper\" aria-live=\"off\">\n\t\t\t\t\t\t\t\t<div class=\"swiper-slide\" role=\"group\" aria-roledescription=\"slide\" aria-label=\"1 sur 2\"><figure class=\"swiper-slide-inner\"><img decoding=\"async\" class=\"swiper-slide-image\" src=\"https:\/\/birdinginspainswildwest.com\/wp-content\/uploads\/2024\/11\/sttepes.webp\" alt=\"Lesser kestrel Cern\u00edcalo primilla Birding in Spains Wild West\" \/><\/figure><\/div><div class=\"swiper-slide\" role=\"group\" aria-roledescription=\"slide\" aria-label=\"2 sur 2\"><figure class=\"swiper-slide-inner\"><img decoding=\"async\" class=\"swiper-slide-image\" src=\"https:\/\/birdinginspainswildwest.com\/wp-content\/uploads\/2024\/11\/sttepes-aves.webp\" alt=\"Birding in Spains Wild West\" \/><\/figure><\/div>\t\t\t<\/div>\n\t\t\t\t\t\t\t\t\t\t\t\t<div class=\"elementor-swiper-button elementor-swiper-button-prev\" role=\"button\" tabindex=\"0\">\n\t\t\t\t\t\t<i aria-hidden=\"true\" class=\"eicon-chevron-left\"><\/i>\t\t\t\t\t<\/div>\n\t\t\t\t\t<div class=\"elementor-swiper-button elementor-swiper-button-next\" role=\"button\" tabindex=\"0\">\n\t\t\t\t\t\t<i aria-hidden=\"true\" class=\"eicon-chevron-right\"><\/i>\t\t\t\t\t<\/div>\n\t\t\t\t\n\t\t\t\t\t\t\t\t\t<\/div>\n\t\t\t\t\t\t<\/div>\n\t\t\t\t<\/div>\n\t\t\t\t\t<\/div>\n\t\t<\/div>\n\t\t\t\t<div class=\"elementor-column elementor-col-50 elementor-inner-column elementor-element elementor-element-ae1c210 sc_content_align_inherit sc_layouts_column_icons_position_left sc_fly_static\" data-id=\"ae1c210\" data-element_type=\"column\" data-e-type=\"column\">\n\t\t\t<div class=\"elementor-widget-wrap elementor-element-populated\">\n\t\t\t\t\t\t<div class=\"elementor-element elementor-element-e5e4651 sc_fly_static elementor-widget elementor-widget-trx_sc_icons\" data-id=\"e5e4651\" data-element_type=\"widget\" data-e-type=\"widget\" data-widget_type=\"trx_sc_icons.default\">\n\t\t\t\t<div class=\"elementor-widget-container\">\n\t\t\t\t\t<div \tclass=\"sc_icons sc_icons_accent2 sc_icons_size_medium sc_align_center\" ><div class=\"sc_icons_item sc_icons_item_linked with_more\"><div class=\"sc_icons_item_details\"><p class=\"sc_icons_item_title\"><a href=\"\/wp-content\/uploads\/2024\/11\/oiseaux-des-steppes-et-des-lagunes.pdf\" target=\"_blank\">\r\n                                    Oiseaux des steppes et des lagunes ZPS                                    <\/a><\/p><div class=\"sc_icons_item_description\"><span>Un tour pour observer les oiseaux des steppes tels que le Busard cendr\u00e9e ou l\u2019Outarde, ainsi que divers \u00e9chassiers et oiseaux aquatiques dans les zones humides.<\/span><\/div><a href=\"\/wp-content\/uploads\/2024\/11\/oiseaux-des-steppes-et-des-lagunes.pdf\" class=\"sc_icons_item_more_link\" target=\"_blank\">\r\n                        <span class=\"link_text\">Plus de d\u00e9tails<\/span><span class=\"link_icon\"><\/span>\r\n                        <\/a><a href=\"\/wp-content\/uploads\/2024\/11\/oiseaux-des-steppes-et-des-lagunes.pdf\"\r\n                        class=\"sc_icons_item_link\" target=\"_blank\">\r\n                        <\/a><\/div><\/div><\/div><!-- \/.sc_icons -->\t\t\t\t<\/div>\n\t\t\t\t<\/div>\n\t\t\t\t\t<\/div>\n\t\t<\/div>\n\t\t\t\t\t<\/div>\n\t\t<\/section>\n\t\t\t\t<div class=\"elementor-element elementor-element-5b60895 sc_height_medium sc_fly_static elementor-widget elementor-widget-spacer\" data-id=\"5b60895\" data-element_type=\"widget\" data-e-type=\"widget\" data-widget_type=\"spacer.default\">\n\t\t\t\t<div class=\"elementor-widget-container\">\n\t\t\t\t\t\t\t<div class=\"elementor-spacer\">\n\t\t\t<div class=\"elementor-spacer-inner\"><\/div>\n\t\t<\/div>\n\t\t\t\t\t\t<\/div>\n\t\t\t\t<\/div>\n\t\t\t\t<section class=\"elementor-section elementor-inner-section elementor-element elementor-element-f50b0bb elementor-section-content-middle elementor-reverse-mobile elementor-section-boxed elementor-section-height-default elementor-section-height-default sc_fly_static\" data-id=\"f50b0bb\" data-element_type=\"section\" data-e-type=\"section\">\n\t\t\t\t\t\t<div class=\"elementor-container elementor-column-gap-extended\">\n\t\t\t\t\t<div class=\"elementor-column elementor-col-50 elementor-inner-column elementor-element elementor-element-2516906 sc_content_align_inherit sc_layouts_column_icons_position_left sc_fly_static\" data-id=\"2516906\" data-element_type=\"column\" data-e-type=\"column\">\n\t\t\t<div class=\"elementor-widget-wrap elementor-element-populated\">\n\t\t\t\t\t\t<div class=\"elementor-element elementor-element-778ee11 sc_fly_static elementor-widget elementor-widget-trx_sc_icons\" data-id=\"778ee11\" data-element_type=\"widget\" data-e-type=\"widget\" data-widget_type=\"trx_sc_icons.default\">\n\t\t\t\t<div class=\"elementor-widget-container\">\n\t\t\t\t\t<div \tclass=\"sc_icons sc_icons_accent2 sc_icons_size_medium sc_align_center\" ><div class=\"sc_icons_item sc_icons_item_linked with_more\"><div class=\"sc_icons_item_details\"><p class=\"sc_icons_item_title\"><a href=\"\/wp-content\/uploads\/2024\/11\/arribes-del-duero.pdf\" target=\"_blank\">\r\n                                    Parc Naturel Arribes del Duero et R\u00e9serve de la Biosph\u00e8re Meseta Iberica                                    <\/a><\/p><div class=\"sc_icons_item_description\"><span>L'environnement presque m\u00e9diterran\u00e9en des canyons fluviaux des rivi\u00e8res Duero, \u00c1gueda et Huebra, qui abritent des esp\u00e8ces rupicoles telles que le vautour fauve et le vautour percnopt\u00e8re.<\/span><\/div><a href=\"\/wp-content\/uploads\/2024\/11\/arribes-del-duero.pdf\" class=\"sc_icons_item_more_link\" target=\"_blank\">\r\n                        <span class=\"link_text\">Plus de d\u00e9tails<\/span><span class=\"link_icon\"><\/span>\r\n                        <\/a><a href=\"\/wp-content\/uploads\/2024\/11\/arribes-del-duero.pdf\"\r\n                        class=\"sc_icons_item_link\" target=\"_blank\">\r\n                        <\/a><\/div><\/div><\/div><!-- \/.sc_icons -->\t\t\t\t<\/div>\n\t\t\t\t<\/div>\n\t\t\t\t\t<\/div>\n\t\t<\/div>\n\t\t\t\t<div class=\"elementor-column elementor-col-50 elementor-inner-column elementor-element elementor-element-cd740a4 sc_content_align_inherit sc_layouts_column_icons_position_left sc_fly_static\" data-id=\"cd740a4\" data-element_type=\"column\" data-e-type=\"column\">\n\t\t\t<div class=\"elementor-widget-wrap elementor-element-populated\">\n\t\t\t\t\t\t<div class=\"elementor-element elementor-element-4bed829 elementor-arrows-position-inside sc_fly_static elementor-widget elementor-widget-image-carousel\" data-id=\"4bed829\" data-element_type=\"widget\" data-e-type=\"widget\" data-settings=\"{&quot;slides_to_show&quot;:&quot;1&quot;,&quot;navigation&quot;:&quot;arrows&quot;,&quot;autoplay&quot;:&quot;yes&quot;,&quot;pause_on_hover&quot;:&quot;yes&quot;,&quot;pause_on_interaction&quot;:&quot;yes&quot;,&quot;autoplay_speed&quot;:5000,&quot;infinite&quot;:&quot;yes&quot;,&quot;effect&quot;:&quot;slide&quot;,&quot;speed&quot;:500}\" data-widget_type=\"image-carousel.default\">\n\t\t\t\t<div class=\"elementor-widget-container\">\n\t\t\t\t\t\t\t<div class=\"elementor-image-carousel-wrapper swiper\" role=\"region\" aria-roledescription=\"carousel\" aria-label=\"Carrousel d\u2019images\" dir=\"ltr\">\n\t\t\t<div class=\"elementor-image-carousel swiper-wrapper\" aria-live=\"off\">\n\t\t\t\t\t\t\t\t<div class=\"swiper-slide\" role=\"group\" aria-roledescription=\"slide\" aria-label=\"1 sur 2\"><figure class=\"swiper-slide-inner\"><img decoding=\"async\" class=\"swiper-slide-image\" src=\"https:\/\/birdinginspainswildwest.com\/wp-content\/uploads\/2024\/11\/arribes-duero.webp\" alt=\"Arribes del Duero Birding in Spains Wild west\" \/><\/figure><\/div><div class=\"swiper-slide\" role=\"group\" aria-roledescription=\"slide\" aria-label=\"2 sur 2\"><figure class=\"swiper-slide-inner\"><img decoding=\"async\" class=\"swiper-slide-image\" src=\"https:\/\/birdinginspainswildwest.com\/wp-content\/uploads\/2024\/11\/arribes.webp\" alt=\"Arribes Veton castro Birding in Spains Wild west\" \/><\/figure><\/div>\t\t\t<\/div>\n\t\t\t\t\t\t\t\t\t\t\t\t<div class=\"elementor-swiper-button elementor-swiper-button-prev\" role=\"button\" tabindex=\"0\">\n\t\t\t\t\t\t<i aria-hidden=\"true\" class=\"eicon-chevron-left\"><\/i>\t\t\t\t\t<\/div>\n\t\t\t\t\t<div class=\"elementor-swiper-button elementor-swiper-button-next\" role=\"button\" tabindex=\"0\">\n\t\t\t\t\t\t<i aria-hidden=\"true\" class=\"eicon-chevron-right\"><\/i>\t\t\t\t\t<\/div>\n\t\t\t\t\n\t\t\t\t\t\t\t\t\t<\/div>\n\t\t\t\t\t\t<\/div>\n\t\t\t\t<\/div>\n\t\t\t\t\t<\/div>\n\t\t<\/div>\n\t\t\t\t\t<\/div>\n\t\t<\/section>\n\t\t\t\t<div class=\"elementor-element elementor-element-4c9e827 sc_height_large sc_fly_static elementor-widget elementor-widget-spacer\" data-id=\"4c9e827\" data-element_type=\"widget\" data-e-type=\"widget\" data-widget_type=\"spacer.default\">\n\t\t\t\t<div class=\"elementor-widget-container\">\n\t\t\t\t\t\t\t<div class=\"elementor-spacer\">\n\t\t\t<div class=\"elementor-spacer-inner\"><\/div>\n\t\t<\/div>\n\t\t\t\t\t\t<\/div>\n\t\t\t\t<\/div>\n\t\t\t\t\t<\/div>\n\t\t<\/div>\n\t\t\t\t\t<\/div>\n\t\t<\/section>\n\t\t\t\t<section class=\"elementor-section elementor-top-section elementor-element elementor-element-4240562 elementor-section-boxed elementor-section-height-default elementor-section-height-default sc_fly_static\" data-id=\"4240562\" data-element_type=\"section\" data-e-type=\"section\" data-settings=\"{&quot;background_background&quot;:&quot;classic&quot;}\">\n\t\t\t\t\t\t<div class=\"elementor-container elementor-column-gap-no\">\n\t\t\t\t\t<div class=\"elementor-column elementor-col-100 elementor-top-column elementor-element elementor-element-bcf1788 sc_content_align_inherit sc_layouts_column_icons_position_left sc_fly_static\" data-id=\"bcf1788\" data-element_type=\"column\" data-e-type=\"column\">\n\t\t\t<div class=\"elementor-widget-wrap elementor-element-populated\">\n\t\t\t\t\t\t<div class=\"elementor-element elementor-element-5ab7ed4 sc_height_huge sc_fly_static elementor-widget elementor-widget-spacer\" data-id=\"5ab7ed4\" data-element_type=\"widget\" data-e-type=\"widget\" data-widget_type=\"spacer.default\">\n\t\t\t\t<div class=\"elementor-widget-container\">\n\t\t\t\t\t\t\t<div class=\"elementor-spacer\">\n\t\t\t<div class=\"elementor-spacer-inner\"><\/div>\n\t\t<\/div>\n\t\t\t\t\t\t<\/div>\n\t\t\t\t<\/div>\n\t\t\t\t<div class=\"elementor-element elementor-element-d09c3c6 scheme_default sc_fly_static elementor-widget elementor-widget-trx_sc_title\" data-id=\"d09c3c6\" data-element_type=\"widget\" data-e-type=\"widget\" data-widget_type=\"trx_sc_title.default\">\n\t\t\t\t<div class=\"elementor-widget-container\">\n\t\t\t\t\t<div\t\tclass=\"sc_title scheme_default sc_title_default\" ><h2 class=\"sc_item_title sc_title_title sc_align_center sc_item_title_style_default sc_item_title_tag trx_addons_inline_1202669680\"\n\t\t\t><span class=\"sc_item_title_text\">Exp\u00e9riences d'une matin\u00e9e<\/span><\/h2><\/div>\t\t\t\t<\/div>\n\t\t\t\t<\/div>\n\t\t\t\t<div class=\"elementor-element elementor-element-c4adf49 sc_height_tiny sc_fly_static elementor-widget elementor-widget-spacer\" data-id=\"c4adf49\" data-element_type=\"widget\" data-e-type=\"widget\" data-widget_type=\"spacer.default\">\n\t\t\t\t<div class=\"elementor-widget-container\">\n\t\t\t\t\t\t\t<div class=\"elementor-spacer\">\n\t\t\t<div class=\"elementor-spacer-inner\"><\/div>\n\t\t<\/div>\n\t\t\t\t\t\t<\/div>\n\t\t\t\t<\/div>\n\t\t\t\t<div class=\"elementor-element elementor-element-1df2301 sc_fly_static elementor-widget elementor-widget-text-editor\" data-id=\"1df2301\" data-element_type=\"widget\" data-e-type=\"widget\" data-widget_type=\"text-editor.default\">\n\t\t\t\t<div class=\"elementor-widget-container\">\n\t\t\t\t\t\t\t\t\t(Transport non compris) \t\t\t\t\t\t\t\t<\/div>\n\t\t\t\t<\/div>\n\t\t\t\t<div class=\"elementor-element elementor-element-26d7b5f sc_height_medium sc_fly_static elementor-widget elementor-widget-spacer\" data-id=\"26d7b5f\" data-element_type=\"widget\" data-e-type=\"widget\" data-widget_type=\"spacer.default\">\n\t\t\t\t<div class=\"elementor-widget-container\">\n\t\t\t\t\t\t\t<div class=\"elementor-spacer\">\n\t\t\t<div class=\"elementor-spacer-inner\"><\/div>\n\t\t<\/div>\n\t\t\t\t\t\t<\/div>\n\t\t\t\t<\/div>\n\t\t\t\t<section class=\"elementor-section elementor-inner-section elementor-element elementor-element-a077d5f elementor-section-content-middle elementor-section-boxed elementor-section-height-default elementor-section-height-default sc_fly_static\" data-id=\"a077d5f\" data-element_type=\"section\" data-e-type=\"section\">\n\t\t\t\t\t\t<div class=\"elementor-container elementor-column-gap-extended\">\n\t\t\t\t\t<div class=\"elementor-column elementor-col-50 elementor-inner-column elementor-element elementor-element-b77388c sc_content_align_inherit sc_layouts_column_icons_position_left sc_fly_static\" data-id=\"b77388c\" data-element_type=\"column\" data-e-type=\"column\">\n\t\t\t<div class=\"elementor-widget-wrap elementor-element-populated\">\n\t\t\t\t\t\t<div class=\"elementor-element elementor-element-2ad3fc7 elementor-arrows-position-inside sc_fly_static elementor-widget elementor-widget-image-carousel\" data-id=\"2ad3fc7\" data-element_type=\"widget\" data-e-type=\"widget\" data-settings=\"{&quot;slides_to_show&quot;:&quot;1&quot;,&quot;navigation&quot;:&quot;arrows&quot;,&quot;autoplay&quot;:&quot;yes&quot;,&quot;pause_on_hover&quot;:&quot;yes&quot;,&quot;pause_on_interaction&quot;:&quot;yes&quot;,&quot;autoplay_speed&quot;:5000,&quot;infinite&quot;:&quot;yes&quot;,&quot;effect&quot;:&quot;slide&quot;,&quot;speed&quot;:500}\" data-widget_type=\"image-carousel.default\">\n\t\t\t\t<div class=\"elementor-widget-container\">\n\t\t\t\t\t\t\t<div class=\"elementor-image-carousel-wrapper swiper\" role=\"region\" aria-roledescription=\"carousel\" aria-label=\"Carrousel d\u2019images\" dir=\"ltr\">\n\t\t\t<div class=\"elementor-image-carousel swiper-wrapper\" aria-live=\"off\">\n\t\t\t\t\t\t\t\t<div class=\"swiper-slide\" role=\"group\" aria-roledescription=\"slide\" aria-label=\"1 sur 2\"><figure class=\"swiper-slide-inner\"><img decoding=\"async\" class=\"swiper-slide-image\" src=\"https:\/\/birdinginspainswildwest.com\/wp-content\/uploads\/2024\/11\/aves.webp\" alt=\"Blue rockthrush Roquero solitario Birding in Spains Wild West\" \/><\/figure><\/div><div class=\"swiper-slide\" role=\"group\" aria-roledescription=\"slide\" aria-label=\"2 sur 2\"><figure class=\"swiper-slide-inner\"><img decoding=\"async\" class=\"swiper-slide-image\" src=\"https:\/\/birdinginspainswildwest.com\/wp-content\/uploads\/2024\/11\/puente.webp\" alt=\"River Tormes Puente del congosto Birding in Spains Wild West\" \/><\/figure><\/div>\t\t\t<\/div>\n\t\t\t\t\t\t\t\t\t\t\t\t<div class=\"elementor-swiper-button elementor-swiper-button-prev\" role=\"button\" tabindex=\"0\">\n\t\t\t\t\t\t<i aria-hidden=\"true\" class=\"eicon-chevron-left\"><\/i>\t\t\t\t\t<\/div>\n\t\t\t\t\t<div class=\"elementor-swiper-button elementor-swiper-button-next\" role=\"button\" tabindex=\"0\">\n\t\t\t\t\t\t<i aria-hidden=\"true\" class=\"eicon-chevron-right\"><\/i>\t\t\t\t\t<\/div>\n\t\t\t\t\n\t\t\t\t\t\t\t\t\t<\/div>\n\t\t\t\t\t\t<\/div>\n\t\t\t\t<\/div>\n\t\t\t\t\t<\/div>\n\t\t<\/div>\n\t\t\t\t<div class=\"elementor-column elementor-col-50 elementor-inner-column elementor-element elementor-element-56a6bd9 sc_content_align_inherit sc_layouts_column_icons_position_left sc_fly_static\" data-id=\"56a6bd9\" data-element_type=\"column\" data-e-type=\"column\">\n\t\t\t<div class=\"elementor-widget-wrap elementor-element-populated\">\n\t\t\t\t\t\t<div class=\"elementor-element elementor-element-2b011c2 sc_fly_static elementor-widget elementor-widget-trx_sc_icons\" data-id=\"2b011c2\" data-element_type=\"widget\" data-e-type=\"widget\" data-widget_type=\"trx_sc_icons.default\">\n\t\t\t\t<div class=\"elementor-widget-container\">\n\t\t\t\t\t<div \tclass=\"sc_icons sc_icons_accent2 sc_icons_size_medium sc_align_center\" ><div class=\"sc_icons_item sc_icons_item_linked with_more\"><div class=\"sc_icons_item_details\"><p class=\"sc_icons_item_title\"><a href=\"\/wp-content\/uploads\/2024\/11\/oiseaux-au-bord-de-la-riviere.pdf\" target=\"_blank\">\r\n                                    Oiseaux au bord de la rivi\u00e8re                                    <\/a><\/p><div class=\"sc_icons_item_description\"><span>Observation dans le village de Puente del Congosto et sur les rives de la rivi\u00e8re Tormes.<\/span><\/div><a href=\"\/wp-content\/uploads\/2024\/11\/oiseaux-au-bord-de-la-riviere.pdf\" class=\"sc_icons_item_more_link\" target=\"_blank\">\r\n                        <span class=\"link_text\">Plus de d\u00e9tails<\/span><span class=\"link_icon\"><\/span>\r\n                        <\/a><a href=\"\/wp-content\/uploads\/2024\/11\/oiseaux-au-bord-de-la-riviere.pdf\"\r\n                        class=\"sc_icons_item_link\" target=\"_blank\">\r\n                        <\/a><\/div><\/div><\/div><!-- \/.sc_icons -->\t\t\t\t<\/div>\n\t\t\t\t<\/div>\n\t\t\t\t\t<\/div>\n\t\t<\/div>\n\t\t\t\t\t<\/div>\n\t\t<\/section>\n\t\t\t\t<div class=\"elementor-element elementor-element-461e9cf sc_height_medium sc_fly_static elementor-widget elementor-widget-spacer\" data-id=\"461e9cf\" data-element_type=\"widget\" data-e-type=\"widget\" data-widget_type=\"spacer.default\">\n\t\t\t\t<div class=\"elementor-widget-container\">\n\t\t\t\t\t\t\t<div class=\"elementor-spacer\">\n\t\t\t<div class=\"elementor-spacer-inner\"><\/div>\n\t\t<\/div>\n\t\t\t\t\t\t<\/div>\n\t\t\t\t<\/div>\n\t\t\t\t<section class=\"elementor-section elementor-inner-section elementor-element elementor-element-e8d3d56 elementor-section-content-middle elementor-reverse-mobile elementor-section-boxed elementor-section-height-default elementor-section-height-default sc_fly_static\" data-id=\"e8d3d56\" data-element_type=\"section\" data-e-type=\"section\">\n\t\t\t\t\t\t<div class=\"elementor-container elementor-column-gap-extended\">\n\t\t\t\t\t<div class=\"elementor-column elementor-col-50 elementor-inner-column elementor-element elementor-element-21a5046 sc_content_align_inherit sc_layouts_column_icons_position_left sc_fly_static\" data-id=\"21a5046\" data-element_type=\"column\" data-e-type=\"column\">\n\t\t\t<div class=\"elementor-widget-wrap elementor-element-populated\">\n\t\t\t\t\t\t<div class=\"elementor-element elementor-element-8e773e2 sc_fly_static elementor-widget elementor-widget-trx_sc_icons\" data-id=\"8e773e2\" data-element_type=\"widget\" data-e-type=\"widget\" data-widget_type=\"trx_sc_icons.default\">\n\t\t\t\t<div class=\"elementor-widget-container\">\n\t\t\t\t\t<div \tclass=\"sc_icons sc_icons_accent2 sc_icons_size_medium sc_align_center\" ><div class=\"sc_icons_item sc_icons_item_linked with_more\"><div class=\"sc_icons_item_details\"><p class=\"sc_icons_item_title\"><a href=\"\/wp-content\/uploads\/2024\/11\/les-oiseaux-entre-collines-et-eau.pdf\" target=\"_blank\">\r\n                                    Les Oiseaux entre collines et eau                                    <\/a><\/p><div class=\"sc_icons_item_description\"><span>Une matin\u00e9e ou un apr\u00e8s-midi d'observation guid\u00e9e sur les rives du r\u00e9servoir de Sta. Teresa.<\/span><\/div><a href=\"\/wp-content\/uploads\/2024\/11\/les-oiseaux-entre-collines-et-eau.pdf\" class=\"sc_icons_item_more_link\" target=\"_blank\">\r\n                        <span class=\"link_text\">Plus de d\u00e9tails<\/span><span class=\"link_icon\"><\/span>\r\n                        <\/a><a href=\"\/wp-content\/uploads\/2024\/11\/les-oiseaux-entre-collines-et-eau.pdf\"\r\n                        class=\"sc_icons_item_link\" target=\"_blank\">\r\n                        <\/a><\/div><\/div><\/div><!-- \/.sc_icons -->\t\t\t\t<\/div>\n\t\t\t\t<\/div>\n\t\t\t\t\t<\/div>\n\t\t<\/div>\n\t\t\t\t<div class=\"elementor-column elementor-col-50 elementor-inner-column elementor-element elementor-element-0c5b7f0 sc_content_align_inherit sc_layouts_column_icons_position_left sc_fly_static\" data-id=\"0c5b7f0\" data-element_type=\"column\" data-e-type=\"column\">\n\t\t\t<div class=\"elementor-widget-wrap elementor-element-populated\">\n\t\t\t\t\t\t<div class=\"elementor-element elementor-element-94e1d06 elementor-arrows-position-inside sc_fly_static elementor-widget elementor-widget-image-carousel\" data-id=\"94e1d06\" data-element_type=\"widget\" data-e-type=\"widget\" data-settings=\"{&quot;slides_to_show&quot;:&quot;1&quot;,&quot;navigation&quot;:&quot;arrows&quot;,&quot;autoplay&quot;:&quot;yes&quot;,&quot;pause_on_hover&quot;:&quot;yes&quot;,&quot;pause_on_interaction&quot;:&quot;yes&quot;,&quot;autoplay_speed&quot;:5000,&quot;infinite&quot;:&quot;yes&quot;,&quot;effect&quot;:&quot;slide&quot;,&quot;speed&quot;:500}\" data-widget_type=\"image-carousel.default\">\n\t\t\t\t<div class=\"elementor-widget-container\">\n\t\t\t\t\t\t\t<div class=\"elementor-image-carousel-wrapper swiper\" role=\"region\" aria-roledescription=\"carousel\" aria-label=\"Carrousel d\u2019images\" dir=\"ltr\">\n\t\t\t<div class=\"elementor-image-carousel swiper-wrapper\" aria-live=\"off\">\n\t\t\t\t\t\t\t\t<div class=\"swiper-slide\" role=\"group\" aria-roledescription=\"slide\" aria-label=\"1 sur 2\"><figure class=\"swiper-slide-inner\"><img decoding=\"async\" class=\"swiper-slide-image\" src=\"https:\/\/birdinginspainswildwest.com\/wp-content\/uploads\/2024\/11\/paisaje-aves.webp\" alt=\"Cranes in flight Grullas en vuelo  Birding in Spains Wild West\" \/><\/figure><\/div><div class=\"swiper-slide\" role=\"group\" aria-roledescription=\"slide\" aria-label=\"2 sur 2\"><figure class=\"swiper-slide-inner\"><img decoding=\"async\" class=\"swiper-slide-image\" src=\"https:\/\/birdinginspainswildwest.com\/wp-content\/uploads\/2024\/11\/atardecer.webp\" alt=\"Sunset\" \/><\/figure><\/div>\t\t\t<\/div>\n\t\t\t\t\t\t\t\t\t\t\t\t<div class=\"elementor-swiper-button elementor-swiper-button-prev\" role=\"button\" tabindex=\"0\">\n\t\t\t\t\t\t<i aria-hidden=\"true\" class=\"eicon-chevron-left\"><\/i>\t\t\t\t\t<\/div>\n\t\t\t\t\t<div class=\"elementor-swiper-button elementor-swiper-button-next\" role=\"button\" tabindex=\"0\">\n\t\t\t\t\t\t<i aria-hidden=\"true\" class=\"eicon-chevron-right\"><\/i>\t\t\t\t\t<\/div>\n\t\t\t\t\n\t\t\t\t\t\t\t\t\t<\/div>\n\t\t\t\t\t\t<\/div>\n\t\t\t\t<\/div>\n\t\t\t\t\t<\/div>\n\t\t<\/div>\n\t\t\t\t\t<\/div>\n\t\t<\/section>\n\t\t\t\t<div class=\"elementor-element elementor-element-4e225a8 sc_height_large sc_fly_static elementor-widget elementor-widget-spacer\" data-id=\"4e225a8\" data-element_type=\"widget\" data-e-type=\"widget\" data-widget_type=\"spacer.default\">\n\t\t\t\t<div class=\"elementor-widget-container\">\n\t\t\t\t\t\t\t<div class=\"elementor-spacer\">\n\t\t\t<div class=\"elementor-spacer-inner\"><\/div>\n\t\t<\/div>\n\t\t\t\t\t\t<\/div>\n\t\t\t\t<\/div>\n\t\t\t\t\t<\/div>\n\t\t<\/div>\n\t\t\t\t\t<\/div>\n\t\t<\/section>\n\t\t\t\t<\/div>\n\t\t","protected":false},"excerpt":{"rendered":"<p>Nos offres Sorties d&rsquo;une journ\u00e9e compl\u00e8te (Transport, guide et pique-nique compris) Nos sorties s&rsquo;adressent \u00e0 toute personne, du d\u00e9butant \u00e0 l&rsquo;amateur, qui souhaite observer et profiter de la nature en&hellip;<\/p>\n","protected":false},"author":31,"featured_media":0,"parent":0,"menu_order":0,"comment_status":"closed","ping_status":"closed","template":"","meta":{"_glsr_average":0,"_glsr_ranking":0,"_glsr_reviews":0,"footnotes":""},"class_list":["post-19534","page","type-page","status-publish","hentry"],"yoast_head":"<!-- This site is optimized with the Yoast SEO plugin v27.4 - https:\/\/yoast.com\/product\/yoast-seo-wordpress\/ -->\n<title>BIRDING IN SPAIN&#039;S WILD WEST - Observation guid\u00e9e des oiseaux dans l&#039;ouest de l&#039;Espagne<\/title>\n<meta name=\"robots\" content=\"noindex, nofollow\" \/>\n<meta property=\"og:locale\" content=\"fr_FR\" \/>\n<meta property=\"og:type\" content=\"article\" \/>\n<meta property=\"og:title\" content=\"BIRDING IN SPAIN&#039;S WILD WEST - Observation guid\u00e9e des oiseaux dans l&#039;ouest de l&#039;Espagne\" \/>\n<meta property=\"og:description\" content=\"Nos offres Sorties d&rsquo;une journ\u00e9e compl\u00e8te (Transport, guide et pique-nique compris) Nos sorties s&rsquo;adressent \u00e0 toute personne, du d\u00e9butant \u00e0 l&rsquo;amateur, qui souhaite observer et profiter de la nature en&hellip;\" \/>\n<meta property=\"og:url\" content=\"https:\/\/birdinginspainswildwest.com\/fr\/nos-offres\/\" \/>\n<meta property=\"og:site_name\" content=\"BIRDING IN SPAIN&#039;S WILD WEST\" \/>\n<meta property=\"article:modified_time\" content=\"2025-09-10T06:42:57+00:00\" \/>\n<meta property=\"og:image\" content=\"https:\/\/birdinginspainswildwest.com\/wp-content\/uploads\/2024\/11\/sierra-ventosa.webp\" \/>\n<meta name=\"twitter:card\" content=\"summary_large_image\" \/>\n<meta name=\"twitter:label1\" content=\"Dur\u00e9e de lecture estim\u00e9e\" \/>\n\t<meta name=\"twitter:data1\" content=\"9 minutes\" \/>\n<script type=\"application\/ld+json\" class=\"yoast-schema-graph\">{\"@context\":\"https:\\\/\\\/schema.org\",\"@graph\":[{\"@type\":\"WebPage\",\"@id\":\"https:\\\/\\\/birdinginspainswildwest.com\\\/fr\\\/nos-offres\\\/\",\"url\":\"https:\\\/\\\/birdinginspainswildwest.com\\\/fr\\\/nos-offres\\\/\",\"name\":\"BIRDING IN SPAIN'S WILD WEST - Observation guid\u00e9e des oiseaux dans l'ouest de l'Espagne\",\"isPartOf\":{\"@id\":\"https:\\\/\\\/birdinginspainswildwest.com\\\/fr\\\/#website\"},\"primaryImageOfPage\":{\"@id\":\"https:\\\/\\\/birdinginspainswildwest.com\\\/fr\\\/nos-offres\\\/#primaryimage\"},\"image\":{\"@id\":\"https:\\\/\\\/birdinginspainswildwest.com\\\/fr\\\/nos-offres\\\/#primaryimage\"},\"thumbnailUrl\":\"https:\\\/\\\/birdinginspainswildwest.com\\\/wp-content\\\/uploads\\\/2024\\\/11\\\/sierra-ventosa.webp\",\"datePublished\":\"2024-10-30T13:06:40+00:00\",\"dateModified\":\"2025-09-10T06:42:57+00:00\",\"breadcrumb\":{\"@id\":\"https:\\\/\\\/birdinginspainswildwest.com\\\/fr\\\/nos-offres\\\/#breadcrumb\"},\"inLanguage\":\"fr-FR\",\"potentialAction\":[{\"@type\":\"ReadAction\",\"target\":[\"https:\\\/\\\/birdinginspainswildwest.com\\\/fr\\\/nos-offres\\\/\"]}]},{\"@type\":\"ImageObject\",\"inLanguage\":\"fr-FR\",\"@id\":\"https:\\\/\\\/birdinginspainswildwest.com\\\/fr\\\/nos-offres\\\/#primaryimage\",\"url\":\"https:\\\/\\\/birdinginspainswildwest.com\\\/wp-content\\\/uploads\\\/2024\\\/11\\\/sierra-ventosa.webp\",\"contentUrl\":\"https:\\\/\\\/birdinginspainswildwest.com\\\/wp-content\\\/uploads\\\/2024\\\/11\\\/sierra-ventosa.webp\"},{\"@type\":\"BreadcrumbList\",\"@id\":\"https:\\\/\\\/birdinginspainswildwest.com\\\/fr\\\/nos-offres\\\/#breadcrumb\",\"itemListElement\":[{\"@type\":\"ListItem\",\"position\":1,\"name\":\"Portada\",\"item\":\"https:\\\/\\\/birdinginspainswildwest.com\\\/fr\\\/\"},{\"@type\":\"ListItem\",\"position\":2,\"name\":\"Nos offres\"}]},{\"@type\":\"WebSite\",\"@id\":\"https:\\\/\\\/birdinginspainswildwest.com\\\/fr\\\/#website\",\"url\":\"https:\\\/\\\/birdinginspainswildwest.com\\\/fr\\\/\",\"name\":\"BIRDING IN SPAIN&#039;S WILD WEST\",\"description\":\"Guided birding in the west of Spain\",\"publisher\":{\"@id\":\"https:\\\/\\\/birdinginspainswildwest.com\\\/fr\\\/#organization\"},\"potentialAction\":[{\"@type\":\"SearchAction\",\"target\":{\"@type\":\"EntryPoint\",\"urlTemplate\":\"https:\\\/\\\/birdinginspainswildwest.com\\\/fr\\\/?s={search_term_string}\"},\"query-input\":{\"@type\":\"PropertyValueSpecification\",\"valueRequired\":true,\"valueName\":\"search_term_string\"}}],\"inLanguage\":\"fr-FR\"},{\"@type\":\"Organization\",\"@id\":\"https:\\\/\\\/birdinginspainswildwest.com\\\/fr\\\/#organization\",\"name\":\"BIRDING IN SPAIN&#039;S WILD WEST\",\"url\":\"https:\\\/\\\/birdinginspainswildwest.com\\\/fr\\\/\",\"logo\":{\"@type\":\"ImageObject\",\"inLanguage\":\"fr-FR\",\"@id\":\"https:\\\/\\\/birdinginspainswildwest.com\\\/fr\\\/#\\\/schema\\\/logo\\\/image\\\/\",\"url\":\"https:\\\/\\\/birdinginspainswildwest.com\\\/wp-content\\\/uploads\\\/2020\\\/06\\\/logotipo.webp\",\"contentUrl\":\"https:\\\/\\\/birdinginspainswildwest.com\\\/wp-content\\\/uploads\\\/2020\\\/06\\\/logotipo.webp\",\"width\":179,\"height\":171,\"caption\":\"BIRDING IN SPAIN&#039;S WILD WEST\"},\"image\":{\"@id\":\"https:\\\/\\\/birdinginspainswildwest.com\\\/fr\\\/#\\\/schema\\\/logo\\\/image\\\/\"}}]}<\/script>\n<!-- \/ Yoast SEO plugin. -->","yoast_head_json":{"title":"BIRDING IN SPAIN'S WILD WEST - Observation guid\u00e9e des oiseaux dans l'ouest de l'Espagne","robots":{"index":"noindex","follow":"nofollow"},"og_locale":"fr_FR","og_type":"article","og_title":"BIRDING IN SPAIN'S WILD WEST - Observation guid\u00e9e des oiseaux dans l'ouest de l'Espagne","og_description":"Nos offres Sorties d&rsquo;une journ\u00e9e compl\u00e8te (Transport, guide et pique-nique compris) Nos sorties s&rsquo;adressent \u00e0 toute personne, du d\u00e9butant \u00e0 l&rsquo;amateur, qui souhaite observer et profiter de la nature en&hellip;","og_url":"https:\/\/birdinginspainswildwest.com\/fr\/nos-offres\/","og_site_name":"BIRDING IN SPAIN&#039;S WILD WEST","article_modified_time":"2025-09-10T06:42:57+00:00","og_image":[{"url":"https:\/\/birdinginspainswildwest.com\/wp-content\/uploads\/2024\/11\/sierra-ventosa.webp","type":"","width":"","height":""}],"twitter_card":"summary_large_image","twitter_misc":{"Dur\u00e9e de lecture estim\u00e9e":"9 minutes"},"schema":{"@context":"https:\/\/schema.org","@graph":[{"@type":"WebPage","@id":"https:\/\/birdinginspainswildwest.com\/fr\/nos-offres\/","url":"https:\/\/birdinginspainswildwest.com\/fr\/nos-offres\/","name":"BIRDING IN SPAIN'S WILD WEST - Observation guid\u00e9e des oiseaux dans l'ouest de l'Espagne","isPartOf":{"@id":"https:\/\/birdinginspainswildwest.com\/fr\/#website"},"primaryImageOfPage":{"@id":"https:\/\/birdinginspainswildwest.com\/fr\/nos-offres\/#primaryimage"},"image":{"@id":"https:\/\/birdinginspainswildwest.com\/fr\/nos-offres\/#primaryimage"},"thumbnailUrl":"https:\/\/birdinginspainswildwest.com\/wp-content\/uploads\/2024\/11\/sierra-ventosa.webp","datePublished":"2024-10-30T13:06:40+00:00","dateModified":"2025-09-10T06:42:57+00:00","breadcrumb":{"@id":"https:\/\/birdinginspainswildwest.com\/fr\/nos-offres\/#breadcrumb"},"inLanguage":"fr-FR","potentialAction":[{"@type":"ReadAction","target":["https:\/\/birdinginspainswildwest.com\/fr\/nos-offres\/"]}]},{"@type":"ImageObject","inLanguage":"fr-FR","@id":"https:\/\/birdinginspainswildwest.com\/fr\/nos-offres\/#primaryimage","url":"https:\/\/birdinginspainswildwest.com\/wp-content\/uploads\/2024\/11\/sierra-ventosa.webp","contentUrl":"https:\/\/birdinginspainswildwest.com\/wp-content\/uploads\/2024\/11\/sierra-ventosa.webp"},{"@type":"BreadcrumbList","@id":"https:\/\/birdinginspainswildwest.com\/fr\/nos-offres\/#breadcrumb","itemListElement":[{"@type":"ListItem","position":1,"name":"Portada","item":"https:\/\/birdinginspainswildwest.com\/fr\/"},{"@type":"ListItem","position":2,"name":"Nos offres"}]},{"@type":"WebSite","@id":"https:\/\/birdinginspainswildwest.com\/fr\/#website","url":"https:\/\/birdinginspainswildwest.com\/fr\/","name":"BIRDING IN SPAIN&#039;S WILD WEST","description":"Guided birding in the west of Spain","publisher":{"@id":"https:\/\/birdinginspainswildwest.com\/fr\/#organization"},"potentialAction":[{"@type":"SearchAction","target":{"@type":"EntryPoint","urlTemplate":"https:\/\/birdinginspainswildwest.com\/fr\/?s={search_term_string}"},"query-input":{"@type":"PropertyValueSpecification","valueRequired":true,"valueName":"search_term_string"}}],"inLanguage":"fr-FR"},{"@type":"Organization","@id":"https:\/\/birdinginspainswildwest.com\/fr\/#organization","name":"BIRDING IN SPAIN&#039;S WILD WEST","url":"https:\/\/birdinginspainswildwest.com\/fr\/","logo":{"@type":"ImageObject","inLanguage":"fr-FR","@id":"https:\/\/birdinginspainswildwest.com\/fr\/#\/schema\/logo\/image\/","url":"https:\/\/birdinginspainswildwest.com\/wp-content\/uploads\/2020\/06\/logotipo.webp","contentUrl":"https:\/\/birdinginspainswildwest.com\/wp-content\/uploads\/2020\/06\/logotipo.webp","width":179,"height":171,"caption":"BIRDING IN SPAIN&#039;S WILD WEST"},"image":{"@id":"https:\/\/birdinginspainswildwest.com\/fr\/#\/schema\/logo\/image\/"}}]}},"_links":{"self":[{"href":"https:\/\/birdinginspainswildwest.com\/fr\/wp-json\/wp\/v2\/pages\/19534","targetHints":{"allow":["GET"]}}],"collection":[{"href":"https:\/\/birdinginspainswildwest.com\/fr\/wp-json\/wp\/v2\/pages"}],"about":[{"href":"https:\/\/birdinginspainswildwest.com\/fr\/wp-json\/wp\/v2\/types\/page"}],"author":[{"embeddable":true,"href":"https:\/\/birdinginspainswildwest.com\/fr\/wp-json\/wp\/v2\/users\/31"}],"replies":[{"embeddable":true,"href":"https:\/\/birdinginspainswildwest.com\/fr\/wp-json\/wp\/v2\/comments?post=19534"}],"version-history":[{"count":5,"href":"https:\/\/birdinginspainswildwest.com\/fr\/wp-json\/wp\/v2\/pages\/19534\/revisions"}],"predecessor-version":[{"id":20722,"href":"https:\/\/birdinginspainswildwest.com\/fr\/wp-json\/wp\/v2\/pages\/19534\/revisions\/20722"}],"wp:attachment":[{"href":"https:\/\/birdinginspainswildwest.com\/fr\/wp-json\/wp\/v2\/media?parent=19534"}],"curies":[{"name":"wp","href":"https:\/\/api.w.org\/{rel}","templated":true}]}}