{"id":19581,"date":"2024-10-31T09:29:42","date_gmt":"2024-10-31T09:29:42","guid":{"rendered":"https:\/\/birdinginspainswildwest.com\/info-hotels\/"},"modified":"2024-11-22T09:31:22","modified_gmt":"2024-11-22T09:31:22","slug":"info-hotels","status":"publish","type":"page","link":"https:\/\/birdinginspainswildwest.com\/fr\/info-hotels\/","title":{"rendered":"Info hotels"},"content":{"rendered":"\t\t<div data-elementor-type=\"wp-page\" data-elementor-id=\"19581\" class=\"elementor elementor-19581 elementor-18913\">\n\t\t\t\t\t\t<section class=\"elementor-section elementor-top-section elementor-element elementor-element-6398c36 elementor-section-height-min-height elementor-section-boxed elementor-section-height-default elementor-section-items-middle sc_fly_static\" data-id=\"6398c36\" data-element_type=\"section\" data-e-type=\"section\" data-settings=\"{&quot;background_background&quot;:&quot;classic&quot;}\">\n\t\t\t\t\t\t<div class=\"elementor-container elementor-column-gap-extended\">\n\t\t\t\t\t<div class=\"elementor-column elementor-col-100 elementor-top-column elementor-element elementor-element-9f80994 sc_content_align_inherit sc_layouts_column_icons_position_left sc_fly_static\" data-id=\"9f80994\" data-element_type=\"column\" data-e-type=\"column\">\n\t\t\t<div class=\"elementor-widget-wrap elementor-element-populated\">\n\t\t\t\t\t\t<div class=\"elementor-element elementor-element-5aa6418 sc_height_large sc_fly_static elementor-widget elementor-widget-spacer\" data-id=\"5aa6418\" data-element_type=\"widget\" data-e-type=\"widget\" data-widget_type=\"spacer.default\">\n\t\t\t\t<div class=\"elementor-widget-container\">\n\t\t\t\t\t\t\t<div class=\"elementor-spacer\">\n\t\t\t<div class=\"elementor-spacer-inner\"><\/div>\n\t\t<\/div>\n\t\t\t\t\t\t<\/div>\n\t\t\t\t<\/div>\n\t\t\t\t<div class=\"elementor-element elementor-element-1d5d91d sc_fly_static elementor-widget elementor-widget-trx_sc_title\" data-id=\"1d5d91d\" data-element_type=\"widget\" data-e-type=\"widget\" data-widget_type=\"trx_sc_title.default\">\n\t\t\t\t<div class=\"elementor-widget-container\">\n\t\t\t\t\t<div\t\tclass=\"sc_title sc_title_default\" ><h1 class=\"sc_item_title sc_title_title sc_align_center sc_item_title_style_default sc_item_title_tag trx_addons_inline_924449179\"\n\t\t\t><span class=\"sc_item_title_text\">Info hotels<\/span><\/h1><\/div>\t\t\t\t<\/div>\n\t\t\t\t<\/div>\n\t\t\t\t<div class=\"elementor-element elementor-element-20b1561 sc_height_large sc_fly_static elementor-widget elementor-widget-spacer\" data-id=\"20b1561\" data-element_type=\"widget\" data-e-type=\"widget\" data-widget_type=\"spacer.default\">\n\t\t\t\t<div class=\"elementor-widget-container\">\n\t\t\t\t\t\t\t<div class=\"elementor-spacer\">\n\t\t\t<div class=\"elementor-spacer-inner\"><\/div>\n\t\t<\/div>\n\t\t\t\t\t\t<\/div>\n\t\t\t\t<\/div>\n\t\t\t\t\t<\/div>\n\t\t<\/div>\n\t\t\t\t\t<\/div>\n\t\t<\/section>\n\t\t\t\t<section class=\"elementor-section elementor-top-section elementor-element elementor-element-bedd863 elementor-section-boxed elementor-section-height-default elementor-section-height-default sc_fly_static\" data-id=\"bedd863\" data-element_type=\"section\" data-e-type=\"section\" data-settings=\"{&quot;background_background&quot;:&quot;classic&quot;}\">\n\t\t\t\t\t\t<div class=\"elementor-container elementor-column-gap-no\">\n\t\t\t\t\t<div class=\"elementor-column elementor-col-100 elementor-top-column elementor-element elementor-element-06d3c81 sc_content_align_inherit sc_layouts_column_icons_position_left sc_fly_static\" data-id=\"06d3c81\" data-element_type=\"column\" data-e-type=\"column\">\n\t\t\t<div class=\"elementor-widget-wrap elementor-element-populated\">\n\t\t\t\t\t\t<div class=\"elementor-element elementor-element-216b99e sc_height_huge sc_fly_static elementor-widget elementor-widget-spacer\" data-id=\"216b99e\" data-element_type=\"widget\" data-e-type=\"widget\" data-widget_type=\"spacer.default\">\n\t\t\t\t<div class=\"elementor-widget-container\">\n\t\t\t\t\t\t\t<div class=\"elementor-spacer\">\n\t\t\t<div class=\"elementor-spacer-inner\"><\/div>\n\t\t<\/div>\n\t\t\t\t\t\t<\/div>\n\t\t\t\t<\/div>\n\t\t\t\t<div class=\"elementor-element elementor-element-85f2abf sc_fly_static elementor-widget elementor-widget-trx_sc_title\" data-id=\"85f2abf\" data-element_type=\"widget\" data-e-type=\"widget\" data-widget_type=\"trx_sc_title.default\">\n\t\t\t\t<div class=\"elementor-widget-container\">\n\t\t\t\t\t<div\t\tclass=\"sc_title sc_title_default\" ><h2 class=\"sc_item_title sc_title_title sc_align_center sc_item_title_style_default sc_item_title_tag\"\n\t\t\t><span class=\"sc_item_title_text\">H\u00f4tels et G\u00eetes ruraux dans la province de Salamanca et Avila<\/span><\/h2><\/div>\t\t\t\t<\/div>\n\t\t\t\t<\/div>\n\t\t\t\t<div class=\"elementor-element elementor-element-79880e8 sc_height_tiny sc_layouts_hide_on_tablet sc_layouts_hide_on_mobile sc_fly_static elementor-widget elementor-widget-spacer\" data-id=\"79880e8\" data-element_type=\"widget\" data-e-type=\"widget\" data-widget_type=\"spacer.default\">\n\t\t\t\t<div class=\"elementor-widget-container\">\n\t\t\t\t\t\t\t<div class=\"elementor-spacer\">\n\t\t\t<div class=\"elementor-spacer-inner\"><\/div>\n\t\t<\/div>\n\t\t\t\t\t\t<\/div>\n\t\t\t\t<\/div>\n\t\t\t\t<div class=\"elementor-element elementor-element-cda23e9 sc_fly_static elementor-widget elementor-widget-text-editor\" data-id=\"cda23e9\" data-element_type=\"widget\" data-e-type=\"widget\" data-widget_type=\"text-editor.default\">\n\t\t\t\t<div class=\"elementor-widget-container\">\n\t\t\t\t\t\t\t\t\t<p><strong>HR:<\/strong> Hotel rural | <strong>GR:<\/strong> G\u00eete Rural | <strong>AC:<\/strong> accessible<\/p>\t\t\t\t\t\t\t\t<\/div>\n\t\t\t\t<\/div>\n\t\t\t\t<div class=\"elementor-element elementor-element-cfe7505 sc_height_medium sc_layouts_hide_on_tablet sc_layouts_hide_on_mobile sc_fly_static elementor-widget elementor-widget-spacer\" data-id=\"cfe7505\" data-element_type=\"widget\" data-e-type=\"widget\" data-widget_type=\"spacer.default\">\n\t\t\t\t<div class=\"elementor-widget-container\">\n\t\t\t\t\t\t\t<div class=\"elementor-spacer\">\n\t\t\t<div class=\"elementor-spacer-inner\"><\/div>\n\t\t<\/div>\n\t\t\t\t\t\t<\/div>\n\t\t\t\t<\/div>\n\t\t\t\t<div class=\"elementor-element elementor-element-a7bb538 sc_fly_static elementor-widget elementor-widget-trx_sc_title\" data-id=\"a7bb538\" data-element_type=\"widget\" data-e-type=\"widget\" data-widget_type=\"trx_sc_title.default\">\n\t\t\t\t<div class=\"elementor-widget-container\">\n\t\t\t\t\t<div\t\tclass=\"sc_title sc_title_default\" ><h3 class=\"sc_item_title sc_title_title sc_align_center sc_item_title_style_default sc_item_title_tag\"\n\t\t\t><span class=\"sc_item_title_text\">Salamanca province<\/span><\/h3><\/div>\t\t\t\t<\/div>\n\t\t\t\t<\/div>\n\t\t\t\t<div class=\"elementor-element elementor-element-5db1d6f sc_height_small sc_layouts_hide_on_tablet sc_layouts_hide_on_mobile sc_fly_static elementor-widget elementor-widget-spacer\" data-id=\"5db1d6f\" data-element_type=\"widget\" data-e-type=\"widget\" data-widget_type=\"spacer.default\">\n\t\t\t\t<div class=\"elementor-widget-container\">\n\t\t\t\t\t\t\t<div class=\"elementor-spacer\">\n\t\t\t<div class=\"elementor-spacer-inner\"><\/div>\n\t\t<\/div>\n\t\t\t\t\t\t<\/div>\n\t\t\t\t<\/div>\n\t\t\t\t<div class=\"elementor-element elementor-element-9f89d0a sc_fly_static elementor-widget elementor-widget-trx_sc_icons\" data-id=\"9f89d0a\" data-element_type=\"widget\" data-e-type=\"widget\" data-widget_type=\"trx_sc_icons.default\">\n\t\t\t\t<div class=\"elementor-widget-container\">\n\t\t\t\t\t<div \tclass=\"sc_icons sc_icons_plate sc_icons_size_medium sc_align_center\" ><div class=\"sc_icons_columns_wrap sc_item_columns trx_addons_columns_wrap columns_padding_bottom\" ><div class=\"trx_addons_column-1_4 trx_addons_column-1_2-tablet\"><div class=\"sc_icons_item sc_icons_item_linked with_more\"><div class=\"sc_icons_item_details\"><p class=\"sc_icons_item_title\"><a href=\"http:\/\/www.salvatierrarural.es\" target=\"_blank\" rel=\"noopener noreferrer nofollow\">\r\n                                    HR Salvatierra Rural                                    <\/a><\/p><div class=\"sc_icons_item_description\"><span>Salvatierra de Tormes, Embalse de Sta Teresa <\/span><span><\/span><\/div><a href=\"http:\/\/www.salvatierrarural.es\" class=\"sc_icons_item_more_link\" target=\"_blank\" rel=\"noopener noreferrer nofollow\">\r\n                        <span class=\"link_text\">www.salvatierrarural.es <\/span><span class=\"link_icon\"><\/span>\r\n                        <\/a><a href=\"http:\/\/www.salvatierrarural.es\"\r\n                        class=\"sc_icons_item_link\" target=\"_blank\" rel=\"noopener noreferrer nofollow\">\r\n                        <\/a><\/div><\/div><\/div><div class=\"trx_addons_column-1_4 trx_addons_column-1_2-tablet\"><div class=\"sc_icons_item sc_icons_item_linked with_more\"><div class=\"sc_icons_item_details\"><p class=\"sc_icons_item_title\"><a href=\"http:\/\/www.elgorgocil.es\" target=\"_blank\" rel=\"noopener noreferrer nofollow\">\r\n                                    GR El Gorgocil                                    <\/a><\/p><div class=\"sc_icons_item_description\"><span>Puente del Congosto, Alto Tormes<\/span><span><\/span><\/div><a href=\"http:\/\/www.elgorgocil.es\" class=\"sc_icons_item_more_link\" target=\"_blank\" rel=\"noopener noreferrer nofollow\">\r\n                        <span class=\"link_text\">www.elgorgocil.es<\/span><span class=\"link_icon\"><\/span>\r\n                        <\/a><a href=\"http:\/\/www.elgorgocil.es\"\r\n                        class=\"sc_icons_item_link\" target=\"_blank\" rel=\"noopener noreferrer nofollow\">\r\n                        <\/a><\/div><\/div><\/div><div class=\"trx_addons_column-1_4 trx_addons_column-1_2-tablet\"><div class=\"sc_icons_item sc_icons_item_linked with_more\"><div class=\"sc_icons_item_details\"><p class=\"sc_icons_item_title\"><a href=\"http:\/\/www.altairturismorural.com\" target=\"_blank\" rel=\"noopener noreferrer nofollow\">\r\n                                    AC GR Altair                                    <\/a><\/p><div class=\"sc_icons_item_description\"><span>Fuentebuena, Sierra de B\u00e9jar<\/span><span><\/span><\/div><a href=\"http:\/\/www.altairturismorural.com\" class=\"sc_icons_item_more_link\" target=\"_blank\" rel=\"noopener noreferrer nofollow\">\r\n                        <span class=\"link_text\">www.altairturismorural.com<\/span><span class=\"link_icon\"><\/span>\r\n                        <\/a><a href=\"http:\/\/www.altairturismorural.com\"\r\n                        class=\"sc_icons_item_link\" target=\"_blank\" rel=\"noopener noreferrer nofollow\">\r\n                        <\/a><\/div><\/div><\/div><div class=\"trx_addons_column-1_4 trx_addons_column-1_2-tablet\"><div class=\"sc_icons_item sc_icons_item_linked with_more\"><div class=\"sc_icons_item_details\"><p class=\"sc_icons_item_title\"><a href=\"http:\/\/www.mesadelconde.es\" target=\"_blank\" rel=\"noopener noreferrer nofollow\">\r\n                                    HR La Mesa del Conde                                    <\/a><\/p><div class=\"sc_icons_item_description\"><span>San Felices de los Gallegos, Arribes del Duero<\/span><span><\/span><\/div><a href=\"http:\/\/www.mesadelconde.es\" class=\"sc_icons_item_more_link\" target=\"_blank\" rel=\"noopener noreferrer nofollow\">\r\n                        <span class=\"link_text\">www.mesadelconde.es<\/span><span class=\"link_icon\"><\/span>\r\n                        <\/a><a href=\"http:\/\/www.mesadelconde.es\"\r\n                        class=\"sc_icons_item_link\" target=\"_blank\" rel=\"noopener noreferrer nofollow\">\r\n                        <\/a><\/div><\/div><\/div><div class=\"trx_addons_column-1_4 trx_addons_column-1_2-tablet\"><div class=\"sc_icons_item sc_icons_item_linked with_more\"><div class=\"sc_icons_item_details\"><p class=\"sc_icons_item_title\"><a href=\"http:\/\/www.hotelruralportacoeli.es\" target=\"_blank\" rel=\"noopener noreferrer nofollow\">\r\n                                    AC HR Porta Coeli                                    <\/a><\/p><div class=\"sc_icons_item_description\"><span>San Martin del Casta\u00f1ar, Sierra de Francia <\/span><span><\/span><\/div><a href=\"http:\/\/www.hotelruralportacoeli.es\" class=\"sc_icons_item_more_link\" target=\"_blank\" rel=\"noopener noreferrer nofollow\">\r\n                        <span class=\"link_text\">www.hotelruralportacoeli.es<\/span><span class=\"link_icon\"><\/span>\r\n                        <\/a><a href=\"http:\/\/www.hotelruralportacoeli.es\"\r\n                        class=\"sc_icons_item_link\" target=\"_blank\" rel=\"noopener noreferrer nofollow\">\r\n                        <\/a><\/div><\/div><\/div><div class=\"trx_addons_column-1_4 trx_addons_column-1_2-tablet\"><div class=\"sc_icons_item sc_icons_item_linked with_more\"><div class=\"sc_icons_item_details\"><p class=\"sc_icons_item_title\"><a href=\"http:\/\/www.antiguaseras.com\" target=\"_blank\" rel=\"noopener noreferrer nofollow\">\r\n                                    HR Antiguas Eras                                    <\/a><\/p><div class=\"sc_icons_item_description\"><span>La Alberca, Sierra de Francia <\/span><\/div><a href=\"http:\/\/www.antiguaseras.com\" class=\"sc_icons_item_more_link\" target=\"_blank\" rel=\"noopener noreferrer nofollow\">\r\n                        <span class=\"link_text\">www.antiguaseras.com<\/span><span class=\"link_icon\"><\/span>\r\n                        <\/a><a href=\"http:\/\/www.antiguaseras.com\"\r\n                        class=\"sc_icons_item_link\" target=\"_blank\" rel=\"noopener noreferrer nofollow\">\r\n                        <\/a><\/div><\/div><\/div><div class=\"trx_addons_column-1_4 trx_addons_column-1_2-tablet\"><div class=\"sc_icons_item sc_icons_item_linked with_more\"><div class=\"sc_icons_item_details\"><p class=\"sc_icons_item_title\"><a href=\"http:\/\/www.jardinesdelrobledo.com\" target=\"_blank\" rel=\"noopener noreferrer nofollow\">\r\n                                    GR Jardines del Robledo                                    <\/a><\/p><div class=\"sc_icons_item_description\"><span>San Mart\u00edn del Robledo, Sierra de Francia<\/span><\/div><a href=\"http:\/\/www.jardinesdelrobledo.com\" class=\"sc_icons_item_more_link\" target=\"_blank\" rel=\"noopener noreferrer nofollow\">\r\n                        <span class=\"link_text\">www.jardinesdelrobledo.com<\/span><span class=\"link_icon\"><\/span>\r\n                        <\/a><a href=\"http:\/\/www.jardinesdelrobledo.com\"\r\n                        class=\"sc_icons_item_link\" target=\"_blank\" rel=\"noopener noreferrer nofollow\">\r\n                        <\/a><\/div><\/div><\/div><div class=\"trx_addons_column-1_4 trx_addons_column-1_2-tablet\"><div class=\"sc_icons_item sc_icons_item_linked with_more\"><div class=\"sc_icons_item_details\"><p class=\"sc_icons_item_title\"><a href=\"http:\/\/www.casasierrasalamanca.com\" target=\"_blank\" rel=\"noopener noreferrer nofollow\">\r\n                                    GR Ca\u00f1o Chico y La Fuente                                    <\/a><\/p><div class=\"sc_icons_item_description\"><span>Villanueva del Conde, Sierra de Francia <\/span><\/div><a href=\"http:\/\/www.casasierrasalamanca.com\" class=\"sc_icons_item_more_link\" target=\"_blank\" rel=\"noopener noreferrer nofollow\">\r\n                        <span class=\"link_text\">www.casasierrasalamanca.com<\/span><span class=\"link_icon\"><\/span>\r\n                        <\/a><a href=\"http:\/\/www.casasierrasalamanca.com\"\r\n                        class=\"sc_icons_item_link\" target=\"_blank\" rel=\"noopener noreferrer nofollow\">\r\n                        <\/a><\/div><\/div><\/div><div class=\"trx_addons_column-1_4 trx_addons_column-1_2-tablet\"><div class=\"sc_icons_item sc_icons_item_linked with_more\"><div class=\"sc_icons_item_details\"><p class=\"sc_icons_item_title\"><a href=\"http:\/\/www.casasalva.es\" target=\"_blank\" rel=\"noopener noreferrer nofollow\">\r\n                                    GR Casa Salva                                    <\/a><\/p><div class=\"sc_icons_item_description\"><span>La Rinconada, Sierra de Francia <\/span><\/div><a href=\"http:\/\/www.casasalva.es\" class=\"sc_icons_item_more_link\" target=\"_blank\" rel=\"noopener noreferrer nofollow\">\r\n                        <span class=\"link_text\">www.casasalva.es<\/span><span class=\"link_icon\"><\/span>\r\n                        <\/a><a href=\"http:\/\/www.casasalva.es\"\r\n                        class=\"sc_icons_item_link\" target=\"_blank\" rel=\"noopener noreferrer nofollow\">\r\n                        <\/a><\/div><\/div><\/div><\/div><\/div><!-- \/.sc_icons -->\t\t\t\t<\/div>\n\t\t\t\t<\/div>\n\t\t\t\t<div class=\"elementor-element elementor-element-31994b7 sc_height_medium sc_layouts_hide_on_tablet sc_layouts_hide_on_mobile sc_fly_static elementor-widget elementor-widget-spacer\" data-id=\"31994b7\" data-element_type=\"widget\" data-e-type=\"widget\" data-widget_type=\"spacer.default\">\n\t\t\t\t<div class=\"elementor-widget-container\">\n\t\t\t\t\t\t\t<div class=\"elementor-spacer\">\n\t\t\t<div class=\"elementor-spacer-inner\"><\/div>\n\t\t<\/div>\n\t\t\t\t\t\t<\/div>\n\t\t\t\t<\/div>\n\t\t\t\t<div class=\"elementor-element elementor-element-d05b1c9 sc_fly_static elementor-widget elementor-widget-trx_sc_title\" data-id=\"d05b1c9\" data-element_type=\"widget\" data-e-type=\"widget\" data-widget_type=\"trx_sc_title.default\">\n\t\t\t\t<div class=\"elementor-widget-container\">\n\t\t\t\t\t<div\t\tclass=\"sc_title sc_title_default\" ><h3 class=\"sc_item_title sc_title_title sc_align_center sc_item_title_style_default sc_item_title_tag\"\n\t\t\t><span class=\"sc_item_title_text\">\u00c1vila<\/span><\/h3><\/div>\t\t\t\t<\/div>\n\t\t\t\t<\/div>\n\t\t\t\t<div class=\"elementor-element elementor-element-4257720 sc_height_small sc_layouts_hide_on_tablet sc_layouts_hide_on_mobile sc_fly_static elementor-widget elementor-widget-spacer\" data-id=\"4257720\" data-element_type=\"widget\" data-e-type=\"widget\" data-widget_type=\"spacer.default\">\n\t\t\t\t<div class=\"elementor-widget-container\">\n\t\t\t\t\t\t\t<div class=\"elementor-spacer\">\n\t\t\t<div class=\"elementor-spacer-inner\"><\/div>\n\t\t<\/div>\n\t\t\t\t\t\t<\/div>\n\t\t\t\t<\/div>\n\t\t\t\t<div class=\"elementor-element elementor-element-2bfa16f sc_fly_static elementor-widget elementor-widget-trx_sc_icons\" data-id=\"2bfa16f\" data-element_type=\"widget\" data-e-type=\"widget\" data-widget_type=\"trx_sc_icons.default\">\n\t\t\t\t<div class=\"elementor-widget-container\">\n\t\t\t\t\t<div \tclass=\"sc_icons sc_icons_plate sc_icons_size_medium sc_align_center\" ><div class=\"sc_icons_columns_wrap sc_item_columns trx_addons_columns_wrap columns_padding_bottom\" ><div class=\"trx_addons_column-1_3 trx_addons_column-1_2-tablet\"><div class=\"sc_icons_item sc_icons_item_linked with_more\"><div class=\"sc_icons_item_details\"><p class=\"sc_icons_item_title\"><a href=\"http:\/\/www.hostalalmanzor.com\" target=\"_blank\" rel=\"noopener noreferrer nofollow\">\r\n                                    HR Hostal Almanzor                                    <\/a><\/p><div class=\"sc_icons_item_description\"><span>Navaredonda de Gredos, \u00c1vila<\/span><\/div><a href=\"http:\/\/www.hostalalmanzor.com\" class=\"sc_icons_item_more_link\" target=\"_blank\" rel=\"noopener noreferrer nofollow\">\r\n                        <span class=\"link_text\">www.hostalalmanzor.com<\/span><span class=\"link_icon\"><\/span>\r\n                        <\/a><a href=\"http:\/\/www.hostalalmanzor.com\"\r\n                        class=\"sc_icons_item_link\" target=\"_blank\" rel=\"noopener noreferrer nofollow\">\r\n                        <\/a><\/div><\/div><\/div><div class=\"trx_addons_column-1_3 trx_addons_column-1_2-tablet\"><div class=\"sc_icons_item sc_icons_item_linked with_more\"><div class=\"sc_icons_item_details\"><p class=\"sc_icons_item_title\"><a href=\"http:\/\/www.casalastejeruelas.com\" target=\"_blank\" rel=\"noopener noreferrer nofollow\">\r\n                                    GR Tejeruelas                                    <\/a><\/p><div class=\"sc_icons_item_description\"><span>Navacepedilla de Corneja, Sierra de Gredos, \u00c1vila<\/span><\/div><a href=\"http:\/\/www.casalastejeruelas.com\" class=\"sc_icons_item_more_link\" target=\"_blank\" rel=\"noopener noreferrer nofollow\">\r\n                        <span class=\"link_text\">www.casalastejeruelas.com<\/span><span class=\"link_icon\"><\/span>\r\n                        <\/a><a href=\"http:\/\/www.casalastejeruelas.com\"\r\n                        class=\"sc_icons_item_link\" target=\"_blank\" rel=\"noopener noreferrer nofollow\">\r\n                        <\/a><\/div><\/div><\/div><div class=\"trx_addons_column-1_3 trx_addons_column-1_2-tablet\"><div class=\"sc_icons_item sc_icons_item_linked with_more\"><div class=\"sc_icons_item_details\"><p class=\"sc_icons_item_title\"><a href=\"http:\/\/www.izanhoteles.es\" target=\"_blank\" rel=\"noopener noreferrer nofollow\">\r\n                                    HR Iz\u00e1n Puerta de Gredos                                    <\/a><\/p><div class=\"sc_icons_item_description\"><span>Barco de \u00c1vila, \u00c1vila<\/span><\/div><a href=\"http:\/\/www.izanhoteles.es\" class=\"sc_icons_item_more_link\" target=\"_blank\" rel=\"noopener noreferrer nofollow\">\r\n                        <span class=\"link_text\">www.izanhoteles.es<\/span><span class=\"link_icon\"><\/span>\r\n                        <\/a><a href=\"http:\/\/www.izanhoteles.es\"\r\n                        class=\"sc_icons_item_link\" target=\"_blank\" rel=\"noopener noreferrer nofollow\">\r\n                        <\/a><\/div><\/div><\/div><div class=\"trx_addons_column-1_3 trx_addons_column-1_2-tablet\"><div class=\"sc_icons_item sc_icons_item_linked with_more\"><div class=\"sc_icons_item_details\"><p class=\"sc_icons_item_title\"><a href=\"https:\/\/latrochadehoyorredondo.com\/\" target=\"_blank\" rel=\"noopener noreferrer nofollow\">\r\n                                    HR La Trocha de Hoyorredondo                                    <\/a><\/p><div class=\"sc_icons_item_description\"><span>La Carrera, Hoyorredondo, \u00c1vila<\/span><\/div><a href=\"https:\/\/latrochadehoyorredondo.com\/\" class=\"sc_icons_item_more_link\" target=\"_blank\" rel=\"noopener noreferrer nofollow\">\r\n                        <span class=\"link_text\">latrochadehoyorredondo.com<\/span><span class=\"link_icon\"><\/span>\r\n                        <\/a><a href=\"https:\/\/latrochadehoyorredondo.com\/\"\r\n                        class=\"sc_icons_item_link\" target=\"_blank\" rel=\"noopener noreferrer nofollow\">\r\n                        <\/a><\/div><\/div><\/div><\/div><\/div><!-- \/.sc_icons -->\t\t\t\t<\/div>\n\t\t\t\t<\/div>\n\t\t\t\t<div class=\"elementor-element elementor-element-a973d0b sc_height_medium sc_layouts_hide_on_tablet sc_layouts_hide_on_mobile sc_fly_static elementor-widget elementor-widget-spacer\" data-id=\"a973d0b\" data-element_type=\"widget\" data-e-type=\"widget\" data-widget_type=\"spacer.default\">\n\t\t\t\t<div class=\"elementor-widget-container\">\n\t\t\t\t\t\t\t<div class=\"elementor-spacer\">\n\t\t\t<div class=\"elementor-spacer-inner\"><\/div>\n\t\t<\/div>\n\t\t\t\t\t\t<\/div>\n\t\t\t\t<\/div>\n\t\t\t\t<div class=\"elementor-element elementor-element-8efc09e sc_fly_static elementor-widget elementor-widget-trx_sc_title\" data-id=\"8efc09e\" data-element_type=\"widget\" data-e-type=\"widget\" data-widget_type=\"trx_sc_title.default\">\n\t\t\t\t<div class=\"elementor-widget-container\">\n\t\t\t\t\t<div\t\tclass=\"sc_title sc_title_default\" ><h3 class=\"sc_item_title sc_title_title sc_align_center sc_item_title_style_default sc_item_title_tag\"\n\t\t\t><span class=\"sc_item_title_text\">Attractions<\/span><\/h3><\/div>\t\t\t\t<\/div>\n\t\t\t\t<\/div>\n\t\t\t\t<div class=\"elementor-element elementor-element-1f7c8c6 sc_height_small sc_layouts_hide_on_tablet sc_layouts_hide_on_mobile sc_fly_static elementor-widget elementor-widget-spacer\" data-id=\"1f7c8c6\" data-element_type=\"widget\" data-e-type=\"widget\" data-widget_type=\"spacer.default\">\n\t\t\t\t<div class=\"elementor-widget-container\">\n\t\t\t\t\t\t\t<div class=\"elementor-spacer\">\n\t\t\t<div class=\"elementor-spacer-inner\"><\/div>\n\t\t<\/div>\n\t\t\t\t\t\t<\/div>\n\t\t\t\t<\/div>\n\t\t\t\t<div class=\"elementor-element elementor-element-4aef342 sc_fly_static elementor-widget elementor-widget-trx_sc_icons\" data-id=\"4aef342\" data-element_type=\"widget\" data-e-type=\"widget\" data-widget_type=\"trx_sc_icons.default\">\n\t\t\t\t<div class=\"elementor-widget-container\">\n\t\t\t\t\t<div \tclass=\"sc_icons sc_icons_plate sc_icons_size_medium sc_align_center\" ><div class=\"sc_icons_item sc_icons_item_linked with_more\"><div class=\"sc_icons_item_details\"><p class=\"sc_icons_item_title\"><a href=\"http:\/\/www.turismosanmartin.es\" target=\"_blank\" rel=\"noopener noreferrer nofollow\">\r\n                                    Bodega medieval                                    <\/a><\/p><div class=\"sc_icons_item_description\"><span>San Mart\u00edn del Casta\u00f1ar, Sierra de Francia, Salamanca<\/span><\/div><a href=\"http:\/\/www.turismosanmartin.es\" class=\"sc_icons_item_more_link\" target=\"_blank\" rel=\"noopener noreferrer nofollow\">\r\n                        <span class=\"link_text\">www.turismosanmartin.es<\/span><span class=\"link_icon\"><\/span>\r\n                        <\/a><a href=\"http:\/\/www.turismosanmartin.es\"\r\n                        class=\"sc_icons_item_link\" target=\"_blank\" rel=\"noopener noreferrer nofollow\">\r\n                        <\/a><\/div><\/div><\/div><!-- \/.sc_icons -->\t\t\t\t<\/div>\n\t\t\t\t<\/div>\n\t\t\t\t<div class=\"elementor-element elementor-element-2f2465b sc_height_medium sc_layouts_hide_on_tablet sc_layouts_hide_on_mobile sc_fly_static elementor-widget elementor-widget-spacer\" data-id=\"2f2465b\" data-element_type=\"widget\" data-e-type=\"widget\" data-widget_type=\"spacer.default\">\n\t\t\t\t<div class=\"elementor-widget-container\">\n\t\t\t\t\t\t\t<div class=\"elementor-spacer\">\n\t\t\t<div class=\"elementor-spacer-inner\"><\/div>\n\t\t<\/div>\n\t\t\t\t\t\t<\/div>\n\t\t\t\t<\/div>\n\t\t\t\t<div class=\"elementor-element elementor-element-99b179d sc_fly_static elementor-widget elementor-widget-trx_sc_title\" data-id=\"99b179d\" data-element_type=\"widget\" data-e-type=\"widget\" data-widget_type=\"trx_sc_title.default\">\n\t\t\t\t<div class=\"elementor-widget-container\">\n\t\t\t\t\t<div\t\tclass=\"sc_title sc_title_default\" ><h3 class=\"sc_item_title sc_title_title sc_align_center sc_item_title_style_default sc_item_title_tag\"\n\t\t\t><span class=\"sc_item_title_text\">Liens amis<\/span><\/h3><\/div>\t\t\t\t<\/div>\n\t\t\t\t<\/div>\n\t\t\t\t<div class=\"elementor-element elementor-element-de5b4b2 sc_height_small sc_layouts_hide_on_tablet sc_layouts_hide_on_mobile sc_fly_static elementor-widget elementor-widget-spacer\" data-id=\"de5b4b2\" data-element_type=\"widget\" data-e-type=\"widget\" data-widget_type=\"spacer.default\">\n\t\t\t\t<div class=\"elementor-widget-container\">\n\t\t\t\t\t\t\t<div class=\"elementor-spacer\">\n\t\t\t<div class=\"elementor-spacer-inner\"><\/div>\n\t\t<\/div>\n\t\t\t\t\t\t<\/div>\n\t\t\t\t<\/div>\n\t\t\t\t<div class=\"elementor-element elementor-element-94eeb6e sc_fly_static elementor-widget elementor-widget-trx_sc_icons\" data-id=\"94eeb6e\" data-element_type=\"widget\" data-e-type=\"widget\" data-widget_type=\"trx_sc_icons.default\">\n\t\t\t\t<div class=\"elementor-widget-container\">\n\t\t\t\t\t<div \tclass=\"sc_icons sc_icons_plate sc_icons_size_medium sc_align_center\" ><div class=\"sc_icons_columns_wrap sc_item_columns trx_addons_columns_wrap columns_padding_bottom columns_in_single_row\" ><div class=\"trx_addons_column-1_4 trx_addons_column-1_2-tablet\"><div class=\"sc_icons_item sc_icons_item_linked with_more\"><div class=\"sc_icons_item_details\"><p class=\"sc_icons_item_title\"><a href=\"http:\/\/www.goyarcyl.com\" target=\"_blank\" rel=\"noopener noreferrer nofollow\">\r\n                                    Goyarcyl                                    <\/a><\/p><div class=\"sc_icons_item_description\"><span>Guides d'ornitologie et Logements Ruraux Castilla y Le\u00f3n<\/span><\/div><a href=\"http:\/\/www.goyarcyl.com\" class=\"sc_icons_item_more_link\" target=\"_blank\" rel=\"noopener noreferrer nofollow\">\r\n                        <span class=\"link_text\">www.goyarcyl.com<\/span><span class=\"link_icon\"><\/span>\r\n                        <\/a><a href=\"http:\/\/www.goyarcyl.com\"\r\n                        class=\"sc_icons_item_link\" target=\"_blank\" rel=\"noopener noreferrer nofollow\">\r\n                        <\/a><\/div><\/div><\/div><div class=\"trx_addons_column-1_4 trx_addons_column-1_2-tablet\"><div class=\"sc_icons_item sc_icons_item_linked with_more\"><div class=\"sc_icons_item_details\"><p class=\"sc_icons_item_title\"><a href=\"http:\/\/www.turismoentresierras.com\" target=\"_blank\" rel=\"noopener noreferrer nofollow\">\r\n                                    Web de Tourisme et activit\u00e9es                                    <\/a><\/p><div class=\"sc_icons_item_description\"><span>dans la region<\/span><\/div><a href=\"http:\/\/www.turismoentresierras.com\" class=\"sc_icons_item_more_link\" target=\"_blank\" rel=\"noopener noreferrer nofollow\">\r\n                        <span class=\"link_text\">www.turismoentresierras.com<\/span><span class=\"link_icon\"><\/span>\r\n                        <\/a><a href=\"http:\/\/www.turismoentresierras.com\"\r\n                        class=\"sc_icons_item_link\" target=\"_blank\" rel=\"noopener noreferrer nofollow\">\r\n                        <\/a><\/div><\/div><\/div><div class=\"trx_addons_column-1_4 trx_addons_column-1_2-tablet\"><div class=\"sc_icons_item sc_icons_item_linked with_more\"><div class=\"sc_icons_item_details\"><p class=\"sc_icons_item_title\"><a href=\"http:\/\/www.masquepajaros.com\" target=\"_blank\" rel=\"noopener noreferrer nofollow\">\r\n                                    M\u00e1s que P\u00e1jaros                                    <\/a><\/p><div class=\"sc_icons_item_description\"><span>Observation d'ours dans Picos de Europa, Le\u00f3n<\/span><\/div><a href=\"http:\/\/www.masquepajaros.com\" class=\"sc_icons_item_more_link\" target=\"_blank\" rel=\"noopener noreferrer nofollow\">\r\n                        <span class=\"link_text\">www.masquepajaros.com<\/span><span class=\"link_icon\"><\/span>\r\n                        <\/a><a href=\"http:\/\/www.masquepajaros.com\"\r\n                        class=\"sc_icons_item_link\" target=\"_blank\" rel=\"noopener noreferrer nofollow\">\r\n                        <\/a><\/div><\/div><\/div><div class=\"trx_addons_column-1_4 trx_addons_column-1_2-tablet\"><div class=\"sc_icons_item sc_icons_item_linked with_more\"><div class=\"sc_icons_item_details\"><p class=\"sc_icons_item_title\"><a href=\"https:\/\/www.oiseaux.net\/\" target=\"_blank\" rel=\"noopener noreferrer nofollow\">\r\n                                    Web fran\u00e7aise                                    <\/a><\/p><div class=\"sc_icons_item_description\"><span>d'Ornitologie<\/span><\/div><a href=\"https:\/\/www.oiseaux.net\/\" class=\"sc_icons_item_more_link\" target=\"_blank\" rel=\"noopener noreferrer nofollow\">\r\n                        <span class=\"link_text\">www.oiseaux.net<\/span><span class=\"link_icon\"><\/span>\r\n                        <\/a><a href=\"https:\/\/www.oiseaux.net\/\"\r\n                        class=\"sc_icons_item_link\" target=\"_blank\" rel=\"noopener noreferrer nofollow\">\r\n                        <\/a><\/div><\/div><\/div><\/div><\/div><!-- \/.sc_icons -->\t\t\t\t<\/div>\n\t\t\t\t<\/div>\n\t\t\t\t<div class=\"elementor-element elementor-element-51ac982 sc_height_huge sc_fly_static elementor-widget elementor-widget-spacer\" data-id=\"51ac982\" data-element_type=\"widget\" data-e-type=\"widget\" data-widget_type=\"spacer.default\">\n\t\t\t\t<div class=\"elementor-widget-container\">\n\t\t\t\t\t\t\t<div class=\"elementor-spacer\">\n\t\t\t<div class=\"elementor-spacer-inner\"><\/div>\n\t\t<\/div>\n\t\t\t\t\t\t<\/div>\n\t\t\t\t<\/div>\n\t\t\t\t\t<\/div>\n\t\t<\/div>\n\t\t\t\t\t<\/div>\n\t\t<\/section>\n\t\t\t\t<\/div>\n\t\t","protected":false},"excerpt":{"rendered":"<p>Info hotels H\u00f4tels et G\u00eetes ruraux dans la province de Salamanca et Avila HR: Hotel rural | GR: G\u00eete Rural | AC: accessible Salamanca province HR Salvatierra Rural Salvatierra de&hellip;<\/p>\n","protected":false},"author":31,"featured_media":0,"parent":0,"menu_order":0,"comment_status":"closed","ping_status":"closed","template":"","meta":{"_glsr_average":0,"_glsr_ranking":0,"_glsr_reviews":0,"footnotes":""},"class_list":["post-19581","page","type-page","status-publish","hentry"],"yoast_head":"<!-- This site is optimized with the Yoast SEO plugin v27.4 - https:\/\/yoast.com\/product\/yoast-seo-wordpress\/ -->\n<title>BIRDING IN SPAIN&#039;S WILD WEST - Observation guid\u00e9e des oiseaux dans l&#039;ouest de l&#039;Espagne<\/title>\n<meta name=\"robots\" content=\"noindex, nofollow\" \/>\n<meta property=\"og:locale\" content=\"fr_FR\" \/>\n<meta property=\"og:type\" content=\"article\" \/>\n<meta property=\"og:title\" content=\"BIRDING IN SPAIN&#039;S WILD WEST - Observation guid\u00e9e des oiseaux dans l&#039;ouest de l&#039;Espagne\" \/>\n<meta property=\"og:description\" content=\"Info hotels H\u00f4tels et G\u00eetes ruraux dans la province de Salamanca et Avila HR: Hotel rural | GR: G\u00eete Rural | AC: accessible Salamanca province HR Salvatierra Rural Salvatierra de&hellip;\" \/>\n<meta property=\"og:url\" content=\"https:\/\/birdinginspainswildwest.com\/fr\/info-hotels\/\" \/>\n<meta property=\"og:site_name\" content=\"BIRDING IN SPAIN&#039;S WILD WEST\" \/>\n<meta property=\"article:modified_time\" content=\"2024-11-22T09:31:22+00:00\" \/>\n<meta name=\"twitter:card\" content=\"summary_large_image\" \/>\n<meta name=\"twitter:label1\" content=\"Dur\u00e9e de lecture estim\u00e9e\" \/>\n\t<meta name=\"twitter:data1\" content=\"2 minutes\" \/>\n<script type=\"application\/ld+json\" class=\"yoast-schema-graph\">{\"@context\":\"https:\\\/\\\/schema.org\",\"@graph\":[{\"@type\":\"WebPage\",\"@id\":\"https:\\\/\\\/birdinginspainswildwest.com\\\/fr\\\/info-hotels\\\/\",\"url\":\"https:\\\/\\\/birdinginspainswildwest.com\\\/fr\\\/info-hotels\\\/\",\"name\":\"BIRDING IN SPAIN'S WILD WEST - Observation guid\u00e9e des oiseaux dans l'ouest de l'Espagne\",\"isPartOf\":{\"@id\":\"https:\\\/\\\/birdinginspainswildwest.com\\\/fr\\\/#website\"},\"datePublished\":\"2024-10-31T09:29:42+00:00\",\"dateModified\":\"2024-11-22T09:31:22+00:00\",\"breadcrumb\":{\"@id\":\"https:\\\/\\\/birdinginspainswildwest.com\\\/fr\\\/info-hotels\\\/#breadcrumb\"},\"inLanguage\":\"fr-FR\",\"potentialAction\":[{\"@type\":\"ReadAction\",\"target\":[\"https:\\\/\\\/birdinginspainswildwest.com\\\/fr\\\/info-hotels\\\/\"]}]},{\"@type\":\"BreadcrumbList\",\"@id\":\"https:\\\/\\\/birdinginspainswildwest.com\\\/fr\\\/info-hotels\\\/#breadcrumb\",\"itemListElement\":[{\"@type\":\"ListItem\",\"position\":1,\"name\":\"Portada\",\"item\":\"https:\\\/\\\/birdinginspainswildwest.com\\\/fr\\\/\"},{\"@type\":\"ListItem\",\"position\":2,\"name\":\"Info hotels\"}]},{\"@type\":\"WebSite\",\"@id\":\"https:\\\/\\\/birdinginspainswildwest.com\\\/fr\\\/#website\",\"url\":\"https:\\\/\\\/birdinginspainswildwest.com\\\/fr\\\/\",\"name\":\"BIRDING IN SPAIN&#039;S WILD WEST\",\"description\":\"Guided birding in the west of Spain\",\"publisher\":{\"@id\":\"https:\\\/\\\/birdinginspainswildwest.com\\\/fr\\\/#organization\"},\"potentialAction\":[{\"@type\":\"SearchAction\",\"target\":{\"@type\":\"EntryPoint\",\"urlTemplate\":\"https:\\\/\\\/birdinginspainswildwest.com\\\/fr\\\/?s={search_term_string}\"},\"query-input\":{\"@type\":\"PropertyValueSpecification\",\"valueRequired\":true,\"valueName\":\"search_term_string\"}}],\"inLanguage\":\"fr-FR\"},{\"@type\":\"Organization\",\"@id\":\"https:\\\/\\\/birdinginspainswildwest.com\\\/fr\\\/#organization\",\"name\":\"BIRDING IN SPAIN&#039;S WILD WEST\",\"url\":\"https:\\\/\\\/birdinginspainswildwest.com\\\/fr\\\/\",\"logo\":{\"@type\":\"ImageObject\",\"inLanguage\":\"fr-FR\",\"@id\":\"https:\\\/\\\/birdinginspainswildwest.com\\\/fr\\\/#\\\/schema\\\/logo\\\/image\\\/\",\"url\":\"https:\\\/\\\/birdinginspainswildwest.com\\\/wp-content\\\/uploads\\\/2020\\\/06\\\/logotipo.webp\",\"contentUrl\":\"https:\\\/\\\/birdinginspainswildwest.com\\\/wp-content\\\/uploads\\\/2020\\\/06\\\/logotipo.webp\",\"width\":179,\"height\":171,\"caption\":\"BIRDING IN SPAIN&#039;S WILD WEST\"},\"image\":{\"@id\":\"https:\\\/\\\/birdinginspainswildwest.com\\\/fr\\\/#\\\/schema\\\/logo\\\/image\\\/\"}}]}<\/script>\n<!-- \/ Yoast SEO plugin. -->","yoast_head_json":{"title":"BIRDING IN SPAIN'S WILD WEST - Observation guid\u00e9e des oiseaux dans l'ouest de l'Espagne","robots":{"index":"noindex","follow":"nofollow"},"og_locale":"fr_FR","og_type":"article","og_title":"BIRDING IN SPAIN'S WILD WEST - Observation guid\u00e9e des oiseaux dans l'ouest de l'Espagne","og_description":"Info hotels H\u00f4tels et G\u00eetes ruraux dans la province de Salamanca et Avila HR: Hotel rural | GR: G\u00eete Rural | AC: accessible Salamanca province HR Salvatierra Rural Salvatierra de&hellip;","og_url":"https:\/\/birdinginspainswildwest.com\/fr\/info-hotels\/","og_site_name":"BIRDING IN SPAIN&#039;S WILD WEST","article_modified_time":"2024-11-22T09:31:22+00:00","twitter_card":"summary_large_image","twitter_misc":{"Dur\u00e9e de lecture estim\u00e9e":"2 minutes"},"schema":{"@context":"https:\/\/schema.org","@graph":[{"@type":"WebPage","@id":"https:\/\/birdinginspainswildwest.com\/fr\/info-hotels\/","url":"https:\/\/birdinginspainswildwest.com\/fr\/info-hotels\/","name":"BIRDING IN SPAIN'S WILD WEST - Observation guid\u00e9e des oiseaux dans l'ouest de l'Espagne","isPartOf":{"@id":"https:\/\/birdinginspainswildwest.com\/fr\/#website"},"datePublished":"2024-10-31T09:29:42+00:00","dateModified":"2024-11-22T09:31:22+00:00","breadcrumb":{"@id":"https:\/\/birdinginspainswildwest.com\/fr\/info-hotels\/#breadcrumb"},"inLanguage":"fr-FR","potentialAction":[{"@type":"ReadAction","target":["https:\/\/birdinginspainswildwest.com\/fr\/info-hotels\/"]}]},{"@type":"BreadcrumbList","@id":"https:\/\/birdinginspainswildwest.com\/fr\/info-hotels\/#breadcrumb","itemListElement":[{"@type":"ListItem","position":1,"name":"Portada","item":"https:\/\/birdinginspainswildwest.com\/fr\/"},{"@type":"ListItem","position":2,"name":"Info hotels"}]},{"@type":"WebSite","@id":"https:\/\/birdinginspainswildwest.com\/fr\/#website","url":"https:\/\/birdinginspainswildwest.com\/fr\/","name":"BIRDING IN SPAIN&#039;S WILD WEST","description":"Guided birding in the west of Spain","publisher":{"@id":"https:\/\/birdinginspainswildwest.com\/fr\/#organization"},"potentialAction":[{"@type":"SearchAction","target":{"@type":"EntryPoint","urlTemplate":"https:\/\/birdinginspainswildwest.com\/fr\/?s={search_term_string}"},"query-input":{"@type":"PropertyValueSpecification","valueRequired":true,"valueName":"search_term_string"}}],"inLanguage":"fr-FR"},{"@type":"Organization","@id":"https:\/\/birdinginspainswildwest.com\/fr\/#organization","name":"BIRDING IN SPAIN&#039;S WILD WEST","url":"https:\/\/birdinginspainswildwest.com\/fr\/","logo":{"@type":"ImageObject","inLanguage":"fr-FR","@id":"https:\/\/birdinginspainswildwest.com\/fr\/#\/schema\/logo\/image\/","url":"https:\/\/birdinginspainswildwest.com\/wp-content\/uploads\/2020\/06\/logotipo.webp","contentUrl":"https:\/\/birdinginspainswildwest.com\/wp-content\/uploads\/2020\/06\/logotipo.webp","width":179,"height":171,"caption":"BIRDING IN SPAIN&#039;S WILD WEST"},"image":{"@id":"https:\/\/birdinginspainswildwest.com\/fr\/#\/schema\/logo\/image\/"}}]}},"_links":{"self":[{"href":"https:\/\/birdinginspainswildwest.com\/fr\/wp-json\/wp\/v2\/pages\/19581","targetHints":{"allow":["GET"]}}],"collection":[{"href":"https:\/\/birdinginspainswildwest.com\/fr\/wp-json\/wp\/v2\/pages"}],"about":[{"href":"https:\/\/birdinginspainswildwest.com\/fr\/wp-json\/wp\/v2\/types\/page"}],"author":[{"embeddable":true,"href":"https:\/\/birdinginspainswildwest.com\/fr\/wp-json\/wp\/v2\/users\/31"}],"replies":[{"embeddable":true,"href":"https:\/\/birdinginspainswildwest.com\/fr\/wp-json\/wp\/v2\/comments?post=19581"}],"version-history":[{"count":5,"href":"https:\/\/birdinginspainswildwest.com\/fr\/wp-json\/wp\/v2\/pages\/19581\/revisions"}],"predecessor-version":[{"id":19589,"href":"https:\/\/birdinginspainswildwest.com\/fr\/wp-json\/wp\/v2\/pages\/19581\/revisions\/19589"}],"wp:attachment":[{"href":"https:\/\/birdinginspainswildwest.com\/fr\/wp-json\/wp\/v2\/media?parent=19581"}],"curies":[{"name":"wp","href":"https:\/\/api.w.org\/{rel}","templated":true}]}}